{"id":403,"date":"2016-04-05T23:39:18","date_gmt":"2016-04-05T23:39:18","guid":{"rendered":"http:\/\/www.palitosdealamo.cl\/?page_id=403"},"modified":"2024-01-19T21:41:49","modified_gmt":"2024-01-19T21:41:49","slug":"restaurantes","status":"publish","type":"page","link":"https:\/\/www.palitosdealamo.cl\/?page_id=403","title":{"rendered":"Productos para Restaurantes"},"content":{"rendered":"\n<p>En HT elaboramos todo tipo de material personalizado para tu restaurante. Ll\u00e1manos y cu\u00e9ntanos tu proyecto, nosotros te apoyamos con nuestras ideas y experiencia.<\/p>\n\n\n\n<h4 class=\"wp-block-heading has-medium-font-size\">Revisa nuestro cat\u00e1logo de trabajos realizados.<\/h4>\n\n\n\n<p><a rel=\"noreferrer noopener\" href=\"http:\/\/www.palitosdealamo.cl\/catalogo-online\/catalogo-alcuzas-bandejas-tablas.html\" target=\"_blank\">VER CATALOGO EN LINEA<\/a>&nbsp; &nbsp;&nbsp;<a rel=\"noreferrer noopener\" href=\"http:\/\/www.palitosdealamo.cl\/catalogo-pdf\/HT-alcuzas-bandejas-tablas.pdf\" target=\"_blank\">DESCARGAR PDF<\/a><\/p>\n\n\n\n<h4 class=\"wp-block-heading has-medium-font-size\">Servilletero para Restaurante El Japon\u00e9s <\/h4>\n\n\n\n<p>Servilletero de madera terciada con impresi\u00f3n directa para Restaurante El Japon\u00e9s.<\/p>\n\n\n\r\n<div class=\"ngg-galleryoverview\" id=\"ngg-gallery-144-403\">\r\n\r\n\t<!-- Slideshow link -->\r\n\t<div class=\"slideshowlink\">\r\n\t\t<a class=\"slideshowlink\" href=\"https:\/\/www.palitosdealamo.cl\/?page_id=403&amp;show=slide\">\r\n\t\t\t[Show as slideshow]\t\t<\/a>\r\n\t<\/div>\r\n\r\n\t\r\n\t<!-- Thumbnails -->\r\n\t\t\r\n\t<div id=\"ngg-image-1275\" class=\"ngg-gallery-thumbnail-box\" style=\"width:33%;\" >\r\n\t\t<div class=\"ngg-gallery-thumbnail\" >\r\n\t\t\t<a href=\"https:\/\/www.palitosdealamo.cl\/wp-content\/gallery\/servilletero_madera\/servilletero_madera_01.jpg\" title=\" \" class=\"shutterset_set_144\" >\r\n\t\t\t\t\t\t\t\t<img loading=\"lazy\" decoding=\"async\" title=\"servilletero_madera_01\" alt=\"servilletero_madera_01\" src=\"https:\/\/www.palitosdealamo.cl\/wp-content\/gallery\/servilletero_madera\/thumbs\/thumbs_servilletero_madera_01.jpg\" width=\"235\" height=\"235\" \/>\r\n\t\t\t\t\t\t\t<\/a>\r\n\t\t<\/div>\r\n\t<\/div>\r\n\t\r\n\t\t\r\n \t\t\r\n\t<div id=\"ngg-image-1276\" class=\"ngg-gallery-thumbnail-box\" style=\"width:33%;\" >\r\n\t\t<div class=\"ngg-gallery-thumbnail\" >\r\n\t\t\t<a href=\"https:\/\/www.palitosdealamo.cl\/wp-content\/gallery\/servilletero_madera\/servilletero_madera_02.jpg\" title=\" \" class=\"shutterset_set_144\" >\r\n\t\t\t\t\t\t\t\t<img loading=\"lazy\" decoding=\"async\" title=\"servilletero_madera_02\" alt=\"servilletero_madera_02\" src=\"https:\/\/www.palitosdealamo.cl\/wp-content\/gallery\/servilletero_madera\/thumbs\/thumbs_servilletero_madera_02.jpg\" width=\"235\" height=\"235\" \/>\r\n\t\t\t\t\t\t\t<\/a>\r\n\t\t<\/div>\r\n\t<\/div>\r\n\t\r\n\t\t\r\n \t\t\r\n\t<div id=\"ngg-image-1277\" class=\"ngg-gallery-thumbnail-box\" style=\"width:33%;\" >\r\n\t\t<div class=\"ngg-gallery-thumbnail\" >\r\n\t\t\t<a href=\"https:\/\/www.palitosdealamo.cl\/wp-content\/gallery\/servilletero_madera\/servilletero_madera_03.jpg\" title=\" \" class=\"shutterset_set_144\" >\r\n\t\t\t\t\t\t\t\t<img loading=\"lazy\" decoding=\"async\" title=\"servilletero_madera_03\" alt=\"servilletero_madera_03\" src=\"https:\/\/www.palitosdealamo.cl\/wp-content\/gallery\/servilletero_madera\/thumbs\/thumbs_servilletero_madera_03.jpg\" width=\"235\" height=\"235\" \/>\r\n\t\t\t\t\t\t\t<\/a>\r\n\t\t<\/div>\r\n\t<\/div>\r\n\t\r\n\t\t\t\t<br style=\"clear: both\" \/>\r\n\t\r\n \t \t\r\n\t<!-- Pagination -->\r\n \t<div class=\"ngg-clear\"><\/div> \t\r\n<\/div>\r\n\r\n\n\n\n<h4><span style=\"font-size: 24px;\">Trabajo especial\u00a0para Tea Connection<\/span><\/h4>\n<p>Servilletero y porta-menu de madera de raul\u00ed con grabado l\u00e1ser pra Restaurant Tea Connection.<\/p>\n<div align=\"center\"><img loading=\"lazy\" decoding=\"async\" class=\"alignnone wp-image-716\" src=\"http:\/\/www.palitosdealamo.cl\/wp-content\/uploads\/2016\/04\/porta-menu.png\" alt=\"\" width=\"300\" height=\"375\" srcset=\"https:\/\/www.palitosdealamo.cl\/wp-content\/uploads\/2016\/04\/porta-menu.png 480w, https:\/\/www.palitosdealamo.cl\/wp-content\/uploads\/2016\/04\/porta-menu-240x300.png 240w\" sizes=\"(max-width: 300px) 100vw, 300px\" \/>\u00a0 \u00a0 \u00a0 \u00a0 \u00a0 \u00a0\u00a0<img loading=\"lazy\" decoding=\"async\" class=\"alignnone wp-image-717\" src=\"http:\/\/www.palitosdealamo.cl\/wp-content\/uploads\/2016\/04\/servilletero.png\" alt=\"\" width=\"300\" height=\"375\" srcset=\"https:\/\/www.palitosdealamo.cl\/wp-content\/uploads\/2016\/04\/servilletero.png 480w, https:\/\/www.palitosdealamo.cl\/wp-content\/uploads\/2016\/04\/servilletero-240x300.png 240w\" sizes=\"(max-width: 300px) 100vw, 300px\" \/><\/div>\n<div align=\"center\">\u00a0<\/div>\n<div align=\"center\">.<\/div>\n<div align=\"center\">\u00a0<\/div>\n<div align=\"center\"><img loading=\"lazy\" decoding=\"async\" class=\"alignnone wp-image-1404 size-full\" src=\"http:\/\/www.palitosdealamo.cl\/wp-content\/uploads\/2014\/10\/cubiertos-madera-3.jpg\" alt=\"\" width=\"1140\" height=\"210\" srcset=\"https:\/\/www.palitosdealamo.cl\/wp-content\/uploads\/2014\/10\/cubiertos-madera-3.jpg 1140w, https:\/\/www.palitosdealamo.cl\/wp-content\/uploads\/2014\/10\/cubiertos-madera-3-300x55.jpg 300w, https:\/\/www.palitosdealamo.cl\/wp-content\/uploads\/2014\/10\/cubiertos-madera-3-768x141.jpg 768w, https:\/\/www.palitosdealamo.cl\/wp-content\/uploads\/2014\/10\/cubiertos-madera-3-1024x189.jpg 1024w\" sizes=\"(max-width: 1140px) 100vw, 1140px\" \/><\/div>\n<div style=\"text-align: left;\" align=\"center\">\u00a0.<\/div>\n<div align=\"center\"><img loading=\"lazy\" decoding=\"async\" class=\"size-full wp-image-959 alignleft\" src=\"http:\/\/www.palitosdealamo.cl\/wp-content\/uploads\/2014\/10\/certificacion-fsc.jpg\" alt=\"\" width=\"447\" height=\"40\" srcset=\"https:\/\/www.palitosdealamo.cl\/wp-content\/uploads\/2014\/10\/certificacion-fsc.jpg 447w, https:\/\/www.palitosdealamo.cl\/wp-content\/uploads\/2014\/10\/certificacion-fsc-300x27.jpg 300w\" sizes=\"(max-width: 447px) 100vw, 447px\" \/><\/div>\n<p style=\"text-align: justify;\">.<\/p>\n<p style=\"text-align: justify;\">.<\/p>\n<h4 style=\"text-align: justify;\"><span style=\"font-size: 24px;\">Trabajo Especial para Cocoa Sushi<\/span><\/h4>\n<p style=\"text-align: justify;\">Mesa de madera con estructura metalica adosable a la pared, con logo en grabado l\u00e1ser. Restaurant Cocoa Sushi.<\/p>\n<p style=\"text-align: justify;\">.<img loading=\"lazy\" decoding=\"async\" class=\"alignnone size-full wp-image-1454\" src=\"http:\/\/www.palitosdealamo.cl\/wp-content\/uploads\/2016\/03\/cocoa-mesas-restaurant.jpg\" alt=\"\" width=\"800\" height=\"600\" srcset=\"https:\/\/www.palitosdealamo.cl\/wp-content\/uploads\/2016\/03\/cocoa-mesas-restaurant.jpg 800w, https:\/\/www.palitosdealamo.cl\/wp-content\/uploads\/2016\/03\/cocoa-mesas-restaurant-300x225.jpg 300w, https:\/\/www.palitosdealamo.cl\/wp-content\/uploads\/2016\/03\/cocoa-mesas-restaurant-768x576.jpg 768w\" sizes=\"(max-width: 800px) 100vw, 800px\" \/><\/p>\n<p style=\"text-align: justify;\"><a href=\"https:\/\/www.facebook.com\/palitosdealamo\/\" target=\"_blank\" rel=\"noopener noreferrer\"><img loading=\"lazy\" decoding=\"async\" class=\"alignnone wp-image-1009\" src=\"http:\/\/www.palitosdealamo.cl\/wp-content\/uploads\/2014\/10\/boton-face02-300x46.jpg\" alt=\"\" width=\"170\" height=\"26\" srcset=\"https:\/\/www.palitosdealamo.cl\/wp-content\/uploads\/2014\/10\/boton-face02-300x46.jpg 300w, https:\/\/www.palitosdealamo.cl\/wp-content\/uploads\/2014\/10\/boton-face02.jpg 358w\" sizes=\"(max-width: 170px) 100vw, 170px\" \/><\/a><\/p>","protected":false},"excerpt":{"rendered":"<p>En HT elaboramos todo tipo de material personalizado para tu restaurante. Ll\u00e1manos y cu\u00e9ntanos tu proyecto, nosotros te apoyamos con nuestras ideas y experiencia. Revisa nuestro cat\u00e1logo de trabajos realizados. VER CATALOGO EN LINEA&nbsp; &nbsp;&nbsp;DESCARGAR PDF Servilletero para Restaurante El Japon\u00e9s Servilletero de madera terciada con impresi\u00f3n directa para Restaurante El Japon\u00e9s. Trabajo especial\u00a0para Tea [&hellip;]<\/p>\n","protected":false},"author":1,"featured_media":0,"parent":0,"menu_order":0,"comment_status":"closed","ping_status":"closed","template":"","meta":{"content-type":"","footnotes":""},"_links":{"self":[{"href":"https:\/\/www.palitosdealamo.cl\/index.php?rest_route=\/wp\/v2\/pages\/403"}],"collection":[{"href":"https:\/\/www.palitosdealamo.cl\/index.php?rest_route=\/wp\/v2\/pages"}],"about":[{"href":"https:\/\/www.palitosdealamo.cl\/index.php?rest_route=\/wp\/v2\/types\/page"}],"author":[{"embeddable":true,"href":"https:\/\/www.palitosdealamo.cl\/index.php?rest_route=\/wp\/v2\/users\/1"}],"replies":[{"embeddable":true,"href":"https:\/\/www.palitosdealamo.cl\/index.php?rest_route=%2Fwp%2Fv2%2Fcomments&post=403"}],"version-history":[{"count":47,"href":"https:\/\/www.palitosdealamo.cl\/index.php?rest_route=\/wp\/v2\/pages\/403\/revisions"}],"predecessor-version":[{"id":3173,"href":"https:\/\/www.palitosdealamo.cl\/index.php?rest_route=\/wp\/v2\/pages\/403\/revisions\/3173"}],"wp:attachment":[{"href":"https:\/\/www.palitosdealamo.cl\/index.php?rest_route=%2Fwp%2Fv2%2Fmedia&parent=403"}],"curies":[{"name":"wp","href":"https:\/\/api.w.org\/{rel}","templated":true}]}}