{"id":384,"date":"2016-03-23T17:35:28","date_gmt":"2016-03-23T17:35:28","guid":{"rendered":"http:\/\/www.palitosdealamo.cl\/?page_id=384"},"modified":"2026-02-09T17:36:21","modified_gmt":"2026-02-09T17:36:21","slug":"trabajos-especiales","status":"publish","type":"page","link":"http:\/\/www.palitosdealamo.cl\/?page_id=384","title":{"rendered":"Trabajos Especiales"},"content":{"rendered":"\n<figure class=\"wp-block-embed is-type-video is-provider-youtube wp-block-embed-youtube wp-embed-aspect-16-9 wp-has-aspect-ratio\"><div class=\"wp-block-embed__wrapper\">\n<div class=\"epyt-video-wrapper\"><iframe loading=\"lazy\"  id=\"_ytid_21398\"  width=\"900\" height=\"506\"  data-origwidth=\"900\" data-origheight=\"506\" src=\"https:\/\/www.youtube.com\/embed\/Cp6Qboq8J_s?enablejsapi=1&#038;autoplay=0&#038;cc_load_policy=0&#038;iv_load_policy=3&#038;loop=1&#038;playlist=Cp6Qboq8J_s&#038;modestbranding=0&#038;fs=1&#038;playsinline=0&#038;controls=1&#038;color=red&#038;cc_lang_pref=&#038;rel=1&#038;autohide=2&#038;theme=dark&#038;\" class=\"__youtube_prefs__  epyt-is-override  no-lazyload\" title=\"YouTube player\"  allow=\"accelerometer; autoplay; clipboard-write; encrypted-media; gyroscope; picture-in-picture\" allowfullscreen data-no-lazy=\"1\" data-skipgform_ajax_framebjll=\"\"><\/iframe><\/div>\n<\/div><\/figure>\n\n\n\n<hr class=\"wp-block-separator has-text-color has-white-color has-alpha-channel-opacity has-white-background-color has-background\"\/>\n\n\n\n<p>En HT realizamos trabajos a pedido sobre distintos tipos de superficies. Cons\u00faltenos por su proyecto y cotice con nosotros. A continuaci\u00f3n presentamos una muestra de los proyectos desarrollados para nuestros clientes.<\/p>\n\n\n\n<p>El Grabado l\u00e1ser es ideal para el trabajo en madera y tambi\u00e9n distintos soportes. En Ht fabricamos su producto a la medida y se lo entregamos con logo, textos e imagenes grabadas.<\/p>\n\n\n\n<figure class=\"wp-block-gallery has-nested-images columns-default is-cropped wp-block-gallery-1 is-layout-flex wp-block-gallery-is-layout-flex\">\n<figure class=\"wp-block-image size-large\"><img loading=\"lazy\" decoding=\"async\" width=\"750\" height=\"490\" data-id=\"3672\" src=\"https:\/\/www.palitosdealamo.cl\/wp-content\/uploads\/2024\/04\/exhibidor_cerveza.jpg\" alt=\"\" class=\"wp-image-3672\" srcset=\"http:\/\/www.palitosdealamo.cl\/wp-content\/uploads\/2024\/04\/exhibidor_cerveza.jpg 750w, http:\/\/www.palitosdealamo.cl\/wp-content\/uploads\/2024\/04\/exhibidor_cerveza-300x196.jpg 300w\" sizes=\"(max-width: 750px) 100vw, 750px\" \/><\/figure>\n\n\n\n<figure class=\"wp-block-image size-large\"><img loading=\"lazy\" decoding=\"async\" width=\"750\" height=\"490\" data-id=\"3671\" src=\"https:\/\/www.palitosdealamo.cl\/wp-content\/uploads\/2024\/04\/exhibidor_frascos_02.jpg\" alt=\"\" class=\"wp-image-3671\" srcset=\"http:\/\/www.palitosdealamo.cl\/wp-content\/uploads\/2024\/04\/exhibidor_frascos_02.jpg 750w, http:\/\/www.palitosdealamo.cl\/wp-content\/uploads\/2024\/04\/exhibidor_frascos_02-300x196.jpg 300w\" sizes=\"(max-width: 750px) 100vw, 750px\" \/><\/figure>\n<\/figure>\n\n\n\n<figure class=\"wp-block-gallery has-nested-images columns-default is-cropped wp-block-gallery-2 is-layout-flex wp-block-gallery-is-layout-flex\"><\/figure>\n\n\n\n<p class=\"has-text-align-center has-white-color has-text-color\">.<\/p>\n\n\n\n<h4 class=\"wp-block-heading\" style=\"font-size:24px\">Javas de cerveza de Madera para evento especial de CCU con logos hist\u00f3ricos<\/h4>\n\n\n\n<figure class=\"wp-block-gallery has-nested-images columns-default is-cropped wp-block-gallery-3 is-layout-flex wp-block-gallery-is-layout-flex\">\n<figure class=\"wp-block-image size-large\"><a href=\"https:\/\/www.palitosdealamo.cl\/wp-content\/uploads\/2025\/05\/cajas_cerveza_madera_01.png\"><img loading=\"lazy\" decoding=\"async\" width=\"480\" height=\"640\" data-id=\"3929\" src=\"https:\/\/www.palitosdealamo.cl\/wp-content\/uploads\/2025\/05\/cajas_cerveza_madera_01.png\" alt=\"\" class=\"wp-image-3929\" srcset=\"http:\/\/www.palitosdealamo.cl\/wp-content\/uploads\/2025\/05\/cajas_cerveza_madera_01.png 480w, http:\/\/www.palitosdealamo.cl\/wp-content\/uploads\/2025\/05\/cajas_cerveza_madera_01-225x300.png 225w\" sizes=\"(max-width: 480px) 100vw, 480px\" \/><\/a><\/figure>\n\n\n\n<figure class=\"wp-block-image size-large\"><a href=\"https:\/\/www.palitosdealamo.cl\/wp-content\/uploads\/2025\/05\/cajas_cerveza_madera_02.png\"><img loading=\"lazy\" decoding=\"async\" width=\"480\" height=\"640\" data-id=\"3930\" src=\"https:\/\/www.palitosdealamo.cl\/wp-content\/uploads\/2025\/05\/cajas_cerveza_madera_02.png\" alt=\"\" class=\"wp-image-3930\" srcset=\"http:\/\/www.palitosdealamo.cl\/wp-content\/uploads\/2025\/05\/cajas_cerveza_madera_02.png 480w, http:\/\/www.palitosdealamo.cl\/wp-content\/uploads\/2025\/05\/cajas_cerveza_madera_02-225x300.png 225w\" sizes=\"(max-width: 480px) 100vw, 480px\" \/><\/a><\/figure>\n\n\n\n<figure class=\"wp-block-image size-large\"><a href=\"https:\/\/www.palitosdealamo.cl\/wp-content\/uploads\/2025\/05\/cajas_cerveza_madera_03.png\"><img loading=\"lazy\" decoding=\"async\" width=\"480\" height=\"640\" data-id=\"3928\" src=\"https:\/\/www.palitosdealamo.cl\/wp-content\/uploads\/2025\/05\/cajas_cerveza_madera_03.png\" alt=\"\" class=\"wp-image-3928\" srcset=\"http:\/\/www.palitosdealamo.cl\/wp-content\/uploads\/2025\/05\/cajas_cerveza_madera_03.png 480w, http:\/\/www.palitosdealamo.cl\/wp-content\/uploads\/2025\/05\/cajas_cerveza_madera_03-225x300.png 225w\" sizes=\"(max-width: 480px) 100vw, 480px\" \/><\/a><\/figure>\n<\/figure>\n\n\n\n<h4 class=\"wp-block-heading\" style=\"font-size:24px\">Cajas de Madera para botella de regalo con logo grabado y viruta.<\/h4>\n\n\n\n<figure class=\"wp-block-gallery has-nested-images columns-default is-cropped wp-block-gallery-4 is-layout-flex wp-block-gallery-is-layout-flex\">\n<figure class=\"wp-block-image size-full\"><a href=\"https:\/\/www.palitosdealamo.cl\/wp-content\/uploads\/2026\/02\/caja_madera-vino_logo_01.png\"><img loading=\"lazy\" decoding=\"async\" width=\"400\" height=\"711\" data-id=\"4010\" src=\"https:\/\/www.palitosdealamo.cl\/wp-content\/uploads\/2026\/02\/caja_madera-vino_logo_01.png\" alt=\"\" class=\"wp-image-4010\" srcset=\"http:\/\/www.palitosdealamo.cl\/wp-content\/uploads\/2026\/02\/caja_madera-vino_logo_01.png 400w, http:\/\/www.palitosdealamo.cl\/wp-content\/uploads\/2026\/02\/caja_madera-vino_logo_01-169x300.png 169w\" sizes=\"(max-width: 400px) 100vw, 400px\" \/><\/a><\/figure>\n\n\n\n<figure class=\"wp-block-image size-full\"><a href=\"https:\/\/www.palitosdealamo.cl\/wp-content\/uploads\/2026\/02\/caja_madera-vino_logo_02.png\"><img loading=\"lazy\" decoding=\"async\" width=\"400\" height=\"711\" data-id=\"4011\" src=\"https:\/\/www.palitosdealamo.cl\/wp-content\/uploads\/2026\/02\/caja_madera-vino_logo_02.png\" alt=\"\" class=\"wp-image-4011\" srcset=\"http:\/\/www.palitosdealamo.cl\/wp-content\/uploads\/2026\/02\/caja_madera-vino_logo_02.png 400w, http:\/\/www.palitosdealamo.cl\/wp-content\/uploads\/2026\/02\/caja_madera-vino_logo_02-169x300.png 169w\" sizes=\"(max-width: 400px) 100vw, 400px\" \/><\/a><\/figure>\n\n\n\n<figure class=\"wp-block-image size-full\"><a href=\"https:\/\/www.palitosdealamo.cl\/wp-content\/uploads\/2026\/02\/caja_madera-vino_logo_03.png\"><img loading=\"lazy\" decoding=\"async\" width=\"400\" height=\"711\" data-id=\"4013\" src=\"https:\/\/www.palitosdealamo.cl\/wp-content\/uploads\/2026\/02\/caja_madera-vino_logo_03.png\" alt=\"\" class=\"wp-image-4013\" srcset=\"http:\/\/www.palitosdealamo.cl\/wp-content\/uploads\/2026\/02\/caja_madera-vino_logo_03.png 400w, http:\/\/www.palitosdealamo.cl\/wp-content\/uploads\/2026\/02\/caja_madera-vino_logo_03-169x300.png 169w\" sizes=\"(max-width: 400px) 100vw, 400px\" \/><\/a><\/figure>\n<\/figure>\n\n\n\n<hr class=\"wp-block-separator has-text-color has-white-color has-alpha-channel-opacity has-white-background-color has-background\"\/>\n\n\n\n<h4 class=\"wp-block-heading\" style=\"font-size:24px\">Trabajos de Madera grabada en l\u00e1ser<\/h4>\n\n\n\n<figure class=\"wp-block-gallery has-nested-images columns-default is-cropped wp-block-gallery-5 is-layout-flex wp-block-gallery-is-layout-flex\">\n<figure class=\"wp-block-image size-large\"><img loading=\"lazy\" decoding=\"async\" width=\"800\" height=\"600\" data-id=\"2802\" src=\"https:\/\/www.palitosdealamo.cl\/wp-content\/uploads\/2023\/02\/caja_madera_pasas.jpg\" alt=\"\" class=\"wp-image-2802\" srcset=\"http:\/\/www.palitosdealamo.cl\/wp-content\/uploads\/2023\/02\/caja_madera_pasas.jpg 800w, http:\/\/www.palitosdealamo.cl\/wp-content\/uploads\/2023\/02\/caja_madera_pasas-300x225.jpg 300w, http:\/\/www.palitosdealamo.cl\/wp-content\/uploads\/2023\/02\/caja_madera_pasas-768x576.jpg 768w\" sizes=\"(max-width: 800px) 100vw, 800px\" \/><\/figure>\n\n\n\n<figure class=\"wp-block-image size-large\"><img loading=\"lazy\" decoding=\"async\" width=\"800\" height=\"600\" data-id=\"2800\" src=\"https:\/\/www.palitosdealamo.cl\/wp-content\/uploads\/2023\/02\/caja_madera_regalo_logo_09.jpg\" alt=\"\" class=\"wp-image-2800\" srcset=\"http:\/\/www.palitosdealamo.cl\/wp-content\/uploads\/2023\/02\/caja_madera_regalo_logo_09.jpg 800w, http:\/\/www.palitosdealamo.cl\/wp-content\/uploads\/2023\/02\/caja_madera_regalo_logo_09-300x225.jpg 300w, http:\/\/www.palitosdealamo.cl\/wp-content\/uploads\/2023\/02\/caja_madera_regalo_logo_09-768x576.jpg 768w\" sizes=\"(max-width: 800px) 100vw, 800px\" \/><\/figure>\n\n\n\n<figure class=\"wp-block-image size-large\"><img loading=\"lazy\" decoding=\"async\" width=\"800\" height=\"600\" data-id=\"2801\" src=\"https:\/\/www.palitosdealamo.cl\/wp-content\/uploads\/2023\/02\/regalo_grabado_laser.jpg\" alt=\"\" class=\"wp-image-2801\" srcset=\"http:\/\/www.palitosdealamo.cl\/wp-content\/uploads\/2023\/02\/regalo_grabado_laser.jpg 800w, http:\/\/www.palitosdealamo.cl\/wp-content\/uploads\/2023\/02\/regalo_grabado_laser-300x225.jpg 300w, http:\/\/www.palitosdealamo.cl\/wp-content\/uploads\/2023\/02\/regalo_grabado_laser-768x576.jpg 768w\" sizes=\"(max-width: 800px) 100vw, 800px\" \/><\/figure>\n<figcaption class=\"blocks-gallery-caption wp-element-caption\">Cajas de madera con tapa corrediza grabadas en l\u00e1ser. Porta medallas de madera con bisagra, grabado en l\u00e1ser para El Mercurio.                  <br><br>    <\/figcaption><\/figure>\n\n\n\n<h4 class=\"wp-block-heading\" style=\"font-size:24px\">Etiqueta de madera grabada para botella de vino, con caja de madera con logo.<\/h4>\n\n\n\n<figure class=\"wp-block-gallery has-nested-images columns-default is-cropped wp-block-gallery-6 is-layout-flex wp-block-gallery-is-layout-flex\">\n<figure class=\"wp-block-image size-large\"><a href=\"https:\/\/www.palitosdealamo.cl\/wp-content\/uploads\/2025\/01\/etiqueta_vino_madera_01.jpg\"><img loading=\"lazy\" decoding=\"async\" width=\"600\" height=\"800\" data-id=\"3889\" src=\"https:\/\/www.palitosdealamo.cl\/wp-content\/uploads\/2025\/01\/etiqueta_vino_madera_01.jpg\" alt=\"\" class=\"wp-image-3889\" srcset=\"http:\/\/www.palitosdealamo.cl\/wp-content\/uploads\/2025\/01\/etiqueta_vino_madera_01.jpg 600w, http:\/\/www.palitosdealamo.cl\/wp-content\/uploads\/2025\/01\/etiqueta_vino_madera_01-225x300.jpg 225w\" sizes=\"(max-width: 600px) 100vw, 600px\" \/><\/a><\/figure>\n\n\n\n<figure class=\"wp-block-image size-large\"><a href=\"https:\/\/www.palitosdealamo.cl\/wp-content\/uploads\/2025\/01\/etiqueta_vino_madera_02.jpg\"><img loading=\"lazy\" decoding=\"async\" width=\"600\" height=\"800\" data-id=\"3890\" src=\"https:\/\/www.palitosdealamo.cl\/wp-content\/uploads\/2025\/01\/etiqueta_vino_madera_02.jpg\" alt=\"\" class=\"wp-image-3890\" srcset=\"http:\/\/www.palitosdealamo.cl\/wp-content\/uploads\/2025\/01\/etiqueta_vino_madera_02.jpg 600w, http:\/\/www.palitosdealamo.cl\/wp-content\/uploads\/2025\/01\/etiqueta_vino_madera_02-225x300.jpg 225w\" sizes=\"(max-width: 600px) 100vw, 600px\" \/><\/a><\/figure>\n\n\n\n<figure class=\"wp-block-image size-large\"><a href=\"https:\/\/www.palitosdealamo.cl\/wp-content\/uploads\/2025\/01\/etiqueta_vino_madera_03.jpg\"><img loading=\"lazy\" decoding=\"async\" width=\"600\" height=\"800\" data-id=\"3893\" src=\"https:\/\/www.palitosdealamo.cl\/wp-content\/uploads\/2025\/01\/etiqueta_vino_madera_03.jpg\" alt=\"\" class=\"wp-image-3893\" srcset=\"http:\/\/www.palitosdealamo.cl\/wp-content\/uploads\/2025\/01\/etiqueta_vino_madera_03.jpg 600w, http:\/\/www.palitosdealamo.cl\/wp-content\/uploads\/2025\/01\/etiqueta_vino_madera_03-225x300.jpg 225w\" sizes=\"(max-width: 600px) 100vw, 600px\" \/><\/a><\/figure>\n\n\n\n<figure class=\"wp-block-image size-large\"><a href=\"https:\/\/www.palitosdealamo.cl\/wp-content\/uploads\/2025\/01\/etiqueta_vino_madera_04.jpg\"><img loading=\"lazy\" decoding=\"async\" width=\"600\" height=\"800\" data-id=\"3891\" src=\"https:\/\/www.palitosdealamo.cl\/wp-content\/uploads\/2025\/01\/etiqueta_vino_madera_04.jpg\" alt=\"\" class=\"wp-image-3891\" srcset=\"http:\/\/www.palitosdealamo.cl\/wp-content\/uploads\/2025\/01\/etiqueta_vino_madera_04.jpg 600w, http:\/\/www.palitosdealamo.cl\/wp-content\/uploads\/2025\/01\/etiqueta_vino_madera_04-225x300.jpg 225w\" sizes=\"(max-width: 600px) 100vw, 600px\" \/><\/a><\/figure>\n\n\n\n<figure class=\"wp-block-image size-large\"><a href=\"https:\/\/www.palitosdealamo.cl\/wp-content\/uploads\/2025\/01\/etiqueta_vino_madera_05.jpg\"><img loading=\"lazy\" decoding=\"async\" width=\"600\" height=\"800\" data-id=\"3894\" src=\"https:\/\/www.palitosdealamo.cl\/wp-content\/uploads\/2025\/01\/etiqueta_vino_madera_05.jpg\" alt=\"\" class=\"wp-image-3894\" srcset=\"http:\/\/www.palitosdealamo.cl\/wp-content\/uploads\/2025\/01\/etiqueta_vino_madera_05.jpg 600w, http:\/\/www.palitosdealamo.cl\/wp-content\/uploads\/2025\/01\/etiqueta_vino_madera_05-225x300.jpg 225w\" sizes=\"(max-width: 600px) 100vw, 600px\" \/><\/a><\/figure>\n\n\n\n<figure class=\"wp-block-image size-large\"><a href=\"https:\/\/www.palitosdealamo.cl\/wp-content\/uploads\/2025\/01\/etiqueta_vino_madera_06.jpg\"><img loading=\"lazy\" decoding=\"async\" width=\"600\" height=\"800\" data-id=\"3892\" src=\"https:\/\/www.palitosdealamo.cl\/wp-content\/uploads\/2025\/01\/etiqueta_vino_madera_06.jpg\" alt=\"\" class=\"wp-image-3892\" srcset=\"http:\/\/www.palitosdealamo.cl\/wp-content\/uploads\/2025\/01\/etiqueta_vino_madera_06.jpg 600w, http:\/\/www.palitosdealamo.cl\/wp-content\/uploads\/2025\/01\/etiqueta_vino_madera_06-225x300.jpg 225w\" sizes=\"(max-width: 600px) 100vw, 600px\" \/><\/a><\/figure>\n<\/figure>\n\n\n\n<h4 class=\"wp-block-heading\" style=\"font-size:24px\">Caja de Madera para guardar productos gourmet.<\/h4>\n\n\n\n<figure class=\"wp-block-gallery has-nested-images columns-default is-cropped wp-block-gallery-7 is-layout-flex wp-block-gallery-is-layout-flex\">\n<figure class=\"wp-block-image size-large\"><a href=\"https:\/\/www.palitosdealamo.cl\/wp-content\/uploads\/2025\/01\/caja_madera_gourmet_01.jpg\"><img loading=\"lazy\" decoding=\"async\" width=\"800\" height=\"600\" data-id=\"3897\" src=\"https:\/\/www.palitosdealamo.cl\/wp-content\/uploads\/2025\/01\/caja_madera_gourmet_01.jpg\" alt=\"\" class=\"wp-image-3897\" srcset=\"http:\/\/www.palitosdealamo.cl\/wp-content\/uploads\/2025\/01\/caja_madera_gourmet_01.jpg 800w, http:\/\/www.palitosdealamo.cl\/wp-content\/uploads\/2025\/01\/caja_madera_gourmet_01-300x225.jpg 300w, http:\/\/www.palitosdealamo.cl\/wp-content\/uploads\/2025\/01\/caja_madera_gourmet_01-768x576.jpg 768w\" sizes=\"(max-width: 800px) 100vw, 800px\" \/><\/a><\/figure>\n\n\n\n<figure class=\"wp-block-image size-large\"><a href=\"https:\/\/www.palitosdealamo.cl\/wp-content\/uploads\/2025\/01\/caja_madera_gourmet_02.jpg\"><img loading=\"lazy\" decoding=\"async\" width=\"800\" height=\"600\" data-id=\"3898\" src=\"https:\/\/www.palitosdealamo.cl\/wp-content\/uploads\/2025\/01\/caja_madera_gourmet_02.jpg\" alt=\"\" class=\"wp-image-3898\" srcset=\"http:\/\/www.palitosdealamo.cl\/wp-content\/uploads\/2025\/01\/caja_madera_gourmet_02.jpg 800w, http:\/\/www.palitosdealamo.cl\/wp-content\/uploads\/2025\/01\/caja_madera_gourmet_02-300x225.jpg 300w, http:\/\/www.palitosdealamo.cl\/wp-content\/uploads\/2025\/01\/caja_madera_gourmet_02-768x576.jpg 768w\" sizes=\"(max-width: 800px) 100vw, 800px\" \/><\/a><\/figure>\n<\/figure>\n\n\n\n<h4 class=\"wp-block-heading\" style=\"font-size:24px\">Caja de madera con color verde<\/h4>\n\n\n\n<div class=\"wp-block-columns is-layout-flex wp-container-core-columns-is-layout-1 wp-block-columns-is-layout-flex\">\n<div class=\"wp-block-column is-layout-flow wp-block-column-is-layout-flow\">\n<figure class=\"wp-block-image size-full\"><a href=\"http:\/\/www.palitosdealamo.cl\/wp-content\/uploads\/2024\/01\/caja_madera_color_01.jpg\"><img loading=\"lazy\" decoding=\"async\" width=\"800\" height=\"600\" src=\"http:\/\/www.palitosdealamo.cl\/wp-content\/uploads\/2024\/01\/caja_madera_color_01.jpg\" alt=\"\" class=\"wp-image-3219\" srcset=\"http:\/\/www.palitosdealamo.cl\/wp-content\/uploads\/2024\/01\/caja_madera_color_01.jpg 800w, http:\/\/www.palitosdealamo.cl\/wp-content\/uploads\/2024\/01\/caja_madera_color_01-300x225.jpg 300w, http:\/\/www.palitosdealamo.cl\/wp-content\/uploads\/2024\/01\/caja_madera_color_01-768x576.jpg 768w\" sizes=\"(max-width: 800px) 100vw, 800px\" \/><\/a><\/figure>\n<\/div>\n\n\n\n<div class=\"wp-block-column is-layout-flow wp-block-column-is-layout-flow\">\n<figure class=\"wp-block-image size-full\"><a href=\"http:\/\/www.palitosdealamo.cl\/wp-content\/uploads\/2024\/01\/caja_madera_color_02.jpg\"><img loading=\"lazy\" decoding=\"async\" width=\"800\" height=\"600\" src=\"http:\/\/www.palitosdealamo.cl\/wp-content\/uploads\/2024\/01\/caja_madera_color_02.jpg\" alt=\"\" class=\"wp-image-3220\" srcset=\"http:\/\/www.palitosdealamo.cl\/wp-content\/uploads\/2024\/01\/caja_madera_color_02.jpg 800w, http:\/\/www.palitosdealamo.cl\/wp-content\/uploads\/2024\/01\/caja_madera_color_02-300x225.jpg 300w, http:\/\/www.palitosdealamo.cl\/wp-content\/uploads\/2024\/01\/caja_madera_color_02-768x576.jpg 768w\" sizes=\"(max-width: 800px) 100vw, 800px\" \/><\/a><\/figure>\n<\/div>\n<\/div>\n\n\n\n<h4 class=\"wp-block-heading\" style=\"font-size:24px\">Alcuza de Madera con Logo<\/h4>\n\n\n\n<div class=\"wp-block-columns is-layout-flex wp-container-core-columns-is-layout-2 wp-block-columns-is-layout-flex\">\n<div class=\"wp-block-column is-layout-flow wp-block-column-is-layout-flow\">\n<figure class=\"wp-block-image size-full\"><a href=\"http:\/\/www.palitosdealamo.cl\/wp-content\/uploads\/2024\/01\/alcuza_madera_logo_01-1.jpg\"><img loading=\"lazy\" decoding=\"async\" width=\"600\" height=\"851\" src=\"http:\/\/www.palitosdealamo.cl\/wp-content\/uploads\/2024\/01\/alcuza_madera_logo_01-1.jpg\" alt=\"\" class=\"wp-image-3257\" srcset=\"http:\/\/www.palitosdealamo.cl\/wp-content\/uploads\/2024\/01\/alcuza_madera_logo_01-1.jpg 600w, http:\/\/www.palitosdealamo.cl\/wp-content\/uploads\/2024\/01\/alcuza_madera_logo_01-1-212x300.jpg 212w\" sizes=\"(max-width: 600px) 100vw, 600px\" \/><\/a><\/figure>\n<\/div>\n\n\n\n<div class=\"wp-block-column is-layout-flow wp-block-column-is-layout-flow\">\n<figure class=\"wp-block-image size-full\"><a href=\"http:\/\/www.palitosdealamo.cl\/wp-content\/uploads\/2024\/01\/alcuza_madera_logo_02.jpg\"><img loading=\"lazy\" decoding=\"async\" width=\"600\" height=\"851\" src=\"http:\/\/www.palitosdealamo.cl\/wp-content\/uploads\/2024\/01\/alcuza_madera_logo_02.jpg\" alt=\"\" class=\"wp-image-3255\" srcset=\"http:\/\/www.palitosdealamo.cl\/wp-content\/uploads\/2024\/01\/alcuza_madera_logo_02.jpg 600w, http:\/\/www.palitosdealamo.cl\/wp-content\/uploads\/2024\/01\/alcuza_madera_logo_02-212x300.jpg 212w\" sizes=\"(max-width: 600px) 100vw, 600px\" \/><\/a><\/figure>\n<\/div>\n<\/div>\n\n\n\n<h4 class=\"wp-block-heading\" style=\"font-size:24px\">Letras de Madera para Letrero<\/h4>\n\n\n\n<figure class=\"wp-block-gallery has-nested-images columns-default is-cropped wp-block-gallery-8 is-layout-flex wp-block-gallery-is-layout-flex\">\n<figure class=\"wp-block-image size-large\"><img loading=\"lazy\" decoding=\"async\" width=\"576\" height=\"1024\" data-id=\"2709\" src=\"https:\/\/www.palitosdealamo.cl\/wp-content\/uploads\/2022\/11\/letras_madera_letrero-576x1024.jpg\" alt=\"\" class=\"wp-image-2709\" srcset=\"http:\/\/www.palitosdealamo.cl\/wp-content\/uploads\/2022\/11\/letras_madera_letrero-576x1024.jpg 576w, http:\/\/www.palitosdealamo.cl\/wp-content\/uploads\/2022\/11\/letras_madera_letrero-169x300.jpg 169w, http:\/\/www.palitosdealamo.cl\/wp-content\/uploads\/2022\/11\/letras_madera_letrero.jpg 720w\" sizes=\"(max-width: 576px) 100vw, 576px\" \/><\/figure>\n\n\n\n<figure class=\"wp-block-image size-large\"><img loading=\"lazy\" decoding=\"async\" width=\"720\" height=\"1014\" data-id=\"2710\" src=\"https:\/\/www.palitosdealamo.cl\/wp-content\/uploads\/2022\/11\/letras_madera_letrero_02.jpg\" alt=\"\" class=\"wp-image-2710\" srcset=\"http:\/\/www.palitosdealamo.cl\/wp-content\/uploads\/2022\/11\/letras_madera_letrero_02.jpg 720w, http:\/\/www.palitosdealamo.cl\/wp-content\/uploads\/2022\/11\/letras_madera_letrero_02-213x300.jpg 213w\" sizes=\"(max-width: 720px) 100vw, 720px\" \/><\/figure>\n<\/figure>\n\n\n\n<p class=\"has-text-align-center has-white-color has-text-color\">.<\/p>\n\n\n\n<h4 class=\"wp-block-heading\" style=\"font-size:24px\">Baul de Madera para Recuerdo de Novios<\/h4>\n\n\n\n<figure class=\"wp-block-gallery has-nested-images columns-default is-cropped wp-block-gallery-9 is-layout-flex wp-block-gallery-is-layout-flex\">\n<figure class=\"wp-block-image size-large\"><img loading=\"lazy\" decoding=\"async\" width=\"603\" height=\"557\" data-id=\"2729\" src=\"http:\/\/www.palitosdealamo.cl\/wp-content\/uploads\/2022\/11\/baul_recuerdo_novios.jpg\" alt=\"\" class=\"wp-image-2729\" srcset=\"http:\/\/www.palitosdealamo.cl\/wp-content\/uploads\/2022\/11\/baul_recuerdo_novios.jpg 603w, http:\/\/www.palitosdealamo.cl\/wp-content\/uploads\/2022\/11\/baul_recuerdo_novios-300x277.jpg 300w\" sizes=\"(max-width: 603px) 100vw, 603px\" \/><\/figure>\n\n\n\n<figure class=\"wp-block-image\"><img loading=\"lazy\" decoding=\"async\" width=\"603\" height=\"557\" data-id=\"2730\" src=\"http:\/\/www.palitosdealamo.cl\/wp-content\/uploads\/2022\/11\/baul_recuerdo_novios_03.jpg\" alt=\"\" class=\"wp-image-2730\" srcset=\"http:\/\/www.palitosdealamo.cl\/wp-content\/uploads\/2022\/11\/baul_recuerdo_novios_03.jpg 603w, http:\/\/www.palitosdealamo.cl\/wp-content\/uploads\/2022\/11\/baul_recuerdo_novios_03-300x277.jpg 300w\" sizes=\"(max-width: 603px) 100vw, 603px\" \/><\/figure>\n\n\n\n<figure class=\"wp-block-image\"><img loading=\"lazy\" decoding=\"async\" width=\"603\" height=\"557\" data-id=\"2731\" src=\"http:\/\/www.palitosdealamo.cl\/wp-content\/uploads\/2022\/11\/baul_recuerdo_novios_04.jpg\" alt=\"\" class=\"wp-image-2731\" srcset=\"http:\/\/www.palitosdealamo.cl\/wp-content\/uploads\/2022\/11\/baul_recuerdo_novios_04.jpg 603w, http:\/\/www.palitosdealamo.cl\/wp-content\/uploads\/2022\/11\/baul_recuerdo_novios_04-300x277.jpg 300w\" sizes=\"(max-width: 603px) 100vw, 603px\" \/><\/figure>\n<\/figure>\n\n\n\n<p>Baul de madera de pino con grabado l\u00e1ser para regalar a los asistentes de una ceremonia de matrimonio, rellena con viruta de alamo.<\/p>\n\n\n\n<p class=\"has-text-align-center has-white-color has-text-color\">.<\/p>\n\n\n\n<h4 class=\"wp-block-heading\" style=\"font-size:24px\">Grabado L\u00e1ser Septiembre 2022<\/h4>\n\n\n\n<p>Grabado l\u00e1ser en lampazos de madera y cajas de madera de distintos dise\u00f1os para regalos o merchandising. Mandalas de madera tama\u00f1o gigante.<\/p>\n\n\n\r\n<div class=\"ngg-galleryoverview\" id=\"ngg-gallery-141-384\">\r\n\r\n\t<!-- Slideshow link -->\r\n\t<div class=\"slideshowlink\">\r\n\t\t<a class=\"slideshowlink\" href=\"http:\/\/www.palitosdealamo.cl\/?page_id=384&amp;show=slide\">\r\n\t\t\t[Show as slideshow]\t\t<\/a>\r\n\t<\/div>\r\n\r\n\t\r\n\t<!-- Thumbnails -->\r\n\t\t\r\n\t<div id=\"ngg-image-1263\" class=\"ngg-gallery-thumbnail-box\" style=\"width:33%;\" >\r\n\t\t<div class=\"ngg-gallery-thumbnail\" >\r\n\t\t\t<a href=\"http:\/\/www.palitosdealamo.cl\/wp-content\/gallery\/trabajos_septiembre_2022\/caja_auto_vintage_madera.jpg\" title=\" \" class=\"shutterset_set_141\" >\r\n\t\t\t\t\t\t\t\t<img loading=\"lazy\" decoding=\"async\" title=\"caja_auto_vintage_madera\" alt=\"caja_auto_vintage_madera\" src=\"http:\/\/www.palitosdealamo.cl\/wp-content\/gallery\/trabajos_septiembre_2022\/thumbs\/thumbs_caja_auto_vintage_madera.jpg\" width=\"235\" height=\"235\" \/>\r\n\t\t\t\t\t\t\t<\/a>\r\n\t\t<\/div>\r\n\t<\/div>\r\n\t\r\n\t\t\r\n \t\t\r\n\t<div id=\"ngg-image-1264\" class=\"ngg-gallery-thumbnail-box\" style=\"width:33%;\" >\r\n\t\t<div class=\"ngg-gallery-thumbnail\" >\r\n\t\t\t<a href=\"http:\/\/www.palitosdealamo.cl\/wp-content\/gallery\/trabajos_septiembre_2022\/caja_madera_beatles.jpg\" title=\" \" class=\"shutterset_set_141\" >\r\n\t\t\t\t\t\t\t\t<img loading=\"lazy\" decoding=\"async\" title=\"caja_madera_beatles\" alt=\"caja_madera_beatles\" src=\"http:\/\/www.palitosdealamo.cl\/wp-content\/gallery\/trabajos_septiembre_2022\/thumbs\/thumbs_caja_madera_beatles.jpg\" width=\"235\" height=\"235\" \/>\r\n\t\t\t\t\t\t\t<\/a>\r\n\t\t<\/div>\r\n\t<\/div>\r\n\t\r\n\t\t\r\n \t\t\r\n\t<div id=\"ngg-image-1265\" class=\"ngg-gallery-thumbnail-box\" style=\"width:33%;\" >\r\n\t\t<div class=\"ngg-gallery-thumbnail\" >\r\n\t\t\t<a href=\"http:\/\/www.palitosdealamo.cl\/wp-content\/gallery\/trabajos_septiembre_2022\/caja_madera_rock.jpg\" title=\" \" class=\"shutterset_set_141\" >\r\n\t\t\t\t\t\t\t\t<img loading=\"lazy\" decoding=\"async\" title=\"caja_madera_rock\" alt=\"caja_madera_rock\" src=\"http:\/\/www.palitosdealamo.cl\/wp-content\/gallery\/trabajos_septiembre_2022\/thumbs\/thumbs_caja_madera_rock.jpg\" width=\"235\" height=\"235\" \/>\r\n\t\t\t\t\t\t\t<\/a>\r\n\t\t<\/div>\r\n\t<\/div>\r\n\t\r\n\t\t\t\t<br style=\"clear: both\" \/>\r\n\t\r\n \t\t\r\n\t<div id=\"ngg-image-1266\" class=\"ngg-gallery-thumbnail-box\" style=\"width:33%;\" >\r\n\t\t<div class=\"ngg-gallery-thumbnail\" >\r\n\t\t\t<a href=\"http:\/\/www.palitosdealamo.cl\/wp-content\/gallery\/trabajos_septiembre_2022\/caja_regalo_madera.jpg\" title=\" \" class=\"shutterset_set_141\" >\r\n\t\t\t\t\t\t\t\t<img loading=\"lazy\" decoding=\"async\" title=\"caja_regalo_madera\" alt=\"caja_regalo_madera\" src=\"http:\/\/www.palitosdealamo.cl\/wp-content\/gallery\/trabajos_septiembre_2022\/thumbs\/thumbs_caja_regalo_madera.jpg\" width=\"235\" height=\"235\" \/>\r\n\t\t\t\t\t\t\t<\/a>\r\n\t\t<\/div>\r\n\t<\/div>\r\n\t\r\n\t\t\r\n \t\t\r\n\t<div id=\"ngg-image-1267\" class=\"ngg-gallery-thumbnail-box\" style=\"width:33%;\" >\r\n\t\t<div class=\"ngg-gallery-thumbnail\" >\r\n\t\t\t<a href=\"http:\/\/www.palitosdealamo.cl\/wp-content\/gallery\/trabajos_septiembre_2022\/lampazo_madera.jpg\" title=\" \" class=\"shutterset_set_141\" >\r\n\t\t\t\t\t\t\t\t<img loading=\"lazy\" decoding=\"async\" title=\"lampazo_madera\" alt=\"lampazo_madera\" src=\"http:\/\/www.palitosdealamo.cl\/wp-content\/gallery\/trabajos_septiembre_2022\/thumbs\/thumbs_lampazo_madera.jpg\" width=\"235\" height=\"235\" \/>\r\n\t\t\t\t\t\t\t<\/a>\r\n\t\t<\/div>\r\n\t<\/div>\r\n\t\r\n\t\t\r\n \t\t\r\n\t<div id=\"ngg-image-1268\" class=\"ngg-gallery-thumbnail-box\" style=\"width:33%;\" >\r\n\t\t<div class=\"ngg-gallery-thumbnail\" >\r\n\t\t\t<a href=\"http:\/\/www.palitosdealamo.cl\/wp-content\/gallery\/trabajos_septiembre_2022\/letrero_madera_elvis.jpg\" title=\" \" class=\"shutterset_set_141\" >\r\n\t\t\t\t\t\t\t\t<img loading=\"lazy\" decoding=\"async\" title=\"letrero_madera_elvis\" alt=\"letrero_madera_elvis\" src=\"http:\/\/www.palitosdealamo.cl\/wp-content\/gallery\/trabajos_septiembre_2022\/thumbs\/thumbs_letrero_madera_elvis.jpg\" width=\"235\" height=\"235\" \/>\r\n\t\t\t\t\t\t\t<\/a>\r\n\t\t<\/div>\r\n\t<\/div>\r\n\t\r\n\t\t\t\t<br style=\"clear: both\" \/>\r\n\t\r\n \t\t\r\n\t<div id=\"ngg-image-1269\" class=\"ngg-gallery-thumbnail-box\" style=\"width:33%;\" >\r\n\t\t<div class=\"ngg-gallery-thumbnail\" >\r\n\t\t\t<a href=\"http:\/\/www.palitosdealamo.cl\/wp-content\/gallery\/trabajos_septiembre_2022\/madera_grabaco_laser.jpg\" title=\" \" class=\"shutterset_set_141\" >\r\n\t\t\t\t\t\t\t\t<img loading=\"lazy\" decoding=\"async\" title=\"madera_grabaco_laser\" alt=\"madera_grabaco_laser\" src=\"http:\/\/www.palitosdealamo.cl\/wp-content\/gallery\/trabajos_septiembre_2022\/thumbs\/thumbs_madera_grabaco_laser.jpg\" width=\"235\" height=\"235\" \/>\r\n\t\t\t\t\t\t\t<\/a>\r\n\t\t<\/div>\r\n\t<\/div>\r\n\t\r\n\t\t\r\n \t\t\r\n\t<div id=\"ngg-image-1271\" class=\"ngg-gallery-thumbnail-box\" style=\"width:33%;\" >\r\n\t\t<div class=\"ngg-gallery-thumbnail\" >\r\n\t\t\t<a href=\"http:\/\/www.palitosdealamo.cl\/wp-content\/gallery\/trabajos_septiembre_2022\/mandalas_madera.jpg\" title=\" \" class=\"shutterset_set_141\" >\r\n\t\t\t\t\t\t\t\t<img loading=\"lazy\" decoding=\"async\" title=\"mandalas_madera\" alt=\"mandalas_madera\" src=\"http:\/\/www.palitosdealamo.cl\/wp-content\/gallery\/trabajos_septiembre_2022\/thumbs\/thumbs_mandalas_madera.jpg\" width=\"235\" height=\"235\" \/>\r\n\t\t\t\t\t\t\t<\/a>\r\n\t\t<\/div>\r\n\t<\/div>\r\n\t\r\n\t\t\r\n \t\t\r\n\t<div id=\"ngg-image-1270\" class=\"ngg-gallery-thumbnail-box\" style=\"width:33%;\" >\r\n\t\t<div class=\"ngg-gallery-thumbnail\" >\r\n\t\t\t<a href=\"http:\/\/www.palitosdealamo.cl\/wp-content\/gallery\/trabajos_septiembre_2022\/mandala_gigante_madera.jpg\" title=\" \" class=\"shutterset_set_141\" >\r\n\t\t\t\t\t\t\t\t<img loading=\"lazy\" decoding=\"async\" title=\"mandala_gigante_madera\" alt=\"mandala_gigante_madera\" src=\"http:\/\/www.palitosdealamo.cl\/wp-content\/gallery\/trabajos_septiembre_2022\/thumbs\/thumbs_mandala_gigante_madera.jpg\" width=\"235\" height=\"235\" \/>\r\n\t\t\t\t\t\t\t<\/a>\r\n\t\t<\/div>\r\n\t<\/div>\r\n\t\r\n\t\t\t\t<br style=\"clear: both\" \/>\r\n\t\r\n \t \t\r\n\t<!-- Pagination -->\r\n \t<div class=\"ngg-clear\"><\/div> \t\r\n<\/div>\r\n\r\n\n\n\n\n<p class=\"has-text-align-center has-white-color has-text-color\">.<\/p>\n\n\n\n<h4 class=\"wp-block-heading\" style=\"font-size:24px\">Alcuzas para botellas<\/h4>\n\n\n\n<p>Fabricando un nuevo pedido de alcuzas para aceite y aceto balsamico.<\/p>\n\n\n\n<figure class=\"wp-block-gallery has-nested-images columns-default is-cropped wp-block-gallery-10 is-layout-flex wp-block-gallery-is-layout-flex\">\n<figure class=\"wp-block-image\"><img loading=\"lazy\" decoding=\"async\" width=\"720\" height=\"720\" data-id=\"2658\" src=\"https:\/\/www.palitosdealamo.cl\/wp-content\/uploads\/2022\/07\/alcuza_madera_01.jpg\" alt=\"\" class=\"wp-image-2658\" srcset=\"http:\/\/www.palitosdealamo.cl\/wp-content\/uploads\/2022\/07\/alcuza_madera_01.jpg 720w, http:\/\/www.palitosdealamo.cl\/wp-content\/uploads\/2022\/07\/alcuza_madera_01-150x150.jpg 150w, http:\/\/www.palitosdealamo.cl\/wp-content\/uploads\/2022\/07\/alcuza_madera_01-300x300.jpg 300w, http:\/\/www.palitosdealamo.cl\/wp-content\/uploads\/2022\/07\/alcuza_madera_01-160x160.jpg 160w\" sizes=\"(max-width: 720px) 100vw, 720px\" \/><\/figure>\n\n\n\n<figure class=\"wp-block-image\"><img loading=\"lazy\" decoding=\"async\" width=\"720\" height=\"720\" data-id=\"2659\" src=\"https:\/\/www.palitosdealamo.cl\/wp-content\/uploads\/2022\/07\/alcuza_madera_02.jpg\" alt=\"\" class=\"wp-image-2659\" srcset=\"http:\/\/www.palitosdealamo.cl\/wp-content\/uploads\/2022\/07\/alcuza_madera_02.jpg 720w, http:\/\/www.palitosdealamo.cl\/wp-content\/uploads\/2022\/07\/alcuza_madera_02-150x150.jpg 150w, http:\/\/www.palitosdealamo.cl\/wp-content\/uploads\/2022\/07\/alcuza_madera_02-300x300.jpg 300w, http:\/\/www.palitosdealamo.cl\/wp-content\/uploads\/2022\/07\/alcuza_madera_02-160x160.jpg 160w\" sizes=\"(max-width: 720px) 100vw, 720px\" \/><\/figure>\n<\/figure>\n\n\n\n<p class=\"has-text-align-center has-white-color has-text-color\">.<\/p>\n\n\n\n<h4 class=\"wp-block-heading\" style=\"font-size:24px\">Embalajes Especiales<\/h4>\n\n\n\n<p>Se realiza todo tipo de embalajes especiales para diversos productos. Cotice el suyo.<\/p>\n\n\n\n<figure class=\"wp-block-gallery has-nested-images columns-default is-cropped wp-block-gallery-11 is-layout-flex wp-block-gallery-is-layout-flex\">\n<figure class=\"wp-block-image\"><img loading=\"lazy\" decoding=\"async\" width=\"630\" height=\"587\" data-id=\"2646\" src=\"https:\/\/www.palitosdealamo.cl\/wp-content\/uploads\/2022\/07\/embalaje_especial_02.jpg\" alt=\"\" class=\"wp-image-2646\" srcset=\"http:\/\/www.palitosdealamo.cl\/wp-content\/uploads\/2022\/07\/embalaje_especial_02.jpg 630w, http:\/\/www.palitosdealamo.cl\/wp-content\/uploads\/2022\/07\/embalaje_especial_02-300x280.jpg 300w\" sizes=\"(max-width: 630px) 100vw, 630px\" \/><\/figure>\n\n\n\n<figure class=\"wp-block-image\"><img loading=\"lazy\" decoding=\"async\" width=\"1024\" height=\"576\" data-id=\"2647\" src=\"https:\/\/www.palitosdealamo.cl\/wp-content\/uploads\/2022\/07\/embalaje_especial_01-1024x576.jpg\" alt=\"\" class=\"wp-image-2647\" srcset=\"http:\/\/www.palitosdealamo.cl\/wp-content\/uploads\/2022\/07\/embalaje_especial_01-1024x576.jpg 1024w, http:\/\/www.palitosdealamo.cl\/wp-content\/uploads\/2022\/07\/embalaje_especial_01-300x169.jpg 300w, http:\/\/www.palitosdealamo.cl\/wp-content\/uploads\/2022\/07\/embalaje_especial_01-768x432.jpg 768w, http:\/\/www.palitosdealamo.cl\/wp-content\/uploads\/2022\/07\/embalaje_especial_01.jpg 1280w\" sizes=\"(max-width: 1024px) 100vw, 1024px\" \/><\/figure>\n<\/figure>\n\n\n\n<p class=\"has-text-align-center has-white-color has-text-color\">.<\/p>\n\n\n\n<h4 class=\"wp-block-heading\" style=\"font-size:24px\">Malet\u00edn de madera para pack de cervezas<\/h4>\n\n\n\n<figure class=\"wp-block-gallery has-nested-images columns-default is-cropped wp-block-gallery-12 is-layout-flex wp-block-gallery-is-layout-flex\">\n<figure class=\"wp-block-image\"><img loading=\"lazy\" decoding=\"async\" width=\"600\" height=\"600\" data-id=\"2636\" src=\"https:\/\/www.palitosdealamo.cl\/wp-content\/uploads\/2022\/06\/maletin_cerveza_madera.jpg\" alt=\"\" class=\"wp-image-2636\" srcset=\"http:\/\/www.palitosdealamo.cl\/wp-content\/uploads\/2022\/06\/maletin_cerveza_madera.jpg 600w, http:\/\/www.palitosdealamo.cl\/wp-content\/uploads\/2022\/06\/maletin_cerveza_madera-150x150.jpg 150w, http:\/\/www.palitosdealamo.cl\/wp-content\/uploads\/2022\/06\/maletin_cerveza_madera-300x300.jpg 300w, http:\/\/www.palitosdealamo.cl\/wp-content\/uploads\/2022\/06\/maletin_cerveza_madera-160x160.jpg 160w\" sizes=\"(max-width: 600px) 100vw, 600px\" \/><\/figure>\n\n\n\n<figure class=\"wp-block-image\"><img loading=\"lazy\" decoding=\"async\" width=\"600\" height=\"600\" data-id=\"2637\" src=\"https:\/\/www.palitosdealamo.cl\/wp-content\/uploads\/2022\/06\/maletin_cerveza_madera_02.jpg\" alt=\"\" class=\"wp-image-2637\" srcset=\"http:\/\/www.palitosdealamo.cl\/wp-content\/uploads\/2022\/06\/maletin_cerveza_madera_02.jpg 600w, http:\/\/www.palitosdealamo.cl\/wp-content\/uploads\/2022\/06\/maletin_cerveza_madera_02-150x150.jpg 150w, http:\/\/www.palitosdealamo.cl\/wp-content\/uploads\/2022\/06\/maletin_cerveza_madera_02-300x300.jpg 300w, http:\/\/www.palitosdealamo.cl\/wp-content\/uploads\/2022\/06\/maletin_cerveza_madera_02-160x160.jpg 160w\" sizes=\"(max-width: 600px) 100vw, 600px\" \/><\/figure>\n\n\n\n<figure class=\"wp-block-image\"><img loading=\"lazy\" decoding=\"async\" width=\"600\" height=\"600\" data-id=\"2638\" src=\"https:\/\/www.palitosdealamo.cl\/wp-content\/uploads\/2022\/06\/maletin_cerveza_madera_03.jpg\" alt=\"\" class=\"wp-image-2638\" srcset=\"http:\/\/www.palitosdealamo.cl\/wp-content\/uploads\/2022\/06\/maletin_cerveza_madera_03.jpg 600w, http:\/\/www.palitosdealamo.cl\/wp-content\/uploads\/2022\/06\/maletin_cerveza_madera_03-150x150.jpg 150w, http:\/\/www.palitosdealamo.cl\/wp-content\/uploads\/2022\/06\/maletin_cerveza_madera_03-300x300.jpg 300w, http:\/\/www.palitosdealamo.cl\/wp-content\/uploads\/2022\/06\/maletin_cerveza_madera_03-160x160.jpg 160w\" sizes=\"(max-width: 600px) 100vw, 600px\" \/><\/figure>\n<\/figure>\n\n\n\n<p class=\"has-text-align-center has-white-color has-text-color\">.<\/p>\n\n\n\n<h4 class=\"wp-block-heading\" style=\"font-size:24px\">Material para Sondaje de Minerales<\/h4>\n\n\n\n<p class=\"has-normal-font-size\">Cajas para Sondaje de Minerales \/ Separadores para Muestras de Testigueras \/ Cajas Para insumos de Sondajes<\/p>\n\n\n\n<figure class=\"wp-block-gallery has-nested-images columns-default is-cropped wp-block-gallery-13 is-layout-flex wp-block-gallery-is-layout-flex\">\n<figure class=\"wp-block-image\"><img loading=\"lazy\" decoding=\"async\" width=\"1024\" height=\"615\" data-id=\"2581\" src=\"https:\/\/www.palitosdealamo.cl\/wp-content\/uploads\/2022\/06\/sondeo_mineral_01-1024x615.jpg\" alt=\"\" class=\"wp-image-2581\" srcset=\"http:\/\/www.palitosdealamo.cl\/wp-content\/uploads\/2022\/06\/sondeo_mineral_01-1024x615.jpg 1024w, http:\/\/www.palitosdealamo.cl\/wp-content\/uploads\/2022\/06\/sondeo_mineral_01-300x180.jpg 300w, http:\/\/www.palitosdealamo.cl\/wp-content\/uploads\/2022\/06\/sondeo_mineral_01-768x461.jpg 768w, http:\/\/www.palitosdealamo.cl\/wp-content\/uploads\/2022\/06\/sondeo_mineral_01.jpg 1199w\" sizes=\"(max-width: 1024px) 100vw, 1024px\" \/><\/figure>\n\n\n\n<figure class=\"wp-block-image\"><img loading=\"lazy\" decoding=\"async\" width=\"1024\" height=\"649\" data-id=\"2582\" src=\"https:\/\/www.palitosdealamo.cl\/wp-content\/uploads\/2022\/06\/sondeo_mineral_02-1024x649.jpg\" alt=\"\" class=\"wp-image-2582\" srcset=\"http:\/\/www.palitosdealamo.cl\/wp-content\/uploads\/2022\/06\/sondeo_mineral_02-1024x649.jpg 1024w, http:\/\/www.palitosdealamo.cl\/wp-content\/uploads\/2022\/06\/sondeo_mineral_02-300x190.jpg 300w, http:\/\/www.palitosdealamo.cl\/wp-content\/uploads\/2022\/06\/sondeo_mineral_02-768x487.jpg 768w, http:\/\/www.palitosdealamo.cl\/wp-content\/uploads\/2022\/06\/sondeo_mineral_02.jpg 1136w\" sizes=\"(max-width: 1024px) 100vw, 1024px\" \/><\/figure>\n\n\n\n<figure class=\"wp-block-image\"><img loading=\"lazy\" decoding=\"async\" width=\"1024\" height=\"557\" data-id=\"2583\" src=\"https:\/\/www.palitosdealamo.cl\/wp-content\/uploads\/2022\/06\/sondeo_mineral_03-1024x557.jpg\" alt=\"\" class=\"wp-image-2583\" srcset=\"http:\/\/www.palitosdealamo.cl\/wp-content\/uploads\/2022\/06\/sondeo_mineral_03-1024x557.jpg 1024w, http:\/\/www.palitosdealamo.cl\/wp-content\/uploads\/2022\/06\/sondeo_mineral_03-300x163.jpg 300w, http:\/\/www.palitosdealamo.cl\/wp-content\/uploads\/2022\/06\/sondeo_mineral_03-768x418.jpg 768w, http:\/\/www.palitosdealamo.cl\/wp-content\/uploads\/2022\/06\/sondeo_mineral_03.jpg 1149w\" sizes=\"(max-width: 1024px) 100vw, 1024px\" \/><\/figure>\n\n\n\n<figure class=\"wp-block-image\"><img loading=\"lazy\" decoding=\"async\" width=\"1024\" height=\"590\" data-id=\"2584\" src=\"https:\/\/www.palitosdealamo.cl\/wp-content\/uploads\/2022\/06\/sondeo_mineral_04-1024x590.jpg\" alt=\"\" class=\"wp-image-2584\" srcset=\"http:\/\/www.palitosdealamo.cl\/wp-content\/uploads\/2022\/06\/sondeo_mineral_04-1024x590.jpg 1024w, http:\/\/www.palitosdealamo.cl\/wp-content\/uploads\/2022\/06\/sondeo_mineral_04-300x173.jpg 300w, http:\/\/www.palitosdealamo.cl\/wp-content\/uploads\/2022\/06\/sondeo_mineral_04-768x442.jpg 768w, http:\/\/www.palitosdealamo.cl\/wp-content\/uploads\/2022\/06\/sondeo_mineral_04.jpg 1158w\" sizes=\"(max-width: 1024px) 100vw, 1024px\" \/><\/figure>\n\n\n\n<figure class=\"wp-block-image\"><img loading=\"lazy\" decoding=\"async\" width=\"1024\" height=\"547\" data-id=\"2585\" src=\"https:\/\/www.palitosdealamo.cl\/wp-content\/uploads\/2022\/06\/sondeo_mineral_05-1024x547.jpg\" alt=\"\" class=\"wp-image-2585\" srcset=\"http:\/\/www.palitosdealamo.cl\/wp-content\/uploads\/2022\/06\/sondeo_mineral_05-1024x547.jpg 1024w, http:\/\/www.palitosdealamo.cl\/wp-content\/uploads\/2022\/06\/sondeo_mineral_05-300x160.jpg 300w, http:\/\/www.palitosdealamo.cl\/wp-content\/uploads\/2022\/06\/sondeo_mineral_05-768x411.jpg 768w, http:\/\/www.palitosdealamo.cl\/wp-content\/uploads\/2022\/06\/sondeo_mineral_05.jpg 1158w\" sizes=\"(max-width: 1024px) 100vw, 1024px\" \/><\/figure>\n<\/figure>\n\n\n\n<p class=\"has-text-align-center has-white-color has-text-color\">.<\/p>\n\n\n\n<h4 class=\"wp-block-heading\" style=\"font-size:24px\">Baul del Rock<\/h4>\n\n\n\n<figure class=\"wp-block-gallery has-nested-images columns-default is-cropped wp-block-gallery-14 is-layout-flex wp-block-gallery-is-layout-flex\">\n<figure class=\"wp-block-image\"><img loading=\"lazy\" decoding=\"async\" width=\"600\" height=\"600\" data-id=\"2591\" src=\"https:\/\/www.palitosdealamo.cl\/wp-content\/uploads\/2022\/06\/baul_rock_01.jpg\" alt=\"\" class=\"wp-image-2591\" srcset=\"http:\/\/www.palitosdealamo.cl\/wp-content\/uploads\/2022\/06\/baul_rock_01.jpg 600w, http:\/\/www.palitosdealamo.cl\/wp-content\/uploads\/2022\/06\/baul_rock_01-150x150.jpg 150w, http:\/\/www.palitosdealamo.cl\/wp-content\/uploads\/2022\/06\/baul_rock_01-300x300.jpg 300w, http:\/\/www.palitosdealamo.cl\/wp-content\/uploads\/2022\/06\/baul_rock_01-160x160.jpg 160w\" sizes=\"(max-width: 600px) 100vw, 600px\" \/><\/figure>\n\n\n\n<figure class=\"wp-block-image\"><img loading=\"lazy\" decoding=\"async\" width=\"600\" height=\"600\" data-id=\"2592\" src=\"https:\/\/www.palitosdealamo.cl\/wp-content\/uploads\/2022\/06\/baul_rock_02.jpg\" alt=\"\" class=\"wp-image-2592\" srcset=\"http:\/\/www.palitosdealamo.cl\/wp-content\/uploads\/2022\/06\/baul_rock_02.jpg 600w, http:\/\/www.palitosdealamo.cl\/wp-content\/uploads\/2022\/06\/baul_rock_02-150x150.jpg 150w, http:\/\/www.palitosdealamo.cl\/wp-content\/uploads\/2022\/06\/baul_rock_02-300x300.jpg 300w, http:\/\/www.palitosdealamo.cl\/wp-content\/uploads\/2022\/06\/baul_rock_02-160x160.jpg 160w\" sizes=\"(max-width: 600px) 100vw, 600px\" \/><\/figure>\n\n\n\n<figure class=\"wp-block-image\"><img loading=\"lazy\" decoding=\"async\" width=\"600\" height=\"600\" data-id=\"2593\" src=\"https:\/\/www.palitosdealamo.cl\/wp-content\/uploads\/2022\/06\/baul_rock_03.jpg\" alt=\"\" class=\"wp-image-2593\" srcset=\"http:\/\/www.palitosdealamo.cl\/wp-content\/uploads\/2022\/06\/baul_rock_03.jpg 600w, http:\/\/www.palitosdealamo.cl\/wp-content\/uploads\/2022\/06\/baul_rock_03-150x150.jpg 150w, http:\/\/www.palitosdealamo.cl\/wp-content\/uploads\/2022\/06\/baul_rock_03-300x300.jpg 300w, http:\/\/www.palitosdealamo.cl\/wp-content\/uploads\/2022\/06\/baul_rock_03-160x160.jpg 160w\" sizes=\"(max-width: 600px) 100vw, 600px\" \/><\/figure>\n\n\n\n<figure class=\"wp-block-image\"><img loading=\"lazy\" decoding=\"async\" width=\"600\" height=\"600\" data-id=\"2594\" src=\"https:\/\/www.palitosdealamo.cl\/wp-content\/uploads\/2022\/06\/baul_rock_04.jpg\" alt=\"\" class=\"wp-image-2594\" srcset=\"http:\/\/www.palitosdealamo.cl\/wp-content\/uploads\/2022\/06\/baul_rock_04.jpg 600w, http:\/\/www.palitosdealamo.cl\/wp-content\/uploads\/2022\/06\/baul_rock_04-150x150.jpg 150w, http:\/\/www.palitosdealamo.cl\/wp-content\/uploads\/2022\/06\/baul_rock_04-300x300.jpg 300w, http:\/\/www.palitosdealamo.cl\/wp-content\/uploads\/2022\/06\/baul_rock_04-160x160.jpg 160w\" sizes=\"(max-width: 600px) 100vw, 600px\" \/><\/figure>\n\n\n\n<figure class=\"wp-block-image\"><img loading=\"lazy\" decoding=\"async\" width=\"600\" height=\"600\" data-id=\"2595\" src=\"https:\/\/www.palitosdealamo.cl\/wp-content\/uploads\/2022\/06\/baul_rock_05.jpg\" alt=\"\" class=\"wp-image-2595\" srcset=\"http:\/\/www.palitosdealamo.cl\/wp-content\/uploads\/2022\/06\/baul_rock_05.jpg 600w, http:\/\/www.palitosdealamo.cl\/wp-content\/uploads\/2022\/06\/baul_rock_05-150x150.jpg 150w, http:\/\/www.palitosdealamo.cl\/wp-content\/uploads\/2022\/06\/baul_rock_05-300x300.jpg 300w, http:\/\/www.palitosdealamo.cl\/wp-content\/uploads\/2022\/06\/baul_rock_05-160x160.jpg 160w\" sizes=\"(max-width: 600px) 100vw, 600px\" \/><\/figure>\n<\/figure>\n\n\n\n<p class=\"has-text-align-center has-white-color has-text-color\">.<\/p>\n\n\n\n<h4 class=\"wp-block-heading\" style=\"font-size:24px\">Caja de Vino para Regalo Corporativo<\/h4>\n\n\n\n<figure class=\"wp-block-gallery has-nested-images columns-default is-cropped wp-block-gallery-15 is-layout-flex wp-block-gallery-is-layout-flex\">\n<figure class=\"wp-block-image\"><img loading=\"lazy\" decoding=\"async\" width=\"681\" height=\"1024\" data-id=\"2597\" src=\"https:\/\/www.palitosdealamo.cl\/wp-content\/uploads\/2022\/06\/caja_botella_plan_vertical_01-681x1024.jpg\" alt=\"\" class=\"wp-image-2597\" srcset=\"http:\/\/www.palitosdealamo.cl\/wp-content\/uploads\/2022\/06\/caja_botella_plan_vertical_01-681x1024.jpg 681w, http:\/\/www.palitosdealamo.cl\/wp-content\/uploads\/2022\/06\/caja_botella_plan_vertical_01-199x300.jpg 199w, http:\/\/www.palitosdealamo.cl\/wp-content\/uploads\/2022\/06\/caja_botella_plan_vertical_01.jpg 754w\" sizes=\"(max-width: 681px) 100vw, 681px\" \/><\/figure>\n\n\n\n<figure class=\"wp-block-image\"><img loading=\"lazy\" decoding=\"async\" width=\"349\" height=\"354\" data-id=\"2598\" src=\"https:\/\/www.palitosdealamo.cl\/wp-content\/uploads\/2022\/06\/caja_botella_plan_vertical_02.jpg\" alt=\"\" class=\"wp-image-2598\" srcset=\"http:\/\/www.palitosdealamo.cl\/wp-content\/uploads\/2022\/06\/caja_botella_plan_vertical_02.jpg 349w, http:\/\/www.palitosdealamo.cl\/wp-content\/uploads\/2022\/06\/caja_botella_plan_vertical_02-296x300.jpg 296w\" sizes=\"(max-width: 349px) 100vw, 349px\" \/><\/figure>\n<\/figure>\n\n\n\n<p class=\"has-text-align-center has-white-color has-text-color\">.<\/p>\n\n\n\n<h4 class=\"wp-block-heading\" style=\"font-size:24px\">Fabricaci\u00f3n de Cajas de Madera para Cerveza Sol<\/h4>\n\n\n\n<figure class=\"wp-block-gallery has-nested-images columns-default is-cropped wp-block-gallery-16 is-layout-flex wp-block-gallery-is-layout-flex\">\n<figure class=\"wp-block-image\"><img loading=\"lazy\" decoding=\"async\" width=\"976\" height=\"720\" data-id=\"2608\" src=\"https:\/\/www.palitosdealamo.cl\/wp-content\/uploads\/2022\/06\/fabricacion_cajas_cerveza_sol_02-1.jpg\" alt=\"\" class=\"wp-image-2608\" srcset=\"http:\/\/www.palitosdealamo.cl\/wp-content\/uploads\/2022\/06\/fabricacion_cajas_cerveza_sol_02-1.jpg 976w, http:\/\/www.palitosdealamo.cl\/wp-content\/uploads\/2022\/06\/fabricacion_cajas_cerveza_sol_02-1-300x221.jpg 300w, http:\/\/www.palitosdealamo.cl\/wp-content\/uploads\/2022\/06\/fabricacion_cajas_cerveza_sol_02-1-768x567.jpg 768w\" sizes=\"(max-width: 976px) 100vw, 976px\" \/><\/figure>\n\n\n\n<figure class=\"wp-block-image\"><img loading=\"lazy\" decoding=\"async\" width=\"497\" height=\"668\" data-id=\"2609\" src=\"https:\/\/www.palitosdealamo.cl\/wp-content\/uploads\/2022\/06\/fabricacion_cajas_cerveza_sol_03-1.jpg\" alt=\"\" class=\"wp-image-2609\" srcset=\"http:\/\/www.palitosdealamo.cl\/wp-content\/uploads\/2022\/06\/fabricacion_cajas_cerveza_sol_03-1.jpg 497w, http:\/\/www.palitosdealamo.cl\/wp-content\/uploads\/2022\/06\/fabricacion_cajas_cerveza_sol_03-1-223x300.jpg 223w\" sizes=\"(max-width: 497px) 100vw, 497px\" \/><\/figure>\n\n\n\n<figure class=\"wp-block-image\"><img loading=\"lazy\" decoding=\"async\" width=\"694\" height=\"1024\" data-id=\"2610\" src=\"https:\/\/www.palitosdealamo.cl\/wp-content\/uploads\/2022\/06\/fabricacion_cajas_cerveza_sol_04-1-694x1024.jpg\" alt=\"\" class=\"wp-image-2610\" srcset=\"http:\/\/www.palitosdealamo.cl\/wp-content\/uploads\/2022\/06\/fabricacion_cajas_cerveza_sol_04-1-694x1024.jpg 694w, http:\/\/www.palitosdealamo.cl\/wp-content\/uploads\/2022\/06\/fabricacion_cajas_cerveza_sol_04-1-203x300.jpg 203w, http:\/\/www.palitosdealamo.cl\/wp-content\/uploads\/2022\/06\/fabricacion_cajas_cerveza_sol_04-1.jpg 720w\" sizes=\"(max-width: 694px) 100vw, 694px\" \/><\/figure>\n\n\n\n<figure class=\"wp-block-image\"><img loading=\"lazy\" decoding=\"async\" width=\"1024\" height=\"600\" data-id=\"2611\" src=\"https:\/\/www.palitosdealamo.cl\/wp-content\/uploads\/2022\/06\/fabricacion_cajas_cerveza_sol_05-1024x600.jpg\" alt=\"\" class=\"wp-image-2611\" srcset=\"http:\/\/www.palitosdealamo.cl\/wp-content\/uploads\/2022\/06\/fabricacion_cajas_cerveza_sol_05-1024x600.jpg 1024w, http:\/\/www.palitosdealamo.cl\/wp-content\/uploads\/2022\/06\/fabricacion_cajas_cerveza_sol_05-300x176.jpg 300w, http:\/\/www.palitosdealamo.cl\/wp-content\/uploads\/2022\/06\/fabricacion_cajas_cerveza_sol_05-768x450.jpg 768w, http:\/\/www.palitosdealamo.cl\/wp-content\/uploads\/2022\/06\/fabricacion_cajas_cerveza_sol_05-750x440.jpg 750w, http:\/\/www.palitosdealamo.cl\/wp-content\/uploads\/2022\/06\/fabricacion_cajas_cerveza_sol_05.jpg 1178w\" sizes=\"(max-width: 1024px) 100vw, 1024px\" \/><\/figure>\n<\/figure>\n\n\n\n<p><strong>LLAMENOS Y COTICE SU PROYECTO AL:  +56-9 8501 2851 +56-9 8129 3240<\/strong><\/p>\n\n\n\n<p class=\"has-text-align-center has-white-color has-text-color\">.<\/p>\n\n\n\n<h3 class=\"wp-block-heading\" style=\"font-size:24px\">Trabajos Abril y Mayo 2022<\/h3>\n\n\n\n\r\n<div class=\"ngg-galleryoverview\" id=\"ngg-gallery-140-384\">\r\n\r\n\t<!-- Slideshow link -->\r\n\t<div class=\"slideshowlink\">\r\n\t\t<a class=\"slideshowlink\" href=\"http:\/\/www.palitosdealamo.cl\/?page_id=384&amp;show=slide\">\r\n\t\t\t[Show as slideshow]\t\t<\/a>\r\n\t<\/div>\r\n\r\n\t\r\n\t<!-- Thumbnails -->\r\n\t\t\r\n\t<div id=\"ngg-image-1257\" class=\"ngg-gallery-thumbnail-box\" style=\"width:33%;\" >\r\n\t\t<div class=\"ngg-gallery-thumbnail\" >\r\n\t\t\t<a href=\"http:\/\/www.palitosdealamo.cl\/wp-content\/gallery\/trabajos-en-madera-abril-2022\/bandejas-madera-02.jpg\" title=\"Fabricaci\u00f3n de bandejas de madera\" class=\"shutterset_set_140\" >\r\n\t\t\t\t\t\t\t\t<img loading=\"lazy\" decoding=\"async\" title=\"bandejas-madera-02\" alt=\"bandejas-madera-02\" src=\"http:\/\/www.palitosdealamo.cl\/wp-content\/gallery\/trabajos-en-madera-abril-2022\/thumbs\/thumbs_bandejas-madera-02.jpg\" width=\"235\" height=\"235\" \/>\r\n\t\t\t\t\t\t\t<\/a>\r\n\t\t<\/div>\r\n\t<\/div>\r\n\t\r\n\t\t\r\n \t\t\r\n\t<div id=\"ngg-image-1256\" class=\"ngg-gallery-thumbnail-box\" style=\"width:33%;\" >\r\n\t\t<div class=\"ngg-gallery-thumbnail\" >\r\n\t\t\t<a href=\"http:\/\/www.palitosdealamo.cl\/wp-content\/gallery\/trabajos-en-madera-abril-2022\/bandejas-madera.jpg\" title=\"Fabricaci\u00f3n de bandejas de madera\" class=\"shutterset_set_140\" >\r\n\t\t\t\t\t\t\t\t<img loading=\"lazy\" decoding=\"async\" title=\"bandejas-madera\" alt=\"bandejas-madera\" src=\"http:\/\/www.palitosdealamo.cl\/wp-content\/gallery\/trabajos-en-madera-abril-2022\/thumbs\/thumbs_bandejas-madera.jpg\" width=\"235\" height=\"235\" \/>\r\n\t\t\t\t\t\t\t<\/a>\r\n\t\t<\/div>\r\n\t<\/div>\r\n\t\r\n\t\t\r\n \t\t\r\n\t<div id=\"ngg-image-1258\" class=\"ngg-gallery-thumbnail-box\" style=\"width:33%;\" >\r\n\t\t<div class=\"ngg-gallery-thumbnail\" >\r\n\t\t\t<a href=\"http:\/\/www.palitosdealamo.cl\/wp-content\/gallery\/trabajos-en-madera-abril-2022\/cajas-madera-regalo-corporativo-01.jpg\" title=\"Fabricaci\u00f3n de cajas de madera para regalo corporativo\" class=\"shutterset_set_140\" >\r\n\t\t\t\t\t\t\t\t<img loading=\"lazy\" decoding=\"async\" title=\"cajas-madera-regalo-corporativo-01\" alt=\"cajas-madera-regalo-corporativo-01\" src=\"http:\/\/www.palitosdealamo.cl\/wp-content\/gallery\/trabajos-en-madera-abril-2022\/thumbs\/thumbs_cajas-madera-regalo-corporativo-01.jpg\" width=\"235\" height=\"235\" \/>\r\n\t\t\t\t\t\t\t<\/a>\r\n\t\t<\/div>\r\n\t<\/div>\r\n\t\r\n\t\t\t\t<br style=\"clear: both\" \/>\r\n\t\r\n \t\t\r\n\t<div id=\"ngg-image-1259\" class=\"ngg-gallery-thumbnail-box\" style=\"width:33%;\" >\r\n\t\t<div class=\"ngg-gallery-thumbnail\" >\r\n\t\t\t<a href=\"http:\/\/www.palitosdealamo.cl\/wp-content\/gallery\/trabajos-en-madera-abril-2022\/cajas-madera-regalo-corporativo-02.jpg\" title=\"Fabricaci\u00f3n de cajas de madera para regalo corporativo\" class=\"shutterset_set_140\" >\r\n\t\t\t\t\t\t\t\t<img loading=\"lazy\" decoding=\"async\" title=\"cajas-madera-regalo-corporativo-02\" alt=\"cajas-madera-regalo-corporativo-02\" src=\"http:\/\/www.palitosdealamo.cl\/wp-content\/gallery\/trabajos-en-madera-abril-2022\/thumbs\/thumbs_cajas-madera-regalo-corporativo-02.jpg\" width=\"235\" height=\"235\" \/>\r\n\t\t\t\t\t\t\t<\/a>\r\n\t\t<\/div>\r\n\t<\/div>\r\n\t\r\n\t\t\r\n \t\t\r\n\t<div id=\"ngg-image-1260\" class=\"ngg-gallery-thumbnail-box\" style=\"width:33%;\" >\r\n\t\t<div class=\"ngg-gallery-thumbnail\" >\r\n\t\t\t<a href=\"http:\/\/www.palitosdealamo.cl\/wp-content\/gallery\/trabajos-en-madera-abril-2022\/cajas-madera-regalo-corporativo-03.jpg\" title=\"Fabricaci\u00f3n de cajas de madera para regalo corporativo\" class=\"shutterset_set_140\" >\r\n\t\t\t\t\t\t\t\t<img loading=\"lazy\" decoding=\"async\" title=\"cajas-madera-regalo-corporativo-03\" alt=\"cajas-madera-regalo-corporativo-03\" src=\"http:\/\/www.palitosdealamo.cl\/wp-content\/gallery\/trabajos-en-madera-abril-2022\/thumbs\/thumbs_cajas-madera-regalo-corporativo-03.jpg\" width=\"235\" height=\"235\" \/>\r\n\t\t\t\t\t\t\t<\/a>\r\n\t\t<\/div>\r\n\t<\/div>\r\n\t\r\n\t\t\r\n \t\t\r\n\t<div id=\"ngg-image-1262\" class=\"ngg-gallery-thumbnail-box\" style=\"width:33%;\" >\r\n\t\t<div class=\"ngg-gallery-thumbnail\" >\r\n\t\t\t<a href=\"http:\/\/www.palitosdealamo.cl\/wp-content\/gallery\/trabajos-en-madera-abril-2022\/tablas-madera.jpg\" title=\"Fabricaci\u00f3n de tablas de madera para picoteo\" class=\"shutterset_set_140\" >\r\n\t\t\t\t\t\t\t\t<img loading=\"lazy\" decoding=\"async\" title=\"tablas-madera\" alt=\"tablas-madera\" src=\"http:\/\/www.palitosdealamo.cl\/wp-content\/gallery\/trabajos-en-madera-abril-2022\/thumbs\/thumbs_tablas-madera.jpg\" width=\"235\" height=\"235\" \/>\r\n\t\t\t\t\t\t\t<\/a>\r\n\t\t<\/div>\r\n\t<\/div>\r\n\t\r\n\t\t\t\t<br style=\"clear: both\" \/>\r\n\t\r\n \t \t\r\n\t<!-- Pagination -->\r\n \t<div class=\"ngg-clear\"><\/div> \t\r\n<\/div>\r\n\r\n\n\n\n\n<p class=\"has-text-align-center has-white-color has-text-color\">.<\/p>\n\n\n\n<h4 class=\"wp-block-heading\" style=\"font-size:24px\">Baul de Madera Terciada para pierna de Jam\u00f3n<\/h4>\n\n\n\n<figure class=\"wp-block-gallery has-nested-images columns-2 is-cropped wp-block-gallery-17 is-layout-flex wp-block-gallery-is-layout-flex\">\n<figure class=\"wp-block-image\"><img loading=\"lazy\" decoding=\"async\" width=\"1100\" height=\"899\" data-id=\"2427\" src=\"https:\/\/www.palitosdealamo.cl\/wp-content\/uploads\/2022\/02\/caja_jamones_01.jpg\" alt=\"\" class=\"wp-image-2427\" srcset=\"http:\/\/www.palitosdealamo.cl\/wp-content\/uploads\/2022\/02\/caja_jamones_01.jpg 1100w, http:\/\/www.palitosdealamo.cl\/wp-content\/uploads\/2022\/02\/caja_jamones_01-300x245.jpg 300w, http:\/\/www.palitosdealamo.cl\/wp-content\/uploads\/2022\/02\/caja_jamones_01-768x628.jpg 768w, http:\/\/www.palitosdealamo.cl\/wp-content\/uploads\/2022\/02\/caja_jamones_01-1024x837.jpg 1024w\" sizes=\"(max-width: 1100px) 100vw, 1100px\" \/><\/figure>\n\n\n\n<figure class=\"wp-block-image\"><img loading=\"lazy\" decoding=\"async\" width=\"1100\" height=\"899\" data-id=\"2428\" src=\"https:\/\/www.palitosdealamo.cl\/wp-content\/uploads\/2022\/02\/caja_jamones_02.jpg\" alt=\"\" class=\"wp-image-2428\" srcset=\"http:\/\/www.palitosdealamo.cl\/wp-content\/uploads\/2022\/02\/caja_jamones_02.jpg 1100w, http:\/\/www.palitosdealamo.cl\/wp-content\/uploads\/2022\/02\/caja_jamones_02-300x245.jpg 300w, http:\/\/www.palitosdealamo.cl\/wp-content\/uploads\/2022\/02\/caja_jamones_02-768x628.jpg 768w, http:\/\/www.palitosdealamo.cl\/wp-content\/uploads\/2022\/02\/caja_jamones_02-1024x837.jpg 1024w\" sizes=\"(max-width: 1100px) 100vw, 1100px\" \/><\/figure>\n<\/figure>\n\n\n\n<p class=\"has-text-align-center has-white-color has-text-color\">.<\/p>\n\n\n\n<h4 class=\"wp-block-heading\" style=\"font-size:24px\">Baul de Madera Terciada con Viruta Natural<\/h4>\n\n\n\n<figure class=\"wp-block-gallery has-nested-images columns-3 is-cropped wp-block-gallery-18 is-layout-flex wp-block-gallery-is-layout-flex\">\n<figure class=\"wp-block-image\"><img loading=\"lazy\" decoding=\"async\" width=\"400\" height=\"711\" data-id=\"2432\" src=\"https:\/\/www.palitosdealamo.cl\/wp-content\/uploads\/2022\/02\/baul_con_viruta_01.jpg\" alt=\"\" class=\"wp-image-2432\" srcset=\"http:\/\/www.palitosdealamo.cl\/wp-content\/uploads\/2022\/02\/baul_con_viruta_01.jpg 400w, http:\/\/www.palitosdealamo.cl\/wp-content\/uploads\/2022\/02\/baul_con_viruta_01-169x300.jpg 169w\" sizes=\"(max-width: 400px) 100vw, 400px\" \/><\/figure>\n\n\n\n<figure class=\"wp-block-image\"><img loading=\"lazy\" decoding=\"async\" width=\"400\" height=\"711\" data-id=\"2433\" src=\"https:\/\/www.palitosdealamo.cl\/wp-content\/uploads\/2022\/02\/baul_con_viruta_02.jpg\" alt=\"\" class=\"wp-image-2433\" srcset=\"http:\/\/www.palitosdealamo.cl\/wp-content\/uploads\/2022\/02\/baul_con_viruta_02.jpg 400w, http:\/\/www.palitosdealamo.cl\/wp-content\/uploads\/2022\/02\/baul_con_viruta_02-169x300.jpg 169w\" sizes=\"(max-width: 400px) 100vw, 400px\" \/><\/figure>\n\n\n\n<figure class=\"wp-block-image\"><img loading=\"lazy\" decoding=\"async\" width=\"400\" height=\"711\" data-id=\"2434\" src=\"https:\/\/www.palitosdealamo.cl\/wp-content\/uploads\/2022\/02\/baul_con_viruta_03.jpg\" alt=\"\" class=\"wp-image-2434\" srcset=\"http:\/\/www.palitosdealamo.cl\/wp-content\/uploads\/2022\/02\/baul_con_viruta_03.jpg 400w, http:\/\/www.palitosdealamo.cl\/wp-content\/uploads\/2022\/02\/baul_con_viruta_03-169x300.jpg 169w\" sizes=\"(max-width: 400px) 100vw, 400px\" \/><\/figure>\n<\/figure>\n\n\n\n<p class=\"has-text-align-center has-white-color has-text-color\">.<\/p>\n\n\n\n<h4 class=\"wp-block-heading\" style=\"font-size:24px\">Dise\u00f1o y Grabado de Caja de Madera<\/h4>\n\n\n\n<figure class=\"wp-block-gallery has-nested-images columns-1 is-cropped wp-block-gallery-19 is-layout-flex wp-block-gallery-is-layout-flex\">\n<figure class=\"wp-block-image\"><img loading=\"lazy\" decoding=\"async\" width=\"1280\" height=\"510\" data-id=\"2436\" src=\"https:\/\/www.palitosdealamo.cl\/wp-content\/uploads\/2022\/02\/baul_logo_expa_chile_01.jpg\" alt=\"\" class=\"wp-image-2436\" srcset=\"http:\/\/www.palitosdealamo.cl\/wp-content\/uploads\/2022\/02\/baul_logo_expa_chile_01.jpg 1280w, http:\/\/www.palitosdealamo.cl\/wp-content\/uploads\/2022\/02\/baul_logo_expa_chile_01-300x120.jpg 300w, http:\/\/www.palitosdealamo.cl\/wp-content\/uploads\/2022\/02\/baul_logo_expa_chile_01-768x306.jpg 768w, http:\/\/www.palitosdealamo.cl\/wp-content\/uploads\/2022\/02\/baul_logo_expa_chile_01-1024x408.jpg 1024w\" sizes=\"(max-width: 1280px) 100vw, 1280px\" \/><\/figure>\n\n\n\n<figure class=\"wp-block-image\"><img loading=\"lazy\" decoding=\"async\" width=\"1200\" height=\"675\" data-id=\"2437\" src=\"https:\/\/www.palitosdealamo.cl\/wp-content\/uploads\/2022\/02\/baul_logo_expa_chile_02.jpg\" alt=\"\" class=\"wp-image-2437\" srcset=\"http:\/\/www.palitosdealamo.cl\/wp-content\/uploads\/2022\/02\/baul_logo_expa_chile_02.jpg 1200w, http:\/\/www.palitosdealamo.cl\/wp-content\/uploads\/2022\/02\/baul_logo_expa_chile_02-300x169.jpg 300w, http:\/\/www.palitosdealamo.cl\/wp-content\/uploads\/2022\/02\/baul_logo_expa_chile_02-768x432.jpg 768w, http:\/\/www.palitosdealamo.cl\/wp-content\/uploads\/2022\/02\/baul_logo_expa_chile_02-1024x576.jpg 1024w\" sizes=\"(max-width: 1200px) 100vw, 1200px\" \/><\/figure>\n<\/figure>\n\n\n\n<p class=\"has-text-align-center has-white-color has-text-color\">.<\/p>\n\n\n\n<h4 class=\"wp-block-heading\" style=\"font-size:24px\">Baul de madera pintado<\/h4>\n\n\n\n<figure class=\"wp-block-gallery has-nested-images columns-2 is-cropped wp-block-gallery-20 is-layout-flex wp-block-gallery-is-layout-flex\">\n<figure class=\"wp-block-image\"><img loading=\"lazy\" decoding=\"async\" width=\"800\" height=\"600\" data-id=\"2474\" src=\"https:\/\/www.palitosdealamo.cl\/wp-content\/uploads\/2022\/02\/buzon_madera_01.jpg\" alt=\"\" class=\"wp-image-2474\" srcset=\"http:\/\/www.palitosdealamo.cl\/wp-content\/uploads\/2022\/02\/buzon_madera_01.jpg 800w, http:\/\/www.palitosdealamo.cl\/wp-content\/uploads\/2022\/02\/buzon_madera_01-300x225.jpg 300w, http:\/\/www.palitosdealamo.cl\/wp-content\/uploads\/2022\/02\/buzon_madera_01-768x576.jpg 768w\" sizes=\"(max-width: 800px) 100vw, 800px\" \/><\/figure>\n\n\n\n<figure class=\"wp-block-image\"><img loading=\"lazy\" decoding=\"async\" width=\"800\" height=\"600\" data-id=\"2475\" src=\"https:\/\/www.palitosdealamo.cl\/wp-content\/uploads\/2022\/02\/buzon_madera_02.jpg\" alt=\"\" class=\"wp-image-2475\" srcset=\"http:\/\/www.palitosdealamo.cl\/wp-content\/uploads\/2022\/02\/buzon_madera_02.jpg 800w, http:\/\/www.palitosdealamo.cl\/wp-content\/uploads\/2022\/02\/buzon_madera_02-300x225.jpg 300w, http:\/\/www.palitosdealamo.cl\/wp-content\/uploads\/2022\/02\/buzon_madera_02-768x576.jpg 768w\" sizes=\"(max-width: 800px) 100vw, 800px\" \/><\/figure>\n\n\n\n<figure class=\"wp-block-image\"><img loading=\"lazy\" decoding=\"async\" width=\"800\" height=\"600\" data-id=\"2477\" src=\"https:\/\/www.palitosdealamo.cl\/wp-content\/uploads\/2022\/02\/buzon_madera_03.jpg\" alt=\"\" class=\"wp-image-2477\" srcset=\"http:\/\/www.palitosdealamo.cl\/wp-content\/uploads\/2022\/02\/buzon_madera_03.jpg 800w, http:\/\/www.palitosdealamo.cl\/wp-content\/uploads\/2022\/02\/buzon_madera_03-300x225.jpg 300w, http:\/\/www.palitosdealamo.cl\/wp-content\/uploads\/2022\/02\/buzon_madera_03-768x576.jpg 768w\" sizes=\"(max-width: 800px) 100vw, 800px\" \/><\/figure>\n\n\n\n<figure class=\"wp-block-image\"><img loading=\"lazy\" decoding=\"async\" width=\"800\" height=\"600\" data-id=\"2478\" src=\"https:\/\/www.palitosdealamo.cl\/wp-content\/uploads\/2022\/02\/buzon_madera_04.jpg\" alt=\"\" class=\"wp-image-2478\" srcset=\"http:\/\/www.palitosdealamo.cl\/wp-content\/uploads\/2022\/02\/buzon_madera_04.jpg 800w, http:\/\/www.palitosdealamo.cl\/wp-content\/uploads\/2022\/02\/buzon_madera_04-300x225.jpg 300w, http:\/\/www.palitosdealamo.cl\/wp-content\/uploads\/2022\/02\/buzon_madera_04-768x576.jpg 768w\" sizes=\"(max-width: 800px) 100vw, 800px\" \/><\/figure>\n<\/figure>\n\n\n\n<p class=\"has-text-align-center has-white-color has-text-color\">.<\/p>\n\n\n\n<h4 class=\"wp-block-heading\" style=\"font-size:24px\">Caja de Madera para Regalo Pisco Mistral<\/h4>\n\n\n\n<figure class=\"wp-block-gallery has-nested-images columns-2 is-cropped wp-block-gallery-21 is-layout-flex wp-block-gallery-is-layout-flex\">\n<figure class=\"wp-block-image\"><img loading=\"lazy\" decoding=\"async\" width=\"600\" height=\"400\" data-id=\"2120\" src=\"https:\/\/www.palitosdealamo.cl\/wp-content\/uploads\/2021\/11\/caja-pisco-mistral-01.jpg\" alt=\"\" class=\"wp-image-2120\" srcset=\"http:\/\/www.palitosdealamo.cl\/wp-content\/uploads\/2021\/11\/caja-pisco-mistral-01.jpg 600w, http:\/\/www.palitosdealamo.cl\/wp-content\/uploads\/2021\/11\/caja-pisco-mistral-01-300x200.jpg 300w\" sizes=\"(max-width: 600px) 100vw, 600px\" \/><\/figure>\n\n\n\n<figure class=\"wp-block-image\"><img loading=\"lazy\" decoding=\"async\" width=\"600\" height=\"400\" data-id=\"2121\" src=\"https:\/\/www.palitosdealamo.cl\/wp-content\/uploads\/2021\/11\/caja-pisco-mistral-02.jpg\" alt=\"\" class=\"wp-image-2121\" srcset=\"http:\/\/www.palitosdealamo.cl\/wp-content\/uploads\/2021\/11\/caja-pisco-mistral-02.jpg 600w, http:\/\/www.palitosdealamo.cl\/wp-content\/uploads\/2021\/11\/caja-pisco-mistral-02-300x200.jpg 300w\" sizes=\"(max-width: 600px) 100vw, 600px\" \/><\/figure>\n<\/figure>\n\n\n\n<p class=\"has-text-align-center has-white-color has-text-color\">.<\/p>\n\n\n\n<h4 class=\"wp-block-heading\" style=\"font-size:24px\">Baul de Madera para uso Industrial<\/h4>\n\n\n\n<figure class=\"wp-block-gallery has-nested-images columns-2 is-cropped wp-block-gallery-22 is-layout-flex wp-block-gallery-is-layout-flex\">\n<figure class=\"wp-block-image\"><img loading=\"lazy\" decoding=\"async\" width=\"600\" height=\"600\" data-id=\"2099\" src=\"https:\/\/www.palitosdealamo.cl\/wp-content\/uploads\/2021\/11\/baul-02.jpg\" alt=\"\" class=\"wp-image-2099\" srcset=\"http:\/\/www.palitosdealamo.cl\/wp-content\/uploads\/2021\/11\/baul-02.jpg 600w, http:\/\/www.palitosdealamo.cl\/wp-content\/uploads\/2021\/11\/baul-02-150x150.jpg 150w, http:\/\/www.palitosdealamo.cl\/wp-content\/uploads\/2021\/11\/baul-02-300x300.jpg 300w, http:\/\/www.palitosdealamo.cl\/wp-content\/uploads\/2021\/11\/baul-02-160x160.jpg 160w\" sizes=\"(max-width: 600px) 100vw, 600px\" \/><\/figure>\n\n\n\n<figure class=\"wp-block-image\"><img loading=\"lazy\" decoding=\"async\" width=\"600\" height=\"600\" data-id=\"2098\" src=\"https:\/\/www.palitosdealamo.cl\/wp-content\/uploads\/2021\/11\/baul-01.jpg\" alt=\"\" class=\"wp-image-2098\" srcset=\"http:\/\/www.palitosdealamo.cl\/wp-content\/uploads\/2021\/11\/baul-01.jpg 600w, http:\/\/www.palitosdealamo.cl\/wp-content\/uploads\/2021\/11\/baul-01-150x150.jpg 150w, http:\/\/www.palitosdealamo.cl\/wp-content\/uploads\/2021\/11\/baul-01-300x300.jpg 300w, http:\/\/www.palitosdealamo.cl\/wp-content\/uploads\/2021\/11\/baul-01-160x160.jpg 160w\" sizes=\"(max-width: 600px) 100vw, 600px\" \/><\/figure>\n<\/figure>\n\n\n\n<p class=\"has-text-align-center has-white-color has-text-color\">.<\/p>\n\n\n\n<h4 class=\"wp-block-heading\" style=\"font-size:24px\">Pallets de Madera para Carga<\/h4>\n\n\n\n<figure class=\"wp-block-gallery has-nested-images columns-2 is-cropped wp-block-gallery-23 is-layout-flex wp-block-gallery-is-layout-flex\">\n<figure class=\"wp-block-image\"><img loading=\"lazy\" decoding=\"async\" width=\"600\" height=\"600\" data-id=\"2124\" src=\"https:\/\/www.palitosdealamo.cl\/wp-content\/uploads\/2021\/11\/pallet-madera-01.jpg\" alt=\"\" class=\"wp-image-2124\" srcset=\"http:\/\/www.palitosdealamo.cl\/wp-content\/uploads\/2021\/11\/pallet-madera-01.jpg 600w, http:\/\/www.palitosdealamo.cl\/wp-content\/uploads\/2021\/11\/pallet-madera-01-150x150.jpg 150w, http:\/\/www.palitosdealamo.cl\/wp-content\/uploads\/2021\/11\/pallet-madera-01-300x300.jpg 300w, http:\/\/www.palitosdealamo.cl\/wp-content\/uploads\/2021\/11\/pallet-madera-01-160x160.jpg 160w\" sizes=\"(max-width: 600px) 100vw, 600px\" \/><\/figure>\n\n\n\n<figure class=\"wp-block-image\"><img loading=\"lazy\" decoding=\"async\" width=\"600\" height=\"600\" data-id=\"2125\" src=\"https:\/\/www.palitosdealamo.cl\/wp-content\/uploads\/2021\/11\/pallet-madera-02.jpg\" alt=\"\" class=\"wp-image-2125\" srcset=\"http:\/\/www.palitosdealamo.cl\/wp-content\/uploads\/2021\/11\/pallet-madera-02.jpg 600w, http:\/\/www.palitosdealamo.cl\/wp-content\/uploads\/2021\/11\/pallet-madera-02-150x150.jpg 150w, http:\/\/www.palitosdealamo.cl\/wp-content\/uploads\/2021\/11\/pallet-madera-02-300x300.jpg 300w, http:\/\/www.palitosdealamo.cl\/wp-content\/uploads\/2021\/11\/pallet-madera-02-160x160.jpg 160w\" sizes=\"(max-width: 600px) 100vw, 600px\" \/><\/figure>\n\n\n\n<figure class=\"wp-block-image\"><img loading=\"lazy\" decoding=\"async\" width=\"600\" height=\"600\" data-id=\"2126\" src=\"https:\/\/www.palitosdealamo.cl\/wp-content\/uploads\/2021\/11\/pallet-madera-03.jpg\" alt=\"\" class=\"wp-image-2126\" srcset=\"http:\/\/www.palitosdealamo.cl\/wp-content\/uploads\/2021\/11\/pallet-madera-03.jpg 600w, http:\/\/www.palitosdealamo.cl\/wp-content\/uploads\/2021\/11\/pallet-madera-03-150x150.jpg 150w, http:\/\/www.palitosdealamo.cl\/wp-content\/uploads\/2021\/11\/pallet-madera-03-300x300.jpg 300w, http:\/\/www.palitosdealamo.cl\/wp-content\/uploads\/2021\/11\/pallet-madera-03-160x160.jpg 160w\" sizes=\"(max-width: 600px) 100vw, 600px\" \/><\/figure>\n\n\n\n<figure class=\"wp-block-image\"><img loading=\"lazy\" decoding=\"async\" width=\"600\" height=\"600\" data-id=\"2127\" src=\"https:\/\/www.palitosdealamo.cl\/wp-content\/uploads\/2021\/11\/pallet-madera-04.jpg\" alt=\"\" class=\"wp-image-2127\" srcset=\"http:\/\/www.palitosdealamo.cl\/wp-content\/uploads\/2021\/11\/pallet-madera-04.jpg 600w, http:\/\/www.palitosdealamo.cl\/wp-content\/uploads\/2021\/11\/pallet-madera-04-150x150.jpg 150w, http:\/\/www.palitosdealamo.cl\/wp-content\/uploads\/2021\/11\/pallet-madera-04-300x300.jpg 300w, http:\/\/www.palitosdealamo.cl\/wp-content\/uploads\/2021\/11\/pallet-madera-04-160x160.jpg 160w\" sizes=\"(max-width: 600px) 100vw, 600px\" \/><\/figure>\n<\/figure>\n\n\n\n<p class=\"has-text-align-center has-white-color has-text-color\">.<\/p>\n\n\n\n<h4 class=\"wp-block-heading\" style=\"font-size:24px\">Fabricaci\u00f3n de Bandejas de Madera<\/h4>\n\n\n\r\n<div class=\"ngg-galleryoverview\" id=\"ngg-gallery-130-384\">\r\n\r\n\t<!-- Slideshow link -->\r\n\t<div class=\"slideshowlink\">\r\n\t\t<a class=\"slideshowlink\" href=\"http:\/\/www.palitosdealamo.cl\/?page_id=384&amp;show=slide\">\r\n\t\t\t[Show as slideshow]\t\t<\/a>\r\n\t<\/div>\r\n\r\n\t\r\n\t<!-- Thumbnails -->\r\n\t\t\r\n\t<div id=\"ngg-image-1193\" class=\"ngg-gallery-thumbnail-box\" style=\"width:33%;\" >\r\n\t\t<div class=\"ngg-gallery-thumbnail\" >\r\n\t\t\t<a href=\"http:\/\/www.palitosdealamo.cl\/wp-content\/gallery\/bandejas-especiales\/bandeja-madera-01.jpg\" title=\" \" class=\"shutterset_set_130\" >\r\n\t\t\t\t\t\t\t\t<img loading=\"lazy\" decoding=\"async\" title=\"bandeja-madera-01\" alt=\"bandeja-madera-01\" src=\"http:\/\/www.palitosdealamo.cl\/wp-content\/gallery\/bandejas-especiales\/thumbs\/thumbs_bandeja-madera-01.jpg\" width=\"235\" height=\"235\" \/>\r\n\t\t\t\t\t\t\t<\/a>\r\n\t\t<\/div>\r\n\t<\/div>\r\n\t\r\n\t\t\r\n \t\t\r\n\t<div id=\"ngg-image-1194\" class=\"ngg-gallery-thumbnail-box\" style=\"width:33%;\" >\r\n\t\t<div class=\"ngg-gallery-thumbnail\" >\r\n\t\t\t<a href=\"http:\/\/www.palitosdealamo.cl\/wp-content\/gallery\/bandejas-especiales\/bandeja-madera-02.jpg\" title=\" \" class=\"shutterset_set_130\" >\r\n\t\t\t\t\t\t\t\t<img loading=\"lazy\" decoding=\"async\" title=\"bandeja-madera-02\" alt=\"bandeja-madera-02\" src=\"http:\/\/www.palitosdealamo.cl\/wp-content\/gallery\/bandejas-especiales\/thumbs\/thumbs_bandeja-madera-02.jpg\" width=\"235\" height=\"235\" \/>\r\n\t\t\t\t\t\t\t<\/a>\r\n\t\t<\/div>\r\n\t<\/div>\r\n\t\r\n\t\t\r\n \t\t\r\n\t<div id=\"ngg-image-1195\" class=\"ngg-gallery-thumbnail-box\" style=\"width:33%;\" >\r\n\t\t<div class=\"ngg-gallery-thumbnail\" >\r\n\t\t\t<a href=\"http:\/\/www.palitosdealamo.cl\/wp-content\/gallery\/bandejas-especiales\/bandeja-madera-03.jpg\" title=\" \" class=\"shutterset_set_130\" >\r\n\t\t\t\t\t\t\t\t<img loading=\"lazy\" decoding=\"async\" title=\"bandeja-madera-03\" alt=\"bandeja-madera-03\" src=\"http:\/\/www.palitosdealamo.cl\/wp-content\/gallery\/bandejas-especiales\/thumbs\/thumbs_bandeja-madera-03.jpg\" width=\"235\" height=\"235\" \/>\r\n\t\t\t\t\t\t\t<\/a>\r\n\t\t<\/div>\r\n\t<\/div>\r\n\t\r\n\t\t\t\t<br style=\"clear: both\" \/>\r\n\t\r\n \t\t\r\n\t<div id=\"ngg-image-1196\" class=\"ngg-gallery-thumbnail-box\" style=\"width:33%;\" >\r\n\t\t<div class=\"ngg-gallery-thumbnail\" >\r\n\t\t\t<a href=\"http:\/\/www.palitosdealamo.cl\/wp-content\/gallery\/bandejas-especiales\/bandeja-madera-04.jpg\" title=\" \" class=\"shutterset_set_130\" >\r\n\t\t\t\t\t\t\t\t<img loading=\"lazy\" decoding=\"async\" title=\"bandeja-madera-04\" alt=\"bandeja-madera-04\" src=\"http:\/\/www.palitosdealamo.cl\/wp-content\/gallery\/bandejas-especiales\/thumbs\/thumbs_bandeja-madera-04.jpg\" width=\"235\" height=\"235\" \/>\r\n\t\t\t\t\t\t\t<\/a>\r\n\t\t<\/div>\r\n\t<\/div>\r\n\t\r\n\t\t\r\n \t\t\r\n\t<div id=\"ngg-image-1197\" class=\"ngg-gallery-thumbnail-box\" style=\"width:33%;\" >\r\n\t\t<div class=\"ngg-gallery-thumbnail\" >\r\n\t\t\t<a href=\"http:\/\/www.palitosdealamo.cl\/wp-content\/gallery\/bandejas-especiales\/bandeja-madera-05.jpg\" title=\" \" class=\"shutterset_set_130\" >\r\n\t\t\t\t\t\t\t\t<img loading=\"lazy\" decoding=\"async\" title=\"bandeja-madera-05\" alt=\"bandeja-madera-05\" src=\"http:\/\/www.palitosdealamo.cl\/wp-content\/gallery\/bandejas-especiales\/thumbs\/thumbs_bandeja-madera-05.jpg\" width=\"235\" height=\"235\" \/>\r\n\t\t\t\t\t\t\t<\/a>\r\n\t\t<\/div>\r\n\t<\/div>\r\n\t\r\n\t\t\r\n \t \t\r\n\t<!-- Pagination -->\r\n \t<div class=\"ngg-clear\"><\/div> \t\r\n<\/div>\r\n\r\n\n\n\n\n<p class=\"has-text-align-center has-white-color has-text-color\">.<\/p>\n\n\n\n<h4 class=\"wp-block-heading\" style=\"font-size:24px\">Display de Madera para Celulares<\/h4>\n\n\n\r\n<div class=\"ngg-galleryoverview\" id=\"ngg-gallery-131-384\">\r\n\r\n\t<!-- Slideshow link -->\r\n\t<div class=\"slideshowlink\">\r\n\t\t<a class=\"slideshowlink\" href=\"http:\/\/www.palitosdealamo.cl\/?page_id=384&amp;show=slide\">\r\n\t\t\t[Show as slideshow]\t\t<\/a>\r\n\t<\/div>\r\n\r\n\t\r\n\t<!-- Thumbnails -->\r\n\t\t\r\n\t<div id=\"ngg-image-1198\" class=\"ngg-gallery-thumbnail-box\" style=\"width:33%;\" >\r\n\t\t<div class=\"ngg-gallery-thumbnail\" >\r\n\t\t\t<a href=\"http:\/\/www.palitosdealamo.cl\/wp-content\/gallery\/display-celulares\/display-celular-madera-01.jpg\" title=\" \" class=\"shutterset_set_131\" >\r\n\t\t\t\t\t\t\t\t<img loading=\"lazy\" decoding=\"async\" title=\"display-celular-madera-01\" alt=\"display-celular-madera-01\" src=\"http:\/\/www.palitosdealamo.cl\/wp-content\/gallery\/display-celulares\/thumbs\/thumbs_display-celular-madera-01.jpg\" width=\"235\" height=\"235\" \/>\r\n\t\t\t\t\t\t\t<\/a>\r\n\t\t<\/div>\r\n\t<\/div>\r\n\t\r\n\t\t\r\n \t\t\r\n\t<div id=\"ngg-image-1199\" class=\"ngg-gallery-thumbnail-box\" style=\"width:33%;\" >\r\n\t\t<div class=\"ngg-gallery-thumbnail\" >\r\n\t\t\t<a href=\"http:\/\/www.palitosdealamo.cl\/wp-content\/gallery\/display-celulares\/display-celular-madera-02.jpg\" title=\" \" class=\"shutterset_set_131\" >\r\n\t\t\t\t\t\t\t\t<img loading=\"lazy\" decoding=\"async\" title=\"display-celular-madera-02\" alt=\"display-celular-madera-02\" src=\"http:\/\/www.palitosdealamo.cl\/wp-content\/gallery\/display-celulares\/thumbs\/thumbs_display-celular-madera-02.jpg\" width=\"235\" height=\"235\" \/>\r\n\t\t\t\t\t\t\t<\/a>\r\n\t\t<\/div>\r\n\t<\/div>\r\n\t\r\n\t\t\r\n \t\t\r\n\t<div id=\"ngg-image-1200\" class=\"ngg-gallery-thumbnail-box\" style=\"width:33%;\" >\r\n\t\t<div class=\"ngg-gallery-thumbnail\" >\r\n\t\t\t<a href=\"http:\/\/www.palitosdealamo.cl\/wp-content\/gallery\/display-celulares\/display-celular-madera-03.jpg\" title=\" \" class=\"shutterset_set_131\" >\r\n\t\t\t\t\t\t\t\t<img loading=\"lazy\" decoding=\"async\" title=\"display-celular-madera-03\" alt=\"display-celular-madera-03\" src=\"http:\/\/www.palitosdealamo.cl\/wp-content\/gallery\/display-celulares\/thumbs\/thumbs_display-celular-madera-03.jpg\" width=\"235\" height=\"235\" \/>\r\n\t\t\t\t\t\t\t<\/a>\r\n\t\t<\/div>\r\n\t<\/div>\r\n\t\r\n\t\t\t\t<br style=\"clear: both\" \/>\r\n\t\r\n \t\t\r\n\t<div id=\"ngg-image-1201\" class=\"ngg-gallery-thumbnail-box\" style=\"width:33%;\" >\r\n\t\t<div class=\"ngg-gallery-thumbnail\" >\r\n\t\t\t<a href=\"http:\/\/www.palitosdealamo.cl\/wp-content\/gallery\/display-celulares\/display-celular-madera-04.jpg\" title=\" \" class=\"shutterset_set_131\" >\r\n\t\t\t\t\t\t\t\t<img loading=\"lazy\" decoding=\"async\" title=\"display-celular-madera-04\" alt=\"display-celular-madera-04\" src=\"http:\/\/www.palitosdealamo.cl\/wp-content\/gallery\/display-celulares\/thumbs\/thumbs_display-celular-madera-04.jpg\" width=\"235\" height=\"235\" \/>\r\n\t\t\t\t\t\t\t<\/a>\r\n\t\t<\/div>\r\n\t<\/div>\r\n\t\r\n\t\t\r\n \t\t\r\n\t<div id=\"ngg-image-1202\" class=\"ngg-gallery-thumbnail-box\" style=\"width:33%;\" >\r\n\t\t<div class=\"ngg-gallery-thumbnail\" >\r\n\t\t\t<a href=\"http:\/\/www.palitosdealamo.cl\/wp-content\/gallery\/display-celulares\/display-celular-madera-05.jpg\" title=\" \" class=\"shutterset_set_131\" >\r\n\t\t\t\t\t\t\t\t<img loading=\"lazy\" decoding=\"async\" title=\"display-celular-madera-05\" alt=\"display-celular-madera-05\" src=\"http:\/\/www.palitosdealamo.cl\/wp-content\/gallery\/display-celulares\/thumbs\/thumbs_display-celular-madera-05.jpg\" width=\"235\" height=\"235\" \/>\r\n\t\t\t\t\t\t\t<\/a>\r\n\t\t<\/div>\r\n\t<\/div>\r\n\t\r\n\t\t\r\n \t\t\r\n\t<div id=\"ngg-image-1203\" class=\"ngg-gallery-thumbnail-box\" style=\"width:33%;\" >\r\n\t\t<div class=\"ngg-gallery-thumbnail\" >\r\n\t\t\t<a href=\"http:\/\/www.palitosdealamo.cl\/wp-content\/gallery\/display-celulares\/display-celular-madera-06.jpg\" title=\" \" class=\"shutterset_set_131\" >\r\n\t\t\t\t\t\t\t\t<img loading=\"lazy\" decoding=\"async\" title=\"display-celular-madera-06\" alt=\"display-celular-madera-06\" src=\"http:\/\/www.palitosdealamo.cl\/wp-content\/gallery\/display-celulares\/thumbs\/thumbs_display-celular-madera-06.jpg\" width=\"235\" height=\"235\" \/>\r\n\t\t\t\t\t\t\t<\/a>\r\n\t\t<\/div>\r\n\t<\/div>\r\n\t\r\n\t\t\t\t<br style=\"clear: both\" \/>\r\n\t\r\n \t \t\r\n\t<!-- Pagination -->\r\n \t<div class=\"ngg-clear\"><\/div> \t\r\n<\/div>\r\n\r\n\n\n\n\n<p class=\"has-text-align-center has-white-color has-text-color\">.<\/p>\n\n\n\n<h4 class=\"wp-block-heading\" style=\"font-size:24px\">Caja Para Vino con Amarra<\/h4>\n\n\n\r\n<div class=\"ngg-galleryoverview\" id=\"ngg-gallery-132-384\">\r\n\r\n\t<!-- Slideshow link -->\r\n\t<div class=\"slideshowlink\">\r\n\t\t<a class=\"slideshowlink\" href=\"http:\/\/www.palitosdealamo.cl\/?page_id=384&amp;show=slide\">\r\n\t\t\t[Show as slideshow]\t\t<\/a>\r\n\t<\/div>\r\n\r\n\t\r\n\t<!-- Thumbnails -->\r\n\t\t\r\n\t<div id=\"ngg-image-1204\" class=\"ngg-gallery-thumbnail-box\" style=\"width:33%;\" >\r\n\t\t<div class=\"ngg-gallery-thumbnail\" >\r\n\t\t\t<a href=\"http:\/\/www.palitosdealamo.cl\/wp-content\/gallery\/caja-vino-especial\/caja-tipo-a-01.jpg\" title=\" \" class=\"shutterset_set_132\" >\r\n\t\t\t\t\t\t\t\t<img loading=\"lazy\" decoding=\"async\" title=\"caja-tipo-a-01\" alt=\"caja-tipo-a-01\" src=\"http:\/\/www.palitosdealamo.cl\/wp-content\/gallery\/caja-vino-especial\/thumbs\/thumbs_caja-tipo-a-01.jpg\" width=\"235\" height=\"235\" \/>\r\n\t\t\t\t\t\t\t<\/a>\r\n\t\t<\/div>\r\n\t<\/div>\r\n\t\r\n\t\t\r\n \t\t\r\n\t<div id=\"ngg-image-1205\" class=\"ngg-gallery-thumbnail-box\" style=\"width:33%;\" >\r\n\t\t<div class=\"ngg-gallery-thumbnail\" >\r\n\t\t\t<a href=\"http:\/\/www.palitosdealamo.cl\/wp-content\/gallery\/caja-vino-especial\/caja-tipo-a-02.jpg\" title=\" \" class=\"shutterset_set_132\" >\r\n\t\t\t\t\t\t\t\t<img loading=\"lazy\" decoding=\"async\" title=\"caja-tipo-a-02\" alt=\"caja-tipo-a-02\" src=\"http:\/\/www.palitosdealamo.cl\/wp-content\/gallery\/caja-vino-especial\/thumbs\/thumbs_caja-tipo-a-02.jpg\" width=\"235\" height=\"235\" \/>\r\n\t\t\t\t\t\t\t<\/a>\r\n\t\t<\/div>\r\n\t<\/div>\r\n\t\r\n\t\t\r\n \t\t\r\n\t<div id=\"ngg-image-1206\" class=\"ngg-gallery-thumbnail-box\" style=\"width:33%;\" >\r\n\t\t<div class=\"ngg-gallery-thumbnail\" >\r\n\t\t\t<a href=\"http:\/\/www.palitosdealamo.cl\/wp-content\/gallery\/caja-vino-especial\/caja-tipo-a-03.jpg\" title=\" \" class=\"shutterset_set_132\" >\r\n\t\t\t\t\t\t\t\t<img loading=\"lazy\" decoding=\"async\" title=\"caja-tipo-a-03\" alt=\"caja-tipo-a-03\" src=\"http:\/\/www.palitosdealamo.cl\/wp-content\/gallery\/caja-vino-especial\/thumbs\/thumbs_caja-tipo-a-03.jpg\" width=\"235\" height=\"235\" \/>\r\n\t\t\t\t\t\t\t<\/a>\r\n\t\t<\/div>\r\n\t<\/div>\r\n\t\r\n\t\t\t\t<br style=\"clear: both\" \/>\r\n\t\r\n \t\t\r\n\t<div id=\"ngg-image-1207\" class=\"ngg-gallery-thumbnail-box\" style=\"width:33%;\" >\r\n\t\t<div class=\"ngg-gallery-thumbnail\" >\r\n\t\t\t<a href=\"http:\/\/www.palitosdealamo.cl\/wp-content\/gallery\/caja-vino-especial\/caja-tipo-a-04.jpg\" title=\" \" class=\"shutterset_set_132\" >\r\n\t\t\t\t\t\t\t\t<img loading=\"lazy\" decoding=\"async\" title=\"caja-tipo-a-04\" alt=\"caja-tipo-a-04\" src=\"http:\/\/www.palitosdealamo.cl\/wp-content\/gallery\/caja-vino-especial\/thumbs\/thumbs_caja-tipo-a-04.jpg\" width=\"235\" height=\"235\" \/>\r\n\t\t\t\t\t\t\t<\/a>\r\n\t\t<\/div>\r\n\t<\/div>\r\n\t\r\n\t\t\r\n \t\t\r\n\t<div id=\"ngg-image-1208\" class=\"ngg-gallery-thumbnail-box\" style=\"width:33%;\" >\r\n\t\t<div class=\"ngg-gallery-thumbnail\" >\r\n\t\t\t<a href=\"http:\/\/www.palitosdealamo.cl\/wp-content\/gallery\/caja-vino-especial\/caja-tipo-a-05.jpg\" title=\" \" class=\"shutterset_set_132\" >\r\n\t\t\t\t\t\t\t\t<img loading=\"lazy\" decoding=\"async\" title=\"caja-tipo-a-05\" alt=\"caja-tipo-a-05\" src=\"http:\/\/www.palitosdealamo.cl\/wp-content\/gallery\/caja-vino-especial\/thumbs\/thumbs_caja-tipo-a-05.jpg\" width=\"235\" height=\"235\" \/>\r\n\t\t\t\t\t\t\t<\/a>\r\n\t\t<\/div>\r\n\t<\/div>\r\n\t\r\n\t\t\r\n \t \t\r\n\t<!-- Pagination -->\r\n \t<div class=\"ngg-clear\"><\/div> \t\r\n<\/div>\r\n\r\n\n\n\n\n<p class=\"has-text-align-center has-white-color has-text-color\">.<\/p>\n\n\n\n<h4 class=\"wp-block-heading\" style=\"font-size:24px\">Fabricaci\u00f3n de Cajas de Madera<\/h4>\n\n\n\r\n<div class=\"ngg-galleryoverview\" id=\"ngg-gallery-133-384\">\r\n\r\n\t<!-- Slideshow link -->\r\n\t<div class=\"slideshowlink\">\r\n\t\t<a class=\"slideshowlink\" href=\"http:\/\/www.palitosdealamo.cl\/?page_id=384&amp;show=slide\">\r\n\t\t\t[Show as slideshow]\t\t<\/a>\r\n\t<\/div>\r\n\r\n\t\r\n\t<!-- Thumbnails -->\r\n\t\t\r\n\t<div id=\"ngg-image-1209\" class=\"ngg-gallery-thumbnail-box\" style=\"width:33%;\" >\r\n\t\t<div class=\"ngg-gallery-thumbnail\" >\r\n\t\t\t<a href=\"http:\/\/www.palitosdealamo.cl\/wp-content\/gallery\/fabricacion-cajas-madera\/baul-madera-grabado.jpg\" title=\" \" class=\"shutterset_set_133\" >\r\n\t\t\t\t\t\t\t\t<img loading=\"lazy\" decoding=\"async\" title=\"baul-madera-grabado\" alt=\"baul-madera-grabado\" src=\"http:\/\/www.palitosdealamo.cl\/wp-content\/gallery\/fabricacion-cajas-madera\/thumbs\/thumbs_baul-madera-grabado.jpg\" width=\"235\" height=\"235\" \/>\r\n\t\t\t\t\t\t\t<\/a>\r\n\t\t<\/div>\r\n\t<\/div>\r\n\t\r\n\t\t\r\n \t\t\r\n\t<div id=\"ngg-image-1210\" class=\"ngg-gallery-thumbnail-box\" style=\"width:33%;\" >\r\n\t\t<div class=\"ngg-gallery-thumbnail\" >\r\n\t\t\t<a href=\"http:\/\/www.palitosdealamo.cl\/wp-content\/gallery\/fabricacion-cajas-madera\/buzon.jpg\" title=\" \" class=\"shutterset_set_133\" >\r\n\t\t\t\t\t\t\t\t<img loading=\"lazy\" decoding=\"async\" title=\"buzon\" alt=\"buzon\" src=\"http:\/\/www.palitosdealamo.cl\/wp-content\/gallery\/fabricacion-cajas-madera\/thumbs\/thumbs_buzon.jpg\" width=\"235\" height=\"235\" \/>\r\n\t\t\t\t\t\t\t<\/a>\r\n\t\t<\/div>\r\n\t<\/div>\r\n\t\r\n\t\t\r\n \t\t\r\n\t<div id=\"ngg-image-1211\" class=\"ngg-gallery-thumbnail-box\" style=\"width:33%;\" >\r\n\t\t<div class=\"ngg-gallery-thumbnail\" >\r\n\t\t\t<a href=\"http:\/\/www.palitosdealamo.cl\/wp-content\/gallery\/fabricacion-cajas-madera\/caja-chocolates-01.jpg\" title=\" \" class=\"shutterset_set_133\" >\r\n\t\t\t\t\t\t\t\t<img loading=\"lazy\" decoding=\"async\" title=\"caja-chocolates-01\" alt=\"caja-chocolates-01\" src=\"http:\/\/www.palitosdealamo.cl\/wp-content\/gallery\/fabricacion-cajas-madera\/thumbs\/thumbs_caja-chocolates-01.jpg\" width=\"235\" height=\"235\" \/>\r\n\t\t\t\t\t\t\t<\/a>\r\n\t\t<\/div>\r\n\t<\/div>\r\n\t\r\n\t\t\t\t<br style=\"clear: both\" \/>\r\n\t\r\n \t\t\r\n\t<div id=\"ngg-image-1212\" class=\"ngg-gallery-thumbnail-box\" style=\"width:33%;\" >\r\n\t\t<div class=\"ngg-gallery-thumbnail\" >\r\n\t\t\t<a href=\"http:\/\/www.palitosdealamo.cl\/wp-content\/gallery\/fabricacion-cajas-madera\/caja-colun.jpg\" title=\" \" class=\"shutterset_set_133\" >\r\n\t\t\t\t\t\t\t\t<img loading=\"lazy\" decoding=\"async\" title=\"caja-colun\" alt=\"caja-colun\" src=\"http:\/\/www.palitosdealamo.cl\/wp-content\/gallery\/fabricacion-cajas-madera\/thumbs\/thumbs_caja-colun.jpg\" width=\"235\" height=\"235\" \/>\r\n\t\t\t\t\t\t\t<\/a>\r\n\t\t<\/div>\r\n\t<\/div>\r\n\t\r\n\t\t\r\n \t\t\r\n\t<div id=\"ngg-image-1213\" class=\"ngg-gallery-thumbnail-box\" style=\"width:33%;\" >\r\n\t\t<div class=\"ngg-gallery-thumbnail\" >\r\n\t\t\t<a href=\"http:\/\/www.palitosdealamo.cl\/wp-content\/gallery\/fabricacion-cajas-madera\/caja-doosan.jpg\" title=\" \" class=\"shutterset_set_133\" >\r\n\t\t\t\t\t\t\t\t<img loading=\"lazy\" decoding=\"async\" title=\"caja-doosan\" alt=\"caja-doosan\" src=\"http:\/\/www.palitosdealamo.cl\/wp-content\/gallery\/fabricacion-cajas-madera\/thumbs\/thumbs_caja-doosan.jpg\" width=\"235\" height=\"235\" \/>\r\n\t\t\t\t\t\t\t<\/a>\r\n\t\t<\/div>\r\n\t<\/div>\r\n\t\r\n\t\t\r\n \t\t\r\n\t<div id=\"ngg-image-1214\" class=\"ngg-gallery-thumbnail-box\" style=\"width:33%;\" >\r\n\t\t<div class=\"ngg-gallery-thumbnail\" >\r\n\t\t\t<a href=\"http:\/\/www.palitosdealamo.cl\/wp-content\/gallery\/fabricacion-cajas-madera\/caja-madera-01.jpg\" title=\" \" class=\"shutterset_set_133\" >\r\n\t\t\t\t\t\t\t\t<img loading=\"lazy\" decoding=\"async\" title=\"caja-madera-01\" alt=\"caja-madera-01\" src=\"http:\/\/www.palitosdealamo.cl\/wp-content\/gallery\/fabricacion-cajas-madera\/thumbs\/thumbs_caja-madera-01.jpg\" width=\"235\" height=\"235\" \/>\r\n\t\t\t\t\t\t\t<\/a>\r\n\t\t<\/div>\r\n\t<\/div>\r\n\t\r\n\t\t\t\t<br style=\"clear: both\" \/>\r\n\t\r\n \t\t\r\n\t<div id=\"ngg-image-1215\" class=\"ngg-gallery-thumbnail-box\" style=\"width:33%;\" >\r\n\t\t<div class=\"ngg-gallery-thumbnail\" >\r\n\t\t\t<a href=\"http:\/\/www.palitosdealamo.cl\/wp-content\/gallery\/fabricacion-cajas-madera\/caja-madera-colgante.jpg\" title=\" \" class=\"shutterset_set_133\" >\r\n\t\t\t\t\t\t\t\t<img loading=\"lazy\" decoding=\"async\" title=\"caja-madera-colgante\" alt=\"caja-madera-colgante\" src=\"http:\/\/www.palitosdealamo.cl\/wp-content\/gallery\/fabricacion-cajas-madera\/thumbs\/thumbs_caja-madera-colgante.jpg\" width=\"235\" height=\"235\" \/>\r\n\t\t\t\t\t\t\t<\/a>\r\n\t\t<\/div>\r\n\t<\/div>\r\n\t\r\n\t\t\r\n \t\t\r\n\t<div id=\"ngg-image-1216\" class=\"ngg-gallery-thumbnail-box\" style=\"width:33%;\" >\r\n\t\t<div class=\"ngg-gallery-thumbnail\" >\r\n\t\t\t<a href=\"http:\/\/www.palitosdealamo.cl\/wp-content\/gallery\/fabricacion-cajas-madera\/caja-madera-color-01.jpg\" title=\" \" class=\"shutterset_set_133\" >\r\n\t\t\t\t\t\t\t\t<img loading=\"lazy\" decoding=\"async\" title=\"caja-madera-color-01\" alt=\"caja-madera-color-01\" src=\"http:\/\/www.palitosdealamo.cl\/wp-content\/gallery\/fabricacion-cajas-madera\/thumbs\/thumbs_caja-madera-color-01.jpg\" width=\"235\" height=\"235\" \/>\r\n\t\t\t\t\t\t\t<\/a>\r\n\t\t<\/div>\r\n\t<\/div>\r\n\t\r\n\t\t\r\n \t\t\r\n\t<div id=\"ngg-image-1217\" class=\"ngg-gallery-thumbnail-box\" style=\"width:33%;\" >\r\n\t\t<div class=\"ngg-gallery-thumbnail\" >\r\n\t\t\t<a href=\"http:\/\/www.palitosdealamo.cl\/wp-content\/gallery\/fabricacion-cajas-madera\/caja-madera-color-02.jpg\" title=\" \" class=\"shutterset_set_133\" >\r\n\t\t\t\t\t\t\t\t<img loading=\"lazy\" decoding=\"async\" title=\"caja-madera-color-02\" alt=\"caja-madera-color-02\" src=\"http:\/\/www.palitosdealamo.cl\/wp-content\/gallery\/fabricacion-cajas-madera\/thumbs\/thumbs_caja-madera-color-02.jpg\" width=\"235\" height=\"235\" \/>\r\n\t\t\t\t\t\t\t<\/a>\r\n\t\t<\/div>\r\n\t<\/div>\r\n\t\r\n\t\t\t\t<br style=\"clear: both\" \/>\r\n\t\r\n \t\t\r\n\t<div id=\"ngg-image-1218\" class=\"ngg-gallery-thumbnail-box\" style=\"width:33%;\" >\r\n\t\t<div class=\"ngg-gallery-thumbnail\" >\r\n\t\t\t<a href=\"http:\/\/www.palitosdealamo.cl\/wp-content\/gallery\/fabricacion-cajas-madera\/caja-madera-mariscos.jpg\" title=\" \" class=\"shutterset_set_133\" >\r\n\t\t\t\t\t\t\t\t<img loading=\"lazy\" decoding=\"async\" title=\"caja-madera-mariscos\" alt=\"caja-madera-mariscos\" src=\"http:\/\/www.palitosdealamo.cl\/wp-content\/gallery\/fabricacion-cajas-madera\/thumbs\/thumbs_caja-madera-mariscos.jpg\" width=\"235\" height=\"235\" \/>\r\n\t\t\t\t\t\t\t<\/a>\r\n\t\t<\/div>\r\n\t<\/div>\r\n\t\r\n\t\t\r\n \t\t\r\n\t<div id=\"ngg-image-1255\" class=\"ngg-gallery-thumbnail-box\" style=\"width:33%;\" >\r\n\t\t<div class=\"ngg-gallery-thumbnail\" >\r\n\t\t\t<a href=\"http:\/\/www.palitosdealamo.cl\/wp-content\/gallery\/fabricacion-cajas-madera\/caja-madera-tapa-corrediza.jpg\" title=\" \" class=\"shutterset_set_133\" >\r\n\t\t\t\t\t\t\t\t<img loading=\"lazy\" decoding=\"async\" title=\"caja-madera-tapa-corrediza\" alt=\"caja-madera-tapa-corrediza\" src=\"http:\/\/www.palitosdealamo.cl\/wp-content\/gallery\/fabricacion-cajas-madera\/thumbs\/thumbs_caja-madera-tapa-corrediza.jpg\" width=\"235\" height=\"235\" \/>\r\n\t\t\t\t\t\t\t<\/a>\r\n\t\t<\/div>\r\n\t<\/div>\r\n\t\r\n\t\t\r\n \t\t\r\n\t<div id=\"ngg-image-1219\" class=\"ngg-gallery-thumbnail-box\" style=\"width:33%;\" >\r\n\t\t<div class=\"ngg-gallery-thumbnail\" >\r\n\t\t\t<a href=\"http:\/\/www.palitosdealamo.cl\/wp-content\/gallery\/fabricacion-cajas-madera\/caja-pisco-01.jpg\" title=\" \" class=\"shutterset_set_133\" >\r\n\t\t\t\t\t\t\t\t<img loading=\"lazy\" decoding=\"async\" title=\"caja-pisco-01\" alt=\"caja-pisco-01\" src=\"http:\/\/www.palitosdealamo.cl\/wp-content\/gallery\/fabricacion-cajas-madera\/thumbs\/thumbs_caja-pisco-01.jpg\" width=\"235\" height=\"235\" \/>\r\n\t\t\t\t\t\t\t<\/a>\r\n\t\t<\/div>\r\n\t<\/div>\r\n\t\r\n\t\t\t\t<br style=\"clear: both\" \/>\r\n\t\r\n \t\t\r\n\t<div id=\"ngg-image-1224\" class=\"ngg-gallery-thumbnail-box\" style=\"width:33%;\" >\r\n\t\t<div class=\"ngg-gallery-thumbnail\" >\r\n\t\t\t<a href=\"http:\/\/www.palitosdealamo.cl\/wp-content\/gallery\/fabricacion-cajas-madera\/caja-terciado-cubica.jpg\" title=\" \" class=\"shutterset_set_133\" >\r\n\t\t\t\t\t\t\t\t<img loading=\"lazy\" decoding=\"async\" title=\"caja-terciado-cubica\" alt=\"caja-terciado-cubica\" src=\"http:\/\/www.palitosdealamo.cl\/wp-content\/gallery\/fabricacion-cajas-madera\/thumbs\/thumbs_caja-terciado-cubica.jpg\" width=\"235\" height=\"235\" \/>\r\n\t\t\t\t\t\t\t<\/a>\r\n\t\t<\/div>\r\n\t<\/div>\r\n\t\r\n\t\t\r\n \t\t\r\n\t<div id=\"ngg-image-1225\" class=\"ngg-gallery-thumbnail-box\" style=\"width:33%;\" >\r\n\t\t<div class=\"ngg-gallery-thumbnail\" >\r\n\t\t\t<a href=\"http:\/\/www.palitosdealamo.cl\/wp-content\/gallery\/fabricacion-cajas-madera\/caja-vino-01.jpg\" title=\" \" class=\"shutterset_set_133\" >\r\n\t\t\t\t\t\t\t\t<img loading=\"lazy\" decoding=\"async\" title=\"caja-vino-01\" alt=\"caja-vino-01\" src=\"http:\/\/www.palitosdealamo.cl\/wp-content\/gallery\/fabricacion-cajas-madera\/thumbs\/thumbs_caja-vino-01.jpg\" width=\"235\" height=\"235\" \/>\r\n\t\t\t\t\t\t\t<\/a>\r\n\t\t<\/div>\r\n\t<\/div>\r\n\t\r\n\t\t\r\n \t\t\r\n\t<div id=\"ngg-image-1226\" class=\"ngg-gallery-thumbnail-box\" style=\"width:33%;\" >\r\n\t\t<div class=\"ngg-gallery-thumbnail\" >\r\n\t\t\t<a href=\"http:\/\/www.palitosdealamo.cl\/wp-content\/gallery\/fabricacion-cajas-madera\/caja-vino-02.jpg\" title=\" \" class=\"shutterset_set_133\" >\r\n\t\t\t\t\t\t\t\t<img loading=\"lazy\" decoding=\"async\" title=\"caja-vino-02\" alt=\"caja-vino-02\" src=\"http:\/\/www.palitosdealamo.cl\/wp-content\/gallery\/fabricacion-cajas-madera\/thumbs\/thumbs_caja-vino-02.jpg\" width=\"235\" height=\"235\" \/>\r\n\t\t\t\t\t\t\t<\/a>\r\n\t\t<\/div>\r\n\t<\/div>\r\n\t\r\n\t\t\t\t<br style=\"clear: both\" \/>\r\n\t\r\n \t\t\r\n\t<div id=\"ngg-image-1227\" class=\"ngg-gallery-thumbnail-box\" style=\"width:33%;\" >\r\n\t\t<div class=\"ngg-gallery-thumbnail\" >\r\n\t\t\t<a href=\"http:\/\/www.palitosdealamo.cl\/wp-content\/gallery\/fabricacion-cajas-madera\/caja-vino-03.jpg\" title=\" \" class=\"shutterset_set_133\" >\r\n\t\t\t\t\t\t\t\t<img loading=\"lazy\" decoding=\"async\" title=\"caja-vino-03\" alt=\"caja-vino-03\" src=\"http:\/\/www.palitosdealamo.cl\/wp-content\/gallery\/fabricacion-cajas-madera\/thumbs\/thumbs_caja-vino-03.jpg\" width=\"235\" height=\"235\" \/>\r\n\t\t\t\t\t\t\t<\/a>\r\n\t\t<\/div>\r\n\t<\/div>\r\n\t\r\n\t\t\r\n \t\t\r\n\t<div id=\"ngg-image-1228\" class=\"ngg-gallery-thumbnail-box\" style=\"width:33%;\" >\r\n\t\t<div class=\"ngg-gallery-thumbnail\" >\r\n\t\t\t<a href=\"http:\/\/www.palitosdealamo.cl\/wp-content\/gallery\/fabricacion-cajas-madera\/caja-vino-04.jpg\" title=\" \" class=\"shutterset_set_133\" >\r\n\t\t\t\t\t\t\t\t<img loading=\"lazy\" decoding=\"async\" title=\"caja-vino-04\" alt=\"caja-vino-04\" src=\"http:\/\/www.palitosdealamo.cl\/wp-content\/gallery\/fabricacion-cajas-madera\/thumbs\/thumbs_caja-vino-04.jpg\" width=\"235\" height=\"235\" \/>\r\n\t\t\t\t\t\t\t<\/a>\r\n\t\t<\/div>\r\n\t<\/div>\r\n\t\r\n\t\t\r\n \t\t\r\n\t<div id=\"ngg-image-1222\" class=\"ngg-gallery-thumbnail-box\" style=\"width:33%;\" >\r\n\t\t<div class=\"ngg-gallery-thumbnail\" >\r\n\t\t\t<a href=\"http:\/\/www.palitosdealamo.cl\/wp-content\/gallery\/fabricacion-cajas-madera\/cajas-madera-terciada-logo-02.jpg\" title=\" \" class=\"shutterset_set_133\" >\r\n\t\t\t\t\t\t\t\t<img loading=\"lazy\" decoding=\"async\" title=\"cajas-madera-terciada-logo-02\" alt=\"cajas-madera-terciada-logo-02\" src=\"http:\/\/www.palitosdealamo.cl\/wp-content\/gallery\/fabricacion-cajas-madera\/thumbs\/thumbs_cajas-madera-terciada-logo-02.jpg\" width=\"235\" height=\"235\" \/>\r\n\t\t\t\t\t\t\t<\/a>\r\n\t\t<\/div>\r\n\t<\/div>\r\n\t\r\n\t\t\t\t<br style=\"clear: both\" \/>\r\n\t\r\n \t\t\r\n\t<div id=\"ngg-image-1223\" class=\"ngg-gallery-thumbnail-box\" style=\"width:33%;\" >\r\n\t\t<div class=\"ngg-gallery-thumbnail\" >\r\n\t\t\t<a href=\"http:\/\/www.palitosdealamo.cl\/wp-content\/gallery\/fabricacion-cajas-madera\/cajas-madera-terciada-logo-03.jpg\" title=\" \" class=\"shutterset_set_133\" >\r\n\t\t\t\t\t\t\t\t<img loading=\"lazy\" decoding=\"async\" title=\"cajas-madera-terciada-logo-03\" alt=\"cajas-madera-terciada-logo-03\" src=\"http:\/\/www.palitosdealamo.cl\/wp-content\/gallery\/fabricacion-cajas-madera\/thumbs\/thumbs_cajas-madera-terciada-logo-03.jpg\" width=\"235\" height=\"235\" \/>\r\n\t\t\t\t\t\t\t<\/a>\r\n\t\t<\/div>\r\n\t<\/div>\r\n\t\r\n\t\t\r\n \t\t\r\n\t<div id=\"ngg-image-1221\" class=\"ngg-gallery-thumbnail-box\" style=\"width:33%;\" >\r\n\t\t<div class=\"ngg-gallery-thumbnail\" >\r\n\t\t\t<a href=\"http:\/\/www.palitosdealamo.cl\/wp-content\/gallery\/fabricacion-cajas-madera\/cajas-madera-terciada-logo.jpg\" title=\" \" class=\"shutterset_set_133\" >\r\n\t\t\t\t\t\t\t\t<img loading=\"lazy\" decoding=\"async\" title=\"cajas-madera-terciada-logo\" alt=\"cajas-madera-terciada-logo\" src=\"http:\/\/www.palitosdealamo.cl\/wp-content\/gallery\/fabricacion-cajas-madera\/thumbs\/thumbs_cajas-madera-terciada-logo.jpg\" width=\"235\" height=\"235\" \/>\r\n\t\t\t\t\t\t\t<\/a>\r\n\t\t<\/div>\r\n\t<\/div>\r\n\t\r\n\t\t\r\n \t\t\r\n\t<div id=\"ngg-image-1220\" class=\"ngg-gallery-thumbnail-box\" style=\"width:33%;\" >\r\n\t\t<div class=\"ngg-gallery-thumbnail\" >\r\n\t\t\t<a href=\"http:\/\/www.palitosdealamo.cl\/wp-content\/gallery\/fabricacion-cajas-madera\/cajas-madera-terciada.jpg\" title=\" \" class=\"shutterset_set_133\" >\r\n\t\t\t\t\t\t\t\t<img loading=\"lazy\" decoding=\"async\" title=\"cajas-madera-terciada\" alt=\"cajas-madera-terciada\" src=\"http:\/\/www.palitosdealamo.cl\/wp-content\/gallery\/fabricacion-cajas-madera\/thumbs\/thumbs_cajas-madera-terciada.jpg\" width=\"235\" height=\"235\" \/>\r\n\t\t\t\t\t\t\t<\/a>\r\n\t\t<\/div>\r\n\t<\/div>\r\n\t\r\n\t\t\t\t<br style=\"clear: both\" \/>\r\n\t\r\n \t \t\r\n\t<!-- Pagination -->\r\n \t<div class=\"ngg-clear\"><\/div> \t\r\n<\/div>\r\n\r\n\n\n\n\n<p class=\"has-text-align-center has-white-color has-text-color\">.<\/p>\n\n\n\n<h4 class=\"wp-block-heading\" style=\"font-size:24px\">Fabricaci\u00f3n de Palitos de Helado<\/h4>\n\n\n\r\n<div class=\"ngg-galleryoverview\" id=\"ngg-gallery-134-384\">\r\n\r\n\t<!-- Slideshow link -->\r\n\t<div class=\"slideshowlink\">\r\n\t\t<a class=\"slideshowlink\" href=\"http:\/\/www.palitosdealamo.cl\/?page_id=384&amp;show=slide\">\r\n\t\t\t[Show as slideshow]\t\t<\/a>\r\n\t<\/div>\r\n\r\n\t\r\n\t<!-- Thumbnails -->\r\n\t\t\r\n\t<div id=\"ngg-image-1229\" class=\"ngg-gallery-thumbnail-box\" style=\"width:33%;\" >\r\n\t\t<div class=\"ngg-gallery-thumbnail\" >\r\n\t\t\t<a href=\"http:\/\/www.palitosdealamo.cl\/wp-content\/gallery\/fabricacion-palitos-helado\/fabricacion-palitos-helado-01.jpg\" title=\" \" class=\"shutterset_set_134\" >\r\n\t\t\t\t\t\t\t\t<img loading=\"lazy\" decoding=\"async\" title=\"fabricacion-palitos-helado-01\" alt=\"fabricacion-palitos-helado-01\" src=\"http:\/\/www.palitosdealamo.cl\/wp-content\/gallery\/fabricacion-palitos-helado\/thumbs\/thumbs_fabricacion-palitos-helado-01.jpg\" width=\"235\" height=\"235\" \/>\r\n\t\t\t\t\t\t\t<\/a>\r\n\t\t<\/div>\r\n\t<\/div>\r\n\t\r\n\t\t\r\n \t\t\r\n\t<div id=\"ngg-image-1230\" class=\"ngg-gallery-thumbnail-box\" style=\"width:33%;\" >\r\n\t\t<div class=\"ngg-gallery-thumbnail\" >\r\n\t\t\t<a href=\"http:\/\/www.palitosdealamo.cl\/wp-content\/gallery\/fabricacion-palitos-helado\/fabricacion-palitos-helado-02.jpg\" title=\" \" class=\"shutterset_set_134\" >\r\n\t\t\t\t\t\t\t\t<img loading=\"lazy\" decoding=\"async\" title=\"fabricacion-palitos-helado-02\" alt=\"fabricacion-palitos-helado-02\" src=\"http:\/\/www.palitosdealamo.cl\/wp-content\/gallery\/fabricacion-palitos-helado\/thumbs\/thumbs_fabricacion-palitos-helado-02.jpg\" width=\"235\" height=\"235\" \/>\r\n\t\t\t\t\t\t\t<\/a>\r\n\t\t<\/div>\r\n\t<\/div>\r\n\t\r\n\t\t\r\n \t\t\r\n\t<div id=\"ngg-image-1231\" class=\"ngg-gallery-thumbnail-box\" style=\"width:33%;\" >\r\n\t\t<div class=\"ngg-gallery-thumbnail\" >\r\n\t\t\t<a href=\"http:\/\/www.palitosdealamo.cl\/wp-content\/gallery\/fabricacion-palitos-helado\/fabricacion-palitos-helado-03.jpg\" title=\" \" class=\"shutterset_set_134\" >\r\n\t\t\t\t\t\t\t\t<img loading=\"lazy\" decoding=\"async\" title=\"fabricacion-palitos-helado-03\" alt=\"fabricacion-palitos-helado-03\" src=\"http:\/\/www.palitosdealamo.cl\/wp-content\/gallery\/fabricacion-palitos-helado\/thumbs\/thumbs_fabricacion-palitos-helado-03.jpg\" width=\"235\" height=\"235\" \/>\r\n\t\t\t\t\t\t\t<\/a>\r\n\t\t<\/div>\r\n\t<\/div>\r\n\t\r\n\t\t\t\t<br style=\"clear: both\" \/>\r\n\t\r\n \t\t\r\n\t<div id=\"ngg-image-1232\" class=\"ngg-gallery-thumbnail-box\" style=\"width:33%;\" >\r\n\t\t<div class=\"ngg-gallery-thumbnail\" >\r\n\t\t\t<a href=\"http:\/\/www.palitosdealamo.cl\/wp-content\/gallery\/fabricacion-palitos-helado\/palitos-pollo-01.jpg\" title=\" \" class=\"shutterset_set_134\" >\r\n\t\t\t\t\t\t\t\t<img loading=\"lazy\" decoding=\"async\" title=\"palitos-pollo-01\" alt=\"palitos-pollo-01\" src=\"http:\/\/www.palitosdealamo.cl\/wp-content\/gallery\/fabricacion-palitos-helado\/thumbs\/thumbs_palitos-pollo-01.jpg\" width=\"235\" height=\"235\" \/>\r\n\t\t\t\t\t\t\t<\/a>\r\n\t\t<\/div>\r\n\t<\/div>\r\n\t\r\n\t\t\r\n \t\t\r\n\t<div id=\"ngg-image-1233\" class=\"ngg-gallery-thumbnail-box\" style=\"width:33%;\" >\r\n\t\t<div class=\"ngg-gallery-thumbnail\" >\r\n\t\t\t<a href=\"http:\/\/www.palitosdealamo.cl\/wp-content\/gallery\/fabricacion-palitos-helado\/palitos-pollo-02.jpg\" title=\" \" class=\"shutterset_set_134\" >\r\n\t\t\t\t\t\t\t\t<img loading=\"lazy\" decoding=\"async\" title=\"palitos-pollo-02\" alt=\"palitos-pollo-02\" src=\"http:\/\/www.palitosdealamo.cl\/wp-content\/gallery\/fabricacion-palitos-helado\/thumbs\/thumbs_palitos-pollo-02.jpg\" width=\"235\" height=\"235\" \/>\r\n\t\t\t\t\t\t\t<\/a>\r\n\t\t<\/div>\r\n\t<\/div>\r\n\t\r\n\t\t\r\n \t\t\r\n\t<div id=\"ngg-image-1234\" class=\"ngg-gallery-thumbnail-box\" style=\"width:33%;\" >\r\n\t\t<div class=\"ngg-gallery-thumbnail\" >\r\n\t\t\t<a href=\"http:\/\/www.palitosdealamo.cl\/wp-content\/gallery\/fabricacion-palitos-helado\/palitos-pollo-03.jpg\" title=\" \" class=\"shutterset_set_134\" >\r\n\t\t\t\t\t\t\t\t<img loading=\"lazy\" decoding=\"async\" title=\"palitos-pollo-03\" alt=\"palitos-pollo-03\" src=\"http:\/\/www.palitosdealamo.cl\/wp-content\/gallery\/fabricacion-palitos-helado\/thumbs\/thumbs_palitos-pollo-03.jpg\" width=\"235\" height=\"235\" \/>\r\n\t\t\t\t\t\t\t<\/a>\r\n\t\t<\/div>\r\n\t<\/div>\r\n\t\r\n\t\t\t\t<br style=\"clear: both\" \/>\r\n\t\r\n \t \t\r\n\t<!-- Pagination -->\r\n \t<div class=\"ngg-clear\"><\/div> \t\r\n<\/div>\r\n\r\n\n\n\n\n<p class=\"has-text-align-center has-white-color has-text-color\">.<\/p>\n\n\n\n<h4 class=\"wp-block-heading\" style=\"font-size:24px\">Lustrin de Madera<\/h4>\n\n\n\r\n<div class=\"ngg-galleryoverview\" id=\"ngg-gallery-135-384\">\r\n\r\n\t<!-- Slideshow link -->\r\n\t<div class=\"slideshowlink\">\r\n\t\t<a class=\"slideshowlink\" href=\"http:\/\/www.palitosdealamo.cl\/?page_id=384&amp;show=slide\">\r\n\t\t\t[Show as slideshow]\t\t<\/a>\r\n\t<\/div>\r\n\r\n\t\r\n\t<!-- Thumbnails -->\r\n\t\t\r\n\t<div id=\"ngg-image-1235\" class=\"ngg-gallery-thumbnail-box\" style=\"width:33%;\" >\r\n\t\t<div class=\"ngg-gallery-thumbnail\" >\r\n\t\t\t<a href=\"http:\/\/www.palitosdealamo.cl\/wp-content\/gallery\/lustrin-madera\/lustrin-madera-01.jpg\" title=\" \" class=\"shutterset_set_135\" >\r\n\t\t\t\t\t\t\t\t<img loading=\"lazy\" decoding=\"async\" title=\"lustrin-madera-01\" alt=\"lustrin-madera-01\" src=\"http:\/\/www.palitosdealamo.cl\/wp-content\/gallery\/lustrin-madera\/thumbs\/thumbs_lustrin-madera-01.jpg\" width=\"235\" height=\"235\" \/>\r\n\t\t\t\t\t\t\t<\/a>\r\n\t\t<\/div>\r\n\t<\/div>\r\n\t\r\n\t\t\r\n \t\t\r\n\t<div id=\"ngg-image-1236\" class=\"ngg-gallery-thumbnail-box\" style=\"width:33%;\" >\r\n\t\t<div class=\"ngg-gallery-thumbnail\" >\r\n\t\t\t<a href=\"http:\/\/www.palitosdealamo.cl\/wp-content\/gallery\/lustrin-madera\/lustrin-madera-02.jpg\" title=\" \" class=\"shutterset_set_135\" >\r\n\t\t\t\t\t\t\t\t<img loading=\"lazy\" decoding=\"async\" title=\"lustrin-madera-02\" alt=\"lustrin-madera-02\" src=\"http:\/\/www.palitosdealamo.cl\/wp-content\/gallery\/lustrin-madera\/thumbs\/thumbs_lustrin-madera-02.jpg\" width=\"235\" height=\"235\" \/>\r\n\t\t\t\t\t\t\t<\/a>\r\n\t\t<\/div>\r\n\t<\/div>\r\n\t\r\n\t\t\r\n \t\t\r\n\t<div id=\"ngg-image-1237\" class=\"ngg-gallery-thumbnail-box\" style=\"width:33%;\" >\r\n\t\t<div class=\"ngg-gallery-thumbnail\" >\r\n\t\t\t<a href=\"http:\/\/www.palitosdealamo.cl\/wp-content\/gallery\/lustrin-madera\/lustrin-madera-03.jpg\" title=\" \" class=\"shutterset_set_135\" >\r\n\t\t\t\t\t\t\t\t<img loading=\"lazy\" decoding=\"async\" title=\"lustrin-madera-03\" alt=\"lustrin-madera-03\" src=\"http:\/\/www.palitosdealamo.cl\/wp-content\/gallery\/lustrin-madera\/thumbs\/thumbs_lustrin-madera-03.jpg\" width=\"235\" height=\"235\" \/>\r\n\t\t\t\t\t\t\t<\/a>\r\n\t\t<\/div>\r\n\t<\/div>\r\n\t\r\n\t\t\t\t<br style=\"clear: both\" \/>\r\n\t\r\n \t \t\r\n\t<!-- Pagination -->\r\n \t<div class=\"ngg-clear\"><\/div> \t\r\n<\/div>\r\n\r\n\n\n\n\n<p class=\"has-text-align-center has-white-color has-text-color\">.<\/p>\n\n\n\n<h4 class=\"wp-block-heading\" style=\"font-size:24px\">Bandeja Plegable de Madera<\/h4>\n\n\n\r\n<div class=\"ngg-galleryoverview\" id=\"ngg-gallery-136-384\">\r\n\r\n\t<!-- Slideshow link -->\r\n\t<div class=\"slideshowlink\">\r\n\t\t<a class=\"slideshowlink\" href=\"http:\/\/www.palitosdealamo.cl\/?page_id=384&amp;show=slide\">\r\n\t\t\t[Show as slideshow]\t\t<\/a>\r\n\t<\/div>\r\n\r\n\t\r\n\t<!-- Thumbnails -->\r\n\t\t\r\n\t<div id=\"ngg-image-1238\" class=\"ngg-gallery-thumbnail-box\" style=\"width:33%;\" >\r\n\t\t<div class=\"ngg-gallery-thumbnail\" >\r\n\t\t\t<a href=\"http:\/\/www.palitosdealamo.cl\/wp-content\/gallery\/bandeja-plegable-madera\/plegable-madera-01.jpg\" title=\" \" class=\"shutterset_set_136\" >\r\n\t\t\t\t\t\t\t\t<img loading=\"lazy\" decoding=\"async\" title=\"plegable-madera-01\" alt=\"plegable-madera-01\" src=\"http:\/\/www.palitosdealamo.cl\/wp-content\/gallery\/bandeja-plegable-madera\/thumbs\/thumbs_plegable-madera-01.jpg\" width=\"235\" height=\"235\" \/>\r\n\t\t\t\t\t\t\t<\/a>\r\n\t\t<\/div>\r\n\t<\/div>\r\n\t\r\n\t\t\r\n \t\t\r\n\t<div id=\"ngg-image-1239\" class=\"ngg-gallery-thumbnail-box\" style=\"width:33%;\" >\r\n\t\t<div class=\"ngg-gallery-thumbnail\" >\r\n\t\t\t<a href=\"http:\/\/www.palitosdealamo.cl\/wp-content\/gallery\/bandeja-plegable-madera\/plegable-madera-02.jpg\" title=\" \" class=\"shutterset_set_136\" >\r\n\t\t\t\t\t\t\t\t<img loading=\"lazy\" decoding=\"async\" title=\"plegable-madera-02\" alt=\"plegable-madera-02\" src=\"http:\/\/www.palitosdealamo.cl\/wp-content\/gallery\/bandeja-plegable-madera\/thumbs\/thumbs_plegable-madera-02.jpg\" width=\"235\" height=\"235\" \/>\r\n\t\t\t\t\t\t\t<\/a>\r\n\t\t<\/div>\r\n\t<\/div>\r\n\t\r\n\t\t\r\n \t\t\r\n\t<div id=\"ngg-image-1240\" class=\"ngg-gallery-thumbnail-box\" style=\"width:33%;\" >\r\n\t\t<div class=\"ngg-gallery-thumbnail\" >\r\n\t\t\t<a href=\"http:\/\/www.palitosdealamo.cl\/wp-content\/gallery\/bandeja-plegable-madera\/plegable-madera-03.jpg\" title=\" \" class=\"shutterset_set_136\" >\r\n\t\t\t\t\t\t\t\t<img loading=\"lazy\" decoding=\"async\" title=\"plegable-madera-03\" alt=\"plegable-madera-03\" src=\"http:\/\/www.palitosdealamo.cl\/wp-content\/gallery\/bandeja-plegable-madera\/thumbs\/thumbs_plegable-madera-03.jpg\" width=\"235\" height=\"235\" \/>\r\n\t\t\t\t\t\t\t<\/a>\r\n\t\t<\/div>\r\n\t<\/div>\r\n\t\r\n\t\t\t\t<br style=\"clear: both\" \/>\r\n\t\r\n \t\t\r\n\t<div id=\"ngg-image-1241\" class=\"ngg-gallery-thumbnail-box\" style=\"width:33%;\" >\r\n\t\t<div class=\"ngg-gallery-thumbnail\" >\r\n\t\t\t<a href=\"http:\/\/www.palitosdealamo.cl\/wp-content\/gallery\/bandeja-plegable-madera\/plegable-madera-04.jpg\" title=\" \" class=\"shutterset_set_136\" >\r\n\t\t\t\t\t\t\t\t<img loading=\"lazy\" decoding=\"async\" title=\"plegable-madera-04\" alt=\"plegable-madera-04\" src=\"http:\/\/www.palitosdealamo.cl\/wp-content\/gallery\/bandeja-plegable-madera\/thumbs\/thumbs_plegable-madera-04.jpg\" width=\"235\" height=\"235\" \/>\r\n\t\t\t\t\t\t\t<\/a>\r\n\t\t<\/div>\r\n\t<\/div>\r\n\t\r\n\t\t\r\n \t\t\r\n\t<div id=\"ngg-image-1242\" class=\"ngg-gallery-thumbnail-box\" style=\"width:33%;\" >\r\n\t\t<div class=\"ngg-gallery-thumbnail\" >\r\n\t\t\t<a href=\"http:\/\/www.palitosdealamo.cl\/wp-content\/gallery\/bandeja-plegable-madera\/plegable-madera-05.jpg\" title=\" \" class=\"shutterset_set_136\" >\r\n\t\t\t\t\t\t\t\t<img loading=\"lazy\" decoding=\"async\" title=\"plegable-madera-05\" alt=\"plegable-madera-05\" src=\"http:\/\/www.palitosdealamo.cl\/wp-content\/gallery\/bandeja-plegable-madera\/thumbs\/thumbs_plegable-madera-05.jpg\" width=\"235\" height=\"235\" \/>\r\n\t\t\t\t\t\t\t<\/a>\r\n\t\t<\/div>\r\n\t<\/div>\r\n\t\r\n\t\t\r\n \t \t\r\n\t<!-- Pagination -->\r\n \t<div class=\"ngg-clear\"><\/div> \t\r\n<\/div>\r\n\r\n\n\n\n\n<p class=\"has-text-align-center has-white-color has-text-color\">.<\/p>\n\n\n\n<h4 class=\"wp-block-heading\" style=\"font-size:24px\">Caja de Madera para Jab\u00f3n<\/h4>\n\n\n\r\n<div class=\"ngg-galleryoverview\" id=\"ngg-gallery-137-384\">\r\n\r\n\t<!-- Slideshow link -->\r\n\t<div class=\"slideshowlink\">\r\n\t\t<a class=\"slideshowlink\" href=\"http:\/\/www.palitosdealamo.cl\/?page_id=384&amp;show=slide\">\r\n\t\t\t[Show as slideshow]\t\t<\/a>\r\n\t<\/div>\r\n\r\n\t\r\n\t<!-- Thumbnails -->\r\n\t\t\r\n\t<div id=\"ngg-image-1244\" class=\"ngg-gallery-thumbnail-box\" style=\"width:33%;\" >\r\n\t\t<div class=\"ngg-gallery-thumbnail\" >\r\n\t\t\t<a href=\"http:\/\/www.palitosdealamo.cl\/wp-content\/gallery\/caja-madera-jabon\/caja-madera-jabon-02.jpg\" title=\" \" class=\"shutterset_set_137\" >\r\n\t\t\t\t\t\t\t\t<img loading=\"lazy\" decoding=\"async\" title=\"caja-madera-jabon-02\" alt=\"caja-madera-jabon-02\" src=\"http:\/\/www.palitosdealamo.cl\/wp-content\/gallery\/caja-madera-jabon\/thumbs\/thumbs_caja-madera-jabon-02.jpg\" width=\"235\" height=\"235\" \/>\r\n\t\t\t\t\t\t\t<\/a>\r\n\t\t<\/div>\r\n\t<\/div>\r\n\t\r\n\t\t\r\n \t\t\r\n\t<div id=\"ngg-image-1245\" class=\"ngg-gallery-thumbnail-box\" style=\"width:33%;\" >\r\n\t\t<div class=\"ngg-gallery-thumbnail\" >\r\n\t\t\t<a href=\"http:\/\/www.palitosdealamo.cl\/wp-content\/gallery\/caja-madera-jabon\/caja-madera-jabon-03.jpg\" title=\" \" class=\"shutterset_set_137\" >\r\n\t\t\t\t\t\t\t\t<img loading=\"lazy\" decoding=\"async\" title=\"caja-madera-jabon-03\" alt=\"caja-madera-jabon-03\" src=\"http:\/\/www.palitosdealamo.cl\/wp-content\/gallery\/caja-madera-jabon\/thumbs\/thumbs_caja-madera-jabon-03.jpg\" width=\"235\" height=\"235\" \/>\r\n\t\t\t\t\t\t\t<\/a>\r\n\t\t<\/div>\r\n\t<\/div>\r\n\t\r\n\t\t\r\n \t\t\r\n\t<div id=\"ngg-image-1243\" class=\"ngg-gallery-thumbnail-box\" style=\"width:33%;\" >\r\n\t\t<div class=\"ngg-gallery-thumbnail\" >\r\n\t\t\t<a href=\"http:\/\/www.palitosdealamo.cl\/wp-content\/gallery\/caja-madera-jabon\/caja-madera-jabon.jpg\" title=\" \" class=\"shutterset_set_137\" >\r\n\t\t\t\t\t\t\t\t<img loading=\"lazy\" decoding=\"async\" title=\"caja-madera-jabon\" alt=\"caja-madera-jabon\" src=\"http:\/\/www.palitosdealamo.cl\/wp-content\/gallery\/caja-madera-jabon\/thumbs\/thumbs_caja-madera-jabon.jpg\" width=\"235\" height=\"235\" \/>\r\n\t\t\t\t\t\t\t<\/a>\r\n\t\t<\/div>\r\n\t<\/div>\r\n\t\r\n\t\t\t\t<br style=\"clear: both\" \/>\r\n\t\r\n \t \t\r\n\t<!-- Pagination -->\r\n \t<div class=\"ngg-clear\"><\/div> \t\r\n<\/div>\r\n\r\n\n\n\n\n<p class=\"has-text-align-center has-white-color has-text-color\">.<\/p>\n\n\n\n<h4 class=\"wp-block-heading\" style=\"font-size:24px\">Macetero de Madera con Palitos Marcadores de Plantas<\/h4>\n\n\n\n<h4 class=\"wp-block-heading\"><figure><img loading=\"lazy\" decoding=\"async\" class=\"alignnone wp-image-1666 size-full\" src=\"http:\/\/www.palitosdealamo.cl\/wp-content\/uploads\/2016\/03\/macetas.jpg\" alt=\"\" width=\"1280\" height=\"721\" srcset=\"http:\/\/www.palitosdealamo.cl\/wp-content\/uploads\/2016\/03\/macetas.jpg 1280w, http:\/\/www.palitosdealamo.cl\/wp-content\/uploads\/2016\/03\/macetas-300x169.jpg 300w, http:\/\/www.palitosdealamo.cl\/wp-content\/uploads\/2016\/03\/macetas-768x433.jpg 768w, http:\/\/www.palitosdealamo.cl\/wp-content\/uploads\/2016\/03\/macetas-1024x577.jpg 1024w\" sizes=\"(max-width: 1280px) 100vw, 1280px\" \/><\/figure><\/h4>\n\n\n\n<p class=\"has-text-align-center has-white-color has-text-color\">.<\/p>\n\n\n\n<h4 class=\"wp-block-heading\" style=\"font-size:24px\">Caja de Madera para Quaker con Viruta de Alamo<\/h4>\n\n\n\r\n<div class=\"ngg-galleryoverview\" id=\"ngg-gallery-129-384\">\r\n\r\n\t<!-- Slideshow link -->\r\n\t<div class=\"slideshowlink\">\r\n\t\t<a class=\"slideshowlink\" href=\"http:\/\/www.palitosdealamo.cl\/?page_id=384&amp;show=slide\">\r\n\t\t\t[Show as slideshow]\t\t<\/a>\r\n\t<\/div>\r\n\r\n\t\r\n\t<!-- Thumbnails -->\r\n\t\t\r\n\t<div id=\"ngg-image-1190\" class=\"ngg-gallery-thumbnail-box\" style=\"width:33%;\" >\r\n\t\t<div class=\"ngg-gallery-thumbnail\" >\r\n\t\t\t<a href=\"http:\/\/www.palitosdealamo.cl\/wp-content\/gallery\/caja-quaker\/caja-quaker-01.jpg\" title=\" \" class=\"shutterset_set_129\" >\r\n\t\t\t\t\t\t\t\t<img loading=\"lazy\" decoding=\"async\" title=\"caja-quaker-01\" alt=\"caja-quaker-01\" src=\"http:\/\/www.palitosdealamo.cl\/wp-content\/gallery\/caja-quaker\/thumbs\/thumbs_caja-quaker-01.jpg\" width=\"235\" height=\"156\" \/>\r\n\t\t\t\t\t\t\t<\/a>\r\n\t\t<\/div>\r\n\t<\/div>\r\n\t\r\n\t\t\r\n \t\t\r\n\t<div id=\"ngg-image-1191\" class=\"ngg-gallery-thumbnail-box\" style=\"width:33%;\" >\r\n\t\t<div class=\"ngg-gallery-thumbnail\" >\r\n\t\t\t<a href=\"http:\/\/www.palitosdealamo.cl\/wp-content\/gallery\/caja-quaker\/caja-quaker-02.jpg\" title=\" \" class=\"shutterset_set_129\" >\r\n\t\t\t\t\t\t\t\t<img loading=\"lazy\" decoding=\"async\" title=\"caja-quaker-02\" alt=\"caja-quaker-02\" src=\"http:\/\/www.palitosdealamo.cl\/wp-content\/gallery\/caja-quaker\/thumbs\/thumbs_caja-quaker-02.jpg\" width=\"235\" height=\"156\" \/>\r\n\t\t\t\t\t\t\t<\/a>\r\n\t\t<\/div>\r\n\t<\/div>\r\n\t\r\n\t\t\r\n \t\t\r\n\t<div id=\"ngg-image-1192\" class=\"ngg-gallery-thumbnail-box\" style=\"width:33%;\" >\r\n\t\t<div class=\"ngg-gallery-thumbnail\" >\r\n\t\t\t<a href=\"http:\/\/www.palitosdealamo.cl\/wp-content\/gallery\/caja-quaker\/caja-quaker-03.jpg\" title=\" \" class=\"shutterset_set_129\" >\r\n\t\t\t\t\t\t\t\t<img loading=\"lazy\" decoding=\"async\" title=\"caja-quaker-03\" alt=\"caja-quaker-03\" src=\"http:\/\/www.palitosdealamo.cl\/wp-content\/gallery\/caja-quaker\/thumbs\/thumbs_caja-quaker-03.jpg\" width=\"235\" height=\"156\" \/>\r\n\t\t\t\t\t\t\t<\/a>\r\n\t\t<\/div>\r\n\t<\/div>\r\n\t\r\n\t\t\t\t<br style=\"clear: both\" \/>\r\n\t\r\n \t \t\r\n\t<!-- Pagination -->\r\n \t<div class=\"ngg-clear\"><\/div> \t\r\n<\/div>\r\n\r\n\n\n\n\n<p class=\"has-text-align-center has-white-color has-text-color\">.<\/p>\n\n\n\n<h4 class=\"wp-block-heading\" style=\"font-size:24px\">Letrero de Terciado con Grabado L\u00e1ser<\/h4>\n\n\n\r\n<div class=\"ngg-galleryoverview\" id=\"ngg-gallery-114-384\">\r\n\r\n\t<!-- Slideshow link -->\r\n\t<div class=\"slideshowlink\">\r\n\t\t<a class=\"slideshowlink\" href=\"http:\/\/www.palitosdealamo.cl\/?page_id=384&amp;show=slide\">\r\n\t\t\t[Show as slideshow]\t\t<\/a>\r\n\t<\/div>\r\n\r\n\t\r\n\t<!-- Thumbnails -->\r\n\t\t\r\n\t<div id=\"ngg-image-1000\" class=\"ngg-gallery-thumbnail-box\" style=\"width:33%;\" >\r\n\t\t<div class=\"ngg-gallery-thumbnail\" >\r\n\t\t\t<a href=\"http:\/\/www.palitosdealamo.cl\/wp-content\/gallery\/letrero-chancaca-deliciosa\/letrero-chancaca-deliciosa-03.jpg\" title=\"letrero de madera con grabado laser para Chancaca Deliciosa\" class=\"shutterset_set_114\" >\r\n\t\t\t\t\t\t\t\t<img loading=\"lazy\" decoding=\"async\" title=\"letrero-chancaca-deliciosa-03\" alt=\"letrero-chancaca-deliciosa-03\" src=\"http:\/\/www.palitosdealamo.cl\/wp-content\/gallery\/letrero-chancaca-deliciosa\/thumbs\/thumbs_letrero-chancaca-deliciosa-03.jpg\" width=\"235\" height=\"156\" \/>\r\n\t\t\t\t\t\t\t<\/a>\r\n\t\t<\/div>\r\n\t<\/div>\r\n\t\r\n\t\t\r\n \t\t\r\n\t<div id=\"ngg-image-1001\" class=\"ngg-gallery-thumbnail-box\" style=\"width:33%;\" >\r\n\t\t<div class=\"ngg-gallery-thumbnail\" >\r\n\t\t\t<a href=\"http:\/\/www.palitosdealamo.cl\/wp-content\/gallery\/letrero-chancaca-deliciosa\/letrero-chancaca-deliciosa-04.jpg\" title=\"letrero de madera con grabado laser para Chancaca Deliciosa\" class=\"shutterset_set_114\" >\r\n\t\t\t\t\t\t\t\t<img loading=\"lazy\" decoding=\"async\" title=\"letrero-chancaca-deliciosa-04\" alt=\"letrero-chancaca-deliciosa-04\" src=\"http:\/\/www.palitosdealamo.cl\/wp-content\/gallery\/letrero-chancaca-deliciosa\/thumbs\/thumbs_letrero-chancaca-deliciosa-04.jpg\" width=\"235\" height=\"156\" \/>\r\n\t\t\t\t\t\t\t<\/a>\r\n\t\t<\/div>\r\n\t<\/div>\r\n\t\r\n\t\t\r\n \t\t\r\n\t<div id=\"ngg-image-999\" class=\"ngg-gallery-thumbnail-box\" style=\"width:33%;\" >\r\n\t\t<div class=\"ngg-gallery-thumbnail\" >\r\n\t\t\t<a href=\"http:\/\/www.palitosdealamo.cl\/wp-content\/gallery\/letrero-chancaca-deliciosa\/02-grabadolaser-letrero.jpg\" title=\"letrero de madera con grabado laser para Chancaca Deliciosa\" class=\"shutterset_set_114\" >\r\n\t\t\t\t\t\t\t\t<img loading=\"lazy\" decoding=\"async\" title=\"02-grabadolaser-letrero\" alt=\"02-grabadolaser-letrero\" src=\"http:\/\/www.palitosdealamo.cl\/wp-content\/gallery\/letrero-chancaca-deliciosa\/thumbs\/thumbs_02-grabadolaser-letrero.jpg\" width=\"235\" height=\"156\" \/>\r\n\t\t\t\t\t\t\t<\/a>\r\n\t\t<\/div>\r\n\t<\/div>\r\n\t\r\n\t\t\t\t<br style=\"clear: both\" \/>\r\n\t\r\n \t \t\r\n\t<!-- Pagination -->\r\n \t<div class=\"ngg-clear\"><\/div> \t\r\n<\/div>\r\n\r\n\n\n\n\n<p class=\"has-text-align-center has-white-color has-text-color\">.<\/p>\n\n\n\n<h4 class=\"wp-block-heading\" style=\"font-size:24px\">Restaurant Cocoa Sushi<\/h4>\n\n\n\n<h4 class=\"wp-block-heading has-medium-font-size\">Posa vasos de Madera&nbsp;con Gabado L\u00e1ser.<\/h4>\n\n\n\n<figure class=\"wp-block-image\"><img loading=\"lazy\" decoding=\"async\" width=\"800\" height=\"400\" src=\"http:\/\/www.palitosdealamo.cl\/wp-content\/uploads\/2016\/03\/posavasos-restaurant.jpg\" alt=\"\" class=\"wp-image-1457\" srcset=\"http:\/\/www.palitosdealamo.cl\/wp-content\/uploads\/2016\/03\/posavasos-restaurant.jpg 800w, http:\/\/www.palitosdealamo.cl\/wp-content\/uploads\/2016\/03\/posavasos-restaurant-300x150.jpg 300w, http:\/\/www.palitosdealamo.cl\/wp-content\/uploads\/2016\/03\/posavasos-restaurant-768x384.jpg 768w\" sizes=\"(max-width: 800px) 100vw, 800px\" \/><\/figure>\n\n\n\n<h4 class=\"wp-block-heading\" style=\"font-size:24px\">Mesa de Madera con estructura met\u00e1lica adosable&nbsp; la Pared<\/h4>\n\n\n<div class=\"wp-block-image\">\n<figure class=\"aligncenter\"><img loading=\"lazy\" decoding=\"async\" width=\"800\" height=\"600\" src=\"http:\/\/www.palitosdealamo.cl\/wp-content\/uploads\/2016\/03\/cocoa-mesas-restaurant.jpg\" alt=\"\" class=\"wp-image-1454\" srcset=\"http:\/\/www.palitosdealamo.cl\/wp-content\/uploads\/2016\/03\/cocoa-mesas-restaurant.jpg 800w, http:\/\/www.palitosdealamo.cl\/wp-content\/uploads\/2016\/03\/cocoa-mesas-restaurant-300x225.jpg 300w, http:\/\/www.palitosdealamo.cl\/wp-content\/uploads\/2016\/03\/cocoa-mesas-restaurant-768x576.jpg 768w\" sizes=\"(max-width: 800px) 100vw, 800px\" \/><\/figure><\/div>\n\n\n<p class=\"has-text-align-center has-white-color has-text-color\">.<\/p>\n\n\n\n<h4 class=\"wp-block-heading\" style=\"font-size:24px\">Fabricaci\u00f3n de&nbsp;Bandeja de Madera con Logo<\/h4>\n\n\n\r\n<div class=\"ngg-galleryoverview\" id=\"ngg-gallery-112-384\">\r\n\r\n\t<!-- Slideshow link -->\r\n\t<div class=\"slideshowlink\">\r\n\t\t<a class=\"slideshowlink\" href=\"http:\/\/www.palitosdealamo.cl\/?page_id=384&amp;show=slide\">\r\n\t\t\t[Show as slideshow]\t\t<\/a>\r\n\t<\/div>\r\n\r\n\t\r\n\t<!-- Thumbnails -->\r\n\t\t\r\n\t<div id=\"ngg-image-971\" class=\"ngg-gallery-thumbnail-box\" style=\"width:33%;\" >\r\n\t\t<div class=\"ngg-gallery-thumbnail\" >\r\n\t\t\t<a href=\"http:\/\/www.palitosdealamo.cl\/wp-content\/gallery\/bandeja-madera-fabricacion\/bandeja01.jpg\" title=\"bandeja de madera con metal para restaurante\" class=\"shutterset_set_112\" >\r\n\t\t\t\t\t\t\t\t<img loading=\"lazy\" decoding=\"async\" title=\"bandeja01\" alt=\"bandeja01\" src=\"http:\/\/www.palitosdealamo.cl\/wp-content\/gallery\/bandeja-madera-fabricacion\/thumbs\/thumbs_bandeja01.jpg\" width=\"235\" height=\"156\" \/>\r\n\t\t\t\t\t\t\t<\/a>\r\n\t\t<\/div>\r\n\t<\/div>\r\n\t\r\n\t\t\r\n \t\t\r\n\t<div id=\"ngg-image-972\" class=\"ngg-gallery-thumbnail-box\" style=\"width:33%;\" >\r\n\t\t<div class=\"ngg-gallery-thumbnail\" >\r\n\t\t\t<a href=\"http:\/\/www.palitosdealamo.cl\/wp-content\/gallery\/bandeja-madera-fabricacion\/bandeja02.jpg\" title=\"bandeja de madera con metal para restaurante\" class=\"shutterset_set_112\" >\r\n\t\t\t\t\t\t\t\t<img loading=\"lazy\" decoding=\"async\" title=\"bandeja02\" alt=\"bandeja02\" src=\"http:\/\/www.palitosdealamo.cl\/wp-content\/gallery\/bandeja-madera-fabricacion\/thumbs\/thumbs_bandeja02.jpg\" width=\"235\" height=\"156\" \/>\r\n\t\t\t\t\t\t\t<\/a>\r\n\t\t<\/div>\r\n\t<\/div>\r\n\t\r\n\t\t\r\n \t\t\r\n\t<div id=\"ngg-image-973\" class=\"ngg-gallery-thumbnail-box\" style=\"width:33%;\" >\r\n\t\t<div class=\"ngg-gallery-thumbnail\" >\r\n\t\t\t<a href=\"http:\/\/www.palitosdealamo.cl\/wp-content\/gallery\/bandeja-madera-fabricacion\/bandeja03.jpg\" title=\"bandeja de madera con metal para restaurante\" class=\"shutterset_set_112\" >\r\n\t\t\t\t\t\t\t\t<img loading=\"lazy\" decoding=\"async\" title=\"bandeja03\" alt=\"bandeja03\" src=\"http:\/\/www.palitosdealamo.cl\/wp-content\/gallery\/bandeja-madera-fabricacion\/thumbs\/thumbs_bandeja03.jpg\" width=\"235\" height=\"156\" \/>\r\n\t\t\t\t\t\t\t<\/a>\r\n\t\t<\/div>\r\n\t<\/div>\r\n\t\r\n\t\t\t\t<br style=\"clear: both\" \/>\r\n\t\r\n \t\t\r\n\t<div id=\"ngg-image-974\" class=\"ngg-gallery-thumbnail-box\" style=\"width:33%;\" >\r\n\t\t<div class=\"ngg-gallery-thumbnail\" >\r\n\t\t\t<a href=\"http:\/\/www.palitosdealamo.cl\/wp-content\/gallery\/bandeja-madera-fabricacion\/bandeja04.jpg\" title=\"bandeja de madera con metal para restaurante\" class=\"shutterset_set_112\" >\r\n\t\t\t\t\t\t\t\t<img loading=\"lazy\" decoding=\"async\" title=\"bandeja04\" alt=\"bandeja04\" src=\"http:\/\/www.palitosdealamo.cl\/wp-content\/gallery\/bandeja-madera-fabricacion\/thumbs\/thumbs_bandeja04.jpg\" width=\"235\" height=\"156\" \/>\r\n\t\t\t\t\t\t\t<\/a>\r\n\t\t<\/div>\r\n\t<\/div>\r\n\t\r\n\t\t\r\n \t\t\r\n\t<div id=\"ngg-image-975\" class=\"ngg-gallery-thumbnail-box\" style=\"width:33%;\" >\r\n\t\t<div class=\"ngg-gallery-thumbnail\" >\r\n\t\t\t<a href=\"http:\/\/www.palitosdealamo.cl\/wp-content\/gallery\/bandeja-madera-fabricacion\/bandeja05.jpg\" title=\"bandeja de madera con metal para restaurante\" class=\"shutterset_set_112\" >\r\n\t\t\t\t\t\t\t\t<img loading=\"lazy\" decoding=\"async\" title=\"bandeja05\" alt=\"bandeja05\" src=\"http:\/\/www.palitosdealamo.cl\/wp-content\/gallery\/bandeja-madera-fabricacion\/thumbs\/thumbs_bandeja05.jpg\" width=\"235\" height=\"156\" \/>\r\n\t\t\t\t\t\t\t<\/a>\r\n\t\t<\/div>\r\n\t<\/div>\r\n\t\r\n\t\t\r\n \t\t\r\n\t<div id=\"ngg-image-976\" class=\"ngg-gallery-thumbnail-box\" style=\"width:33%;\" >\r\n\t\t<div class=\"ngg-gallery-thumbnail\" >\r\n\t\t\t<a href=\"http:\/\/www.palitosdealamo.cl\/wp-content\/gallery\/bandeja-madera-fabricacion\/bandeja06.jpg\" title=\"bandeja de madera con metal para restaurante\" class=\"shutterset_set_112\" >\r\n\t\t\t\t\t\t\t\t<img loading=\"lazy\" decoding=\"async\" title=\"bandeja06\" alt=\"bandeja06\" src=\"http:\/\/www.palitosdealamo.cl\/wp-content\/gallery\/bandeja-madera-fabricacion\/thumbs\/thumbs_bandeja06.jpg\" width=\"235\" height=\"156\" \/>\r\n\t\t\t\t\t\t\t<\/a>\r\n\t\t<\/div>\r\n\t<\/div>\r\n\t\r\n\t\t\t\t<br style=\"clear: both\" \/>\r\n\t\r\n \t\t\r\n\t<div id=\"ngg-image-977\" class=\"ngg-gallery-thumbnail-box\" style=\"width:33%;\" >\r\n\t\t<div class=\"ngg-gallery-thumbnail\" >\r\n\t\t\t<a href=\"http:\/\/www.palitosdealamo.cl\/wp-content\/gallery\/bandeja-madera-fabricacion\/bandeja07.jpg\" title=\"bandeja de madera con metal para restaurante\" class=\"shutterset_set_112\" >\r\n\t\t\t\t\t\t\t\t<img loading=\"lazy\" decoding=\"async\" title=\"bandeja07\" alt=\"bandeja07\" src=\"http:\/\/www.palitosdealamo.cl\/wp-content\/gallery\/bandeja-madera-fabricacion\/thumbs\/thumbs_bandeja07.jpg\" width=\"235\" height=\"156\" \/>\r\n\t\t\t\t\t\t\t<\/a>\r\n\t\t<\/div>\r\n\t<\/div>\r\n\t\r\n\t\t\r\n \t \t\r\n\t<!-- Pagination -->\r\n \t<div class=\"ngg-clear\"><\/div> \t\r\n<\/div>\r\n\r\n\n\n\n\n<p class=\"has-text-align-center has-white-color has-text-color\">.<\/p>\n\n\n\n<h4 class=\"wp-block-heading\" style=\"font-size:24px\">Fabricaci\u00f3n de Posavasos de Madera<\/h4>\n\n\n\r\n<div class=\"ngg-galleryoverview\" id=\"ngg-gallery-113-384\">\r\n\r\n\t<!-- Slideshow link -->\r\n\t<div class=\"slideshowlink\">\r\n\t\t<a class=\"slideshowlink\" href=\"http:\/\/www.palitosdealamo.cl\/?page_id=384&amp;show=slide\">\r\n\t\t\t[Show as slideshow]\t\t<\/a>\r\n\t<\/div>\r\n\r\n\t\r\n\t<!-- Thumbnails -->\r\n\t\t\r\n\t<div id=\"ngg-image-978\" class=\"ngg-gallery-thumbnail-box\" style=\"width:33%;\" >\r\n\t\t<div class=\"ngg-gallery-thumbnail\" >\r\n\t\t\t<a href=\"http:\/\/www.palitosdealamo.cl\/wp-content\/gallery\/posavasos-madera-fabricacion\/posavasos01.jpg\" title=\"posavasos de madera para restaurante\" class=\"shutterset_set_113\" >\r\n\t\t\t\t\t\t\t\t<img loading=\"lazy\" decoding=\"async\" title=\"posavasos01\" alt=\"posavasos01\" src=\"http:\/\/www.palitosdealamo.cl\/wp-content\/gallery\/posavasos-madera-fabricacion\/thumbs\/thumbs_posavasos01.jpg\" width=\"235\" height=\"156\" \/>\r\n\t\t\t\t\t\t\t<\/a>\r\n\t\t<\/div>\r\n\t<\/div>\r\n\t\r\n\t\t\r\n \t\t\r\n\t<div id=\"ngg-image-979\" class=\"ngg-gallery-thumbnail-box\" style=\"width:33%;\" >\r\n\t\t<div class=\"ngg-gallery-thumbnail\" >\r\n\t\t\t<a href=\"http:\/\/www.palitosdealamo.cl\/wp-content\/gallery\/posavasos-madera-fabricacion\/posavasos02.jpg\" title=\"posavasos de madera para restaurante\" class=\"shutterset_set_113\" >\r\n\t\t\t\t\t\t\t\t<img loading=\"lazy\" decoding=\"async\" title=\"posavasos02\" alt=\"posavasos02\" src=\"http:\/\/www.palitosdealamo.cl\/wp-content\/gallery\/posavasos-madera-fabricacion\/thumbs\/thumbs_posavasos02.jpg\" width=\"235\" height=\"156\" \/>\r\n\t\t\t\t\t\t\t<\/a>\r\n\t\t<\/div>\r\n\t<\/div>\r\n\t\r\n\t\t\r\n \t\t\r\n\t<div id=\"ngg-image-980\" class=\"ngg-gallery-thumbnail-box\" style=\"width:33%;\" >\r\n\t\t<div class=\"ngg-gallery-thumbnail\" >\r\n\t\t\t<a href=\"http:\/\/www.palitosdealamo.cl\/wp-content\/gallery\/posavasos-madera-fabricacion\/posavasos03.jpg\" title=\"posavasos de madera para restaurante\" class=\"shutterset_set_113\" >\r\n\t\t\t\t\t\t\t\t<img loading=\"lazy\" decoding=\"async\" title=\"posavasos03\" alt=\"posavasos03\" src=\"http:\/\/www.palitosdealamo.cl\/wp-content\/gallery\/posavasos-madera-fabricacion\/thumbs\/thumbs_posavasos03.jpg\" width=\"235\" height=\"156\" \/>\r\n\t\t\t\t\t\t\t<\/a>\r\n\t\t<\/div>\r\n\t<\/div>\r\n\t\r\n\t\t\t\t<br style=\"clear: both\" \/>\r\n\t\r\n \t\t\r\n\t<div id=\"ngg-image-981\" class=\"ngg-gallery-thumbnail-box\" style=\"width:33%;\" >\r\n\t\t<div class=\"ngg-gallery-thumbnail\" >\r\n\t\t\t<a href=\"http:\/\/www.palitosdealamo.cl\/wp-content\/gallery\/posavasos-madera-fabricacion\/posavasos04.jpg\" title=\"posavasos de madera para restaurante\" class=\"shutterset_set_113\" >\r\n\t\t\t\t\t\t\t\t<img loading=\"lazy\" decoding=\"async\" title=\"posavasos04\" alt=\"posavasos04\" src=\"http:\/\/www.palitosdealamo.cl\/wp-content\/gallery\/posavasos-madera-fabricacion\/thumbs\/thumbs_posavasos04.jpg\" width=\"235\" height=\"156\" \/>\r\n\t\t\t\t\t\t\t<\/a>\r\n\t\t<\/div>\r\n\t<\/div>\r\n\t\r\n\t\t\r\n \t\t\r\n\t<div id=\"ngg-image-982\" class=\"ngg-gallery-thumbnail-box\" style=\"width:33%;\" >\r\n\t\t<div class=\"ngg-gallery-thumbnail\" >\r\n\t\t\t<a href=\"http:\/\/www.palitosdealamo.cl\/wp-content\/gallery\/posavasos-madera-fabricacion\/posavasos05.jpg\" title=\"posavasos de madera para restaurante\" class=\"shutterset_set_113\" >\r\n\t\t\t\t\t\t\t\t<img loading=\"lazy\" decoding=\"async\" title=\"posavasos05\" alt=\"posavasos05\" src=\"http:\/\/www.palitosdealamo.cl\/wp-content\/gallery\/posavasos-madera-fabricacion\/thumbs\/thumbs_posavasos05.jpg\" width=\"235\" height=\"156\" \/>\r\n\t\t\t\t\t\t\t<\/a>\r\n\t\t<\/div>\r\n\t<\/div>\r\n\t\r\n\t\t\r\n \t \t\r\n\t<!-- Pagination -->\r\n \t<div class=\"ngg-clear\"><\/div> \t\r\n<\/div>\r\n\r\n\n\n\n\n<h4 class=\"wp-block-heading\">&nbsp;<\/h4>\n\n\n\n<h4 class=\"wp-block-heading\" style=\"font-size:24px\">Baul de Madera con Ruedas y Logo Grabado<\/h4>\n\n\n\r\n<div class=\"ngg-galleryoverview\" id=\"ngg-gallery-102-384\">\r\n\r\n\t<!-- Slideshow link -->\r\n\t<div class=\"slideshowlink\">\r\n\t\t<a class=\"slideshowlink\" href=\"http:\/\/www.palitosdealamo.cl\/?page_id=384&amp;show=slide\">\r\n\t\t\t[Show as slideshow]\t\t<\/a>\r\n\t<\/div>\r\n\r\n\t\r\n\t<!-- Thumbnails -->\r\n\t\t\r\n\t<div id=\"ngg-image-829\" class=\"ngg-gallery-thumbnail-box\" style=\"width:33%;\" >\r\n\t\t<div class=\"ngg-gallery-thumbnail\" >\r\n\t\t\t<a href=\"http:\/\/www.palitosdealamo.cl\/wp-content\/gallery\/baul-madera-neyen\/01-baul-madera-ruedas.jpg\" title=\" \" class=\"shutterset_set_102\" >\r\n\t\t\t\t\t\t\t\t<img loading=\"lazy\" decoding=\"async\" title=\"01-baul-madera-ruedas\" alt=\"01-baul-madera-ruedas\" src=\"http:\/\/www.palitosdealamo.cl\/wp-content\/gallery\/baul-madera-neyen\/thumbs\/thumbs_01-baul-madera-ruedas.jpg\" width=\"500\" height=\"478\" \/>\r\n\t\t\t\t\t\t\t<\/a>\r\n\t\t<\/div>\r\n\t<\/div>\r\n\t\r\n\t\t\r\n \t\t\r\n\t<div id=\"ngg-image-830\" class=\"ngg-gallery-thumbnail-box\" style=\"width:33%;\" >\r\n\t\t<div class=\"ngg-gallery-thumbnail\" >\r\n\t\t\t<a href=\"http:\/\/www.palitosdealamo.cl\/wp-content\/gallery\/baul-madera-neyen\/02-baul-madera-ruedas.jpg\" title=\" \" class=\"shutterset_set_102\" >\r\n\t\t\t\t\t\t\t\t<img loading=\"lazy\" decoding=\"async\" title=\"02-baul-madera-ruedas\" alt=\"02-baul-madera-ruedas\" src=\"http:\/\/www.palitosdealamo.cl\/wp-content\/gallery\/baul-madera-neyen\/thumbs\/thumbs_02-baul-madera-ruedas.jpg\" width=\"500\" height=\"478\" \/>\r\n\t\t\t\t\t\t\t<\/a>\r\n\t\t<\/div>\r\n\t<\/div>\r\n\t\r\n\t\t\r\n \t\t\r\n\t<div id=\"ngg-image-831\" class=\"ngg-gallery-thumbnail-box\" style=\"width:33%;\" >\r\n\t\t<div class=\"ngg-gallery-thumbnail\" >\r\n\t\t\t<a href=\"http:\/\/www.palitosdealamo.cl\/wp-content\/gallery\/baul-madera-neyen\/03-baul-madera-ruedas.jpg\" title=\" \" class=\"shutterset_set_102\" >\r\n\t\t\t\t\t\t\t\t<img loading=\"lazy\" decoding=\"async\" title=\"03-baul-madera-ruedas\" alt=\"03-baul-madera-ruedas\" src=\"http:\/\/www.palitosdealamo.cl\/wp-content\/gallery\/baul-madera-neyen\/thumbs\/thumbs_03-baul-madera-ruedas.jpg\" width=\"500\" height=\"478\" \/>\r\n\t\t\t\t\t\t\t<\/a>\r\n\t\t<\/div>\r\n\t<\/div>\r\n\t\r\n\t\t\t\t<br style=\"clear: both\" \/>\r\n\t\r\n \t \t\r\n\t<!-- Pagination -->\r\n \t<div class=\"ngg-clear\"><\/div> \t\r\n<\/div>\r\n\r\n\n\n\n\n<p class=\"has-text-align-center has-white-color has-text-color\">.<\/p>\n\n\n\n<h4 class=\"wp-block-heading\" style=\"font-size:24px\">Alcuza para aceite y Aceto Bals\u00e1mico<\/h4>\n\n\n\r\n<div class=\"ngg-galleryoverview\" id=\"ngg-gallery-98-384\">\r\n\r\n\t<!-- Slideshow link -->\r\n\t<div class=\"slideshowlink\">\r\n\t\t<a class=\"slideshowlink\" href=\"http:\/\/www.palitosdealamo.cl\/?page_id=384&amp;show=slide\">\r\n\t\t\t[Show as slideshow]\t\t<\/a>\r\n\t<\/div>\r\n\r\n\t\r\n\t<!-- Thumbnails -->\r\n\t\t\r\n\t<div id=\"ngg-image-814\" class=\"ngg-gallery-thumbnail-box\" style=\"width:33%;\" >\r\n\t\t<div class=\"ngg-gallery-thumbnail\" >\r\n\t\t\t<a href=\"http:\/\/www.palitosdealamo.cl\/wp-content\/gallery\/alcuza-madera\/01-alcuza-marcado.jpg\" title=\" \" class=\"shutterset_set_98\" >\r\n\t\t\t\t\t\t\t\t<img loading=\"lazy\" decoding=\"async\" title=\"01-alcuza-marcado\" alt=\"01-alcuza-marcado\" src=\"http:\/\/www.palitosdealamo.cl\/wp-content\/gallery\/alcuza-madera\/thumbs\/thumbs_01-alcuza-marcado.jpg\" width=\"500\" height=\"478\" \/>\r\n\t\t\t\t\t\t\t<\/a>\r\n\t\t<\/div>\r\n\t<\/div>\r\n\t\r\n\t\t\r\n \t\t\r\n\t<div id=\"ngg-image-815\" class=\"ngg-gallery-thumbnail-box\" style=\"width:33%;\" >\r\n\t\t<div class=\"ngg-gallery-thumbnail\" >\r\n\t\t\t<a href=\"http:\/\/www.palitosdealamo.cl\/wp-content\/gallery\/alcuza-madera\/02-alcuza-taladrado.jpg\" title=\" \" class=\"shutterset_set_98\" >\r\n\t\t\t\t\t\t\t\t<img loading=\"lazy\" decoding=\"async\" title=\"02-alcuza-taladrado\" alt=\"02-alcuza-taladrado\" src=\"http:\/\/www.palitosdealamo.cl\/wp-content\/gallery\/alcuza-madera\/thumbs\/thumbs_02-alcuza-taladrado.jpg\" width=\"500\" height=\"478\" \/>\r\n\t\t\t\t\t\t\t<\/a>\r\n\t\t<\/div>\r\n\t<\/div>\r\n\t\r\n\t\t\r\n \t\t\r\n\t<div id=\"ngg-image-816\" class=\"ngg-gallery-thumbnail-box\" style=\"width:33%;\" >\r\n\t\t<div class=\"ngg-gallery-thumbnail\" >\r\n\t\t\t<a href=\"http:\/\/www.palitosdealamo.cl\/wp-content\/gallery\/alcuza-madera\/03-alcuza-etapas.jpg\" title=\" \" class=\"shutterset_set_98\" >\r\n\t\t\t\t\t\t\t\t<img loading=\"lazy\" decoding=\"async\" title=\"03-alcuza-etapas\" alt=\"03-alcuza-etapas\" src=\"http:\/\/www.palitosdealamo.cl\/wp-content\/gallery\/alcuza-madera\/thumbs\/thumbs_03-alcuza-etapas.jpg\" width=\"500\" height=\"478\" \/>\r\n\t\t\t\t\t\t\t<\/a>\r\n\t\t<\/div>\r\n\t<\/div>\r\n\t\r\n\t\t\t\t<br style=\"clear: both\" \/>\r\n\t\r\n \t\t\r\n\t<div id=\"ngg-image-817\" class=\"ngg-gallery-thumbnail-box\" style=\"width:33%;\" >\r\n\t\t<div class=\"ngg-gallery-thumbnail\" >\r\n\t\t\t<a href=\"http:\/\/www.palitosdealamo.cl\/wp-content\/gallery\/alcuza-madera\/04-alcuza-lijado.jpg\" title=\" \" class=\"shutterset_set_98\" >\r\n\t\t\t\t\t\t\t\t<img loading=\"lazy\" decoding=\"async\" title=\"04-alcuza-lijado\" alt=\"04-alcuza-lijado\" src=\"http:\/\/www.palitosdealamo.cl\/wp-content\/gallery\/alcuza-madera\/thumbs\/thumbs_04-alcuza-lijado.jpg\" width=\"500\" height=\"478\" \/>\r\n\t\t\t\t\t\t\t<\/a>\r\n\t\t<\/div>\r\n\t<\/div>\r\n\t\r\n\t\t\r\n \t\t\r\n\t<div id=\"ngg-image-818\" class=\"ngg-gallery-thumbnail-box\" style=\"width:33%;\" >\r\n\t\t<div class=\"ngg-gallery-thumbnail\" >\r\n\t\t\t<a href=\"http:\/\/www.palitosdealamo.cl\/wp-content\/gallery\/alcuza-madera\/05-alcuza-terminacion.jpg\" title=\" \" class=\"shutterset_set_98\" >\r\n\t\t\t\t\t\t\t\t<img loading=\"lazy\" decoding=\"async\" title=\"05-alcuza-terminacion\" alt=\"05-alcuza-terminacion\" src=\"http:\/\/www.palitosdealamo.cl\/wp-content\/gallery\/alcuza-madera\/thumbs\/thumbs_05-alcuza-terminacion.jpg\" width=\"500\" height=\"478\" \/>\r\n\t\t\t\t\t\t\t<\/a>\r\n\t\t<\/div>\r\n\t<\/div>\r\n\t\r\n\t\t\r\n \t\t\r\n\t<div id=\"ngg-image-819\" class=\"ngg-gallery-thumbnail-box\" style=\"width:33%;\" >\r\n\t\t<div class=\"ngg-gallery-thumbnail\" >\r\n\t\t\t<a href=\"http:\/\/www.palitosdealamo.cl\/wp-content\/gallery\/alcuza-madera\/06-alcuza-terminada.jpg\" title=\" \" class=\"shutterset_set_98\" >\r\n\t\t\t\t\t\t\t\t<img loading=\"lazy\" decoding=\"async\" title=\"06-alcuza-terminada\" alt=\"06-alcuza-terminada\" src=\"http:\/\/www.palitosdealamo.cl\/wp-content\/gallery\/alcuza-madera\/thumbs\/thumbs_06-alcuza-terminada.jpg\" width=\"500\" height=\"478\" \/>\r\n\t\t\t\t\t\t\t<\/a>\r\n\t\t<\/div>\r\n\t<\/div>\r\n\t\r\n\t\t\t\t<br style=\"clear: both\" \/>\r\n\t\r\n \t \t\r\n\t<!-- Pagination -->\r\n \t<div class=\"ngg-clear\"><\/div> \t\r\n<\/div>\r\n\r\n\n\n\n\n<p class=\"has-text-align-center has-white-color has-text-color\">.<\/p>\n\n\n\n<h4 class=\"wp-block-heading\" style=\"font-size:24px\">Hielera y Cerveza<\/h4>\n\n\n\r\n<div class=\"ngg-galleryoverview\" id=\"ngg-gallery-32-384\">\r\n\r\n\t<!-- Slideshow link -->\r\n\t<div class=\"slideshowlink\">\r\n\t\t<a class=\"slideshowlink\" href=\"http:\/\/www.palitosdealamo.cl\/?page_id=384&amp;show=slide\">\r\n\t\t\t[Show as slideshow]\t\t<\/a>\r\n\t<\/div>\r\n\r\n\t\r\n\t<!-- Thumbnails -->\r\n\t\t\r\n\t<div id=\"ngg-image-257\" class=\"ngg-gallery-thumbnail-box\" style=\"width:33%;\" >\r\n\t\t<div class=\"ngg-gallery-thumbnail\" >\r\n\t\t\t<a href=\"http:\/\/www.palitosdealamo.cl\/wp-content\/gallery\/cooler-3\/cooler00.jpg\" title=\" \" class=\"shutterset_set_32\" >\r\n\t\t\t\t\t\t\t\t<img loading=\"lazy\" decoding=\"async\" title=\"cooler00\" alt=\"cooler00\" src=\"http:\/\/www.palitosdealamo.cl\/wp-content\/gallery\/cooler-3\/thumbs\/thumbs_cooler00.jpg\" width=\"230\" height=\"400\" \/>\r\n\t\t\t\t\t\t\t<\/a>\r\n\t\t<\/div>\r\n\t<\/div>\r\n\t\r\n\t\t\r\n \t\t\r\n\t<div id=\"ngg-image-251\" class=\"ngg-gallery-thumbnail-box\" style=\"width:33%;\" >\r\n\t\t<div class=\"ngg-gallery-thumbnail\" >\r\n\t\t\t<a href=\"http:\/\/www.palitosdealamo.cl\/wp-content\/gallery\/cooler-3\/cooler01.jpg\" title=\" \" class=\"shutterset_set_32\" >\r\n\t\t\t\t\t\t\t\t<img loading=\"lazy\" decoding=\"async\" title=\"cooler01\" alt=\"cooler01\" src=\"http:\/\/www.palitosdealamo.cl\/wp-content\/gallery\/cooler-3\/thumbs\/thumbs_cooler01.jpg\" width=\"230\" height=\"400\" \/>\r\n\t\t\t\t\t\t\t<\/a>\r\n\t\t<\/div>\r\n\t<\/div>\r\n\t\r\n\t\t\r\n \t\t\r\n\t<div id=\"ngg-image-252\" class=\"ngg-gallery-thumbnail-box\" style=\"width:33%;\" >\r\n\t\t<div class=\"ngg-gallery-thumbnail\" >\r\n\t\t\t<a href=\"http:\/\/www.palitosdealamo.cl\/wp-content\/gallery\/cooler-3\/cooler02.jpg\" title=\" \" class=\"shutterset_set_32\" >\r\n\t\t\t\t\t\t\t\t<img loading=\"lazy\" decoding=\"async\" title=\"cooler02\" alt=\"cooler02\" src=\"http:\/\/www.palitosdealamo.cl\/wp-content\/gallery\/cooler-3\/thumbs\/thumbs_cooler02.jpg\" width=\"230\" height=\"400\" \/>\r\n\t\t\t\t\t\t\t<\/a>\r\n\t\t<\/div>\r\n\t<\/div>\r\n\t\r\n\t\t\t\t<br style=\"clear: both\" \/>\r\n\t\r\n \t\t\r\n\t<div id=\"ngg-image-253\" class=\"ngg-gallery-thumbnail-box\" style=\"width:33%;\" >\r\n\t\t<div class=\"ngg-gallery-thumbnail\" >\r\n\t\t\t<a href=\"http:\/\/www.palitosdealamo.cl\/wp-content\/gallery\/cooler-3\/cooler03.jpg\" title=\" \" class=\"shutterset_set_32\" >\r\n\t\t\t\t\t\t\t\t<img loading=\"lazy\" decoding=\"async\" title=\"cooler03\" alt=\"cooler03\" src=\"http:\/\/www.palitosdealamo.cl\/wp-content\/gallery\/cooler-3\/thumbs\/thumbs_cooler03.jpg\" width=\"230\" height=\"400\" \/>\r\n\t\t\t\t\t\t\t<\/a>\r\n\t\t<\/div>\r\n\t<\/div>\r\n\t\r\n\t\t\r\n \t\t\r\n\t<div id=\"ngg-image-256\" class=\"ngg-gallery-thumbnail-box\" style=\"width:33%;\" >\r\n\t\t<div class=\"ngg-gallery-thumbnail\" >\r\n\t\t\t<a href=\"http:\/\/www.palitosdealamo.cl\/wp-content\/gallery\/cooler-3\/cooler041.jpg\" title=\" \" class=\"shutterset_set_32\" >\r\n\t\t\t\t\t\t\t\t<img loading=\"lazy\" decoding=\"async\" title=\"cooler041\" alt=\"cooler041\" src=\"http:\/\/www.palitosdealamo.cl\/wp-content\/gallery\/cooler-3\/thumbs\/thumbs_cooler041.jpg\" width=\"230\" height=\"400\" \/>\r\n\t\t\t\t\t\t\t<\/a>\r\n\t\t<\/div>\r\n\t<\/div>\r\n\t\r\n\t\t\r\n \t\t\r\n\t<div id=\"ngg-image-258\" class=\"ngg-gallery-thumbnail-box\" style=\"width:33%;\" >\r\n\t\t<div class=\"ngg-gallery-thumbnail\" >\r\n\t\t\t<a href=\"http:\/\/www.palitosdealamo.cl\/wp-content\/gallery\/cooler-3\/d-bluemoon.jpg\" title=\" \" class=\"shutterset_set_32\" >\r\n\t\t\t\t\t\t\t\t<img loading=\"lazy\" decoding=\"async\" title=\"d-bluemoon\" alt=\"d-bluemoon\" src=\"http:\/\/www.palitosdealamo.cl\/wp-content\/gallery\/cooler-3\/thumbs\/thumbs_d-bluemoon.jpg\" width=\"230\" height=\"400\" \/>\r\n\t\t\t\t\t\t\t<\/a>\r\n\t\t<\/div>\r\n\t<\/div>\r\n\t\r\n\t\t\t\t<br style=\"clear: both\" \/>\r\n\t\r\n \t \t\r\n\t<!-- Pagination -->\r\n \t<div class=\"ngg-clear\"><\/div> \t\r\n<\/div>\r\n\r\n\n\n\n\n<p class=\"has-text-align-center has-white-color has-text-color\">.<\/p>\n\n\n\n<h4 class=\"wp-block-heading\" style=\"font-size:24px\">Grabado en Madera, Varios<\/h4>\n\n\n\r\n<div class=\"ngg-galleryoverview\" id=\"ngg-gallery-33-384\">\r\n\r\n\t<!-- Slideshow link -->\r\n\t<div class=\"slideshowlink\">\r\n\t\t<a class=\"slideshowlink\" href=\"http:\/\/www.palitosdealamo.cl\/?page_id=384&amp;show=slide\">\r\n\t\t\t[Show as slideshow]\t\t<\/a>\r\n\t<\/div>\r\n\r\n\t\r\n\t<!-- Thumbnails -->\r\n\t\t\r\n\t<div id=\"ngg-image-259\" class=\"ngg-gallery-thumbnail-box\" style=\"width:33%;\" >\r\n\t\t<div class=\"ngg-gallery-thumbnail\" >\r\n\t\t\t<a href=\"http:\/\/www.palitosdealamo.cl\/wp-content\/gallery\/especiales\/letrero-madera.png\" title=\" \" class=\"shutterset_set_33\" >\r\n\t\t\t\t\t\t\t\t<img loading=\"lazy\" decoding=\"async\" title=\"letrero-madera\" alt=\"letrero-madera\" src=\"http:\/\/www.palitosdealamo.cl\/wp-content\/gallery\/especiales\/thumbs\/thumbs_letrero-madera.png\" width=\"230\" height=\"288\" \/>\r\n\t\t\t\t\t\t\t<\/a>\r\n\t\t<\/div>\r\n\t<\/div>\r\n\t\r\n\t\t\r\n \t\t\r\n\t<div id=\"ngg-image-260\" class=\"ngg-gallery-thumbnail-box\" style=\"width:33%;\" >\r\n\t\t<div class=\"ngg-gallery-thumbnail\" >\r\n\t\t\t<a href=\"http:\/\/www.palitosdealamo.cl\/wp-content\/gallery\/especiales\/letrero-madera02.png\" title=\" \" class=\"shutterset_set_33\" >\r\n\t\t\t\t\t\t\t\t<img loading=\"lazy\" decoding=\"async\" title=\"letrero-madera02\" alt=\"letrero-madera02\" src=\"http:\/\/www.palitosdealamo.cl\/wp-content\/gallery\/especiales\/thumbs\/thumbs_letrero-madera02.png\" width=\"230\" height=\"288\" \/>\r\n\t\t\t\t\t\t\t<\/a>\r\n\t\t<\/div>\r\n\t<\/div>\r\n\t\r\n\t\t\r\n \t\t\r\n\t<div id=\"ngg-image-661\" class=\"ngg-gallery-thumbnail-box\" style=\"width:33%;\" >\r\n\t\t<div class=\"ngg-gallery-thumbnail\" >\r\n\t\t\t<a href=\"http:\/\/www.palitosdealamo.cl\/wp-content\/gallery\/especiales\/silla-logo_0.png\" title=\" \" class=\"shutterset_set_33\" >\r\n\t\t\t\t\t\t\t\t<img loading=\"lazy\" decoding=\"async\" title=\"silla-logo_0\" alt=\"silla-logo_0\" src=\"http:\/\/www.palitosdealamo.cl\/wp-content\/gallery\/especiales\/thumbs\/thumbs_silla-logo_0.png\" width=\"230\" height=\"288\" \/>\r\n\t\t\t\t\t\t\t<\/a>\r\n\t\t<\/div>\r\n\t<\/div>\r\n\t\r\n\t\t\t\t<br style=\"clear: both\" \/>\r\n\t\r\n \t \t\r\n\t<!-- Pagination -->\r\n \t<div class=\"ngg-clear\"><\/div> \t\r\n<\/div>\r\n\r\n\n\n\n\n<hr class=\"wp-block-separator has-alpha-channel-opacity is-style-dots\"\/>\n\n\n<div class=\"wp-block-image\">\n<figure class=\"aligncenter is-resized\"><a href=\"https:\/\/www.facebook.com\/palitosdealamo\/\" target=\"_blank\" rel=\"noopener noreferrer\"><img loading=\"lazy\" decoding=\"async\" width=\"300\" height=\"46\" src=\"http:\/\/www.palitosdealamo.cl\/wp-content\/uploads\/2014\/10\/boton-face02-300x46.jpg\" alt=\"\" class=\"wp-image-1009\" style=\"width:276px;height:43px\" srcset=\"http:\/\/www.palitosdealamo.cl\/wp-content\/uploads\/2014\/10\/boton-face02-300x46.jpg 300w, http:\/\/www.palitosdealamo.cl\/wp-content\/uploads\/2014\/10\/boton-face02.jpg 358w\" sizes=\"(max-width: 300px) 100vw, 300px\" \/><\/a><\/figure><\/div>","protected":false},"excerpt":{"rendered":"<p>En HT realizamos trabajos a pedido sobre distintos tipos de superficies. Cons\u00faltenos por su proyecto y cotice con nosotros. A continuaci\u00f3n presentamos una muestra de los proyectos desarrollados para nuestros clientes. El Grabado l\u00e1ser es ideal para el trabajo en madera y tambi\u00e9n distintos soportes. En Ht fabricamos su producto a la medida y se [&hellip;]<\/p>\n","protected":false},"author":1,"featured_media":0,"parent":0,"menu_order":0,"comment_status":"closed","ping_status":"closed","template":"","meta":{"content-type":"","footnotes":""},"_links":{"self":[{"href":"http:\/\/www.palitosdealamo.cl\/index.php?rest_route=\/wp\/v2\/pages\/384"}],"collection":[{"href":"http:\/\/www.palitosdealamo.cl\/index.php?rest_route=\/wp\/v2\/pages"}],"about":[{"href":"http:\/\/www.palitosdealamo.cl\/index.php?rest_route=\/wp\/v2\/types\/page"}],"author":[{"embeddable":true,"href":"http:\/\/www.palitosdealamo.cl\/index.php?rest_route=\/wp\/v2\/users\/1"}],"replies":[{"embeddable":true,"href":"http:\/\/www.palitosdealamo.cl\/index.php?rest_route=%2Fwp%2Fv2%2Fcomments&post=384"}],"version-history":[{"count":179,"href":"http:\/\/www.palitosdealamo.cl\/index.php?rest_route=\/wp\/v2\/pages\/384\/revisions"}],"predecessor-version":[{"id":4014,"href":"http:\/\/www.palitosdealamo.cl\/index.php?rest_route=\/wp\/v2\/pages\/384\/revisions\/4014"}],"wp:attachment":[{"href":"http:\/\/www.palitosdealamo.cl\/index.php?rest_route=%2Fwp%2Fv2%2Fmedia&parent=384"}],"curies":[{"name":"wp","href":"https:\/\/api.w.org\/{rel}","templated":true}]}}